{"id":2892,"date":"2020-01-26T12:33:02","date_gmt":"2020-01-26T12:33:02","guid":{"rendered":"https:\/\/zircimanufaktura.hu\/?page_id=2892"},"modified":"2021-12-08T15:40:42","modified_gmt":"2021-12-08T13:40:42","slug":"adatkezelesi-tajekoztato","status":"publish","type":"page","link":"https:\/\/zircimanufaktura.hu\/index.php\/adatkezelesi-tajekoztato\/","title":{"rendered":"Adatkezel\u00e9si t\u00e1j\u00e9koztat\u00f3"},"content":{"rendered":"[vc_row full_width=\"stretch_row\" el_id=\"adatkezelesi\"][vc_column][vc_empty_space height=\"100px\"][vc_column_text]\r\n<div><\/div>\r\n<p align=\"CENTER\"><span style=\"font-family: 'Calibri Light', serif;\"><span style=\"font-size: xx-large;\"><b>Adatkezel\u00e9si t\u00e1j\u00e9koztat\u00f3<\/b><\/span><\/span><\/p>\r\n<p align=\"CENTER\"><span style=\"font-family: 'Calibri Light', serif;\"><span style=\"font-size: large;\"><b>Az \u00e9rintett term\u00e9szetes szem\u00e9ly jogair\u00f3l<\/b><\/span><\/span><\/p>\r\n<p align=\"CENTER\"><span style=\"font-family: 'Calibri Light', serif;\"><span style=\"font-size: large;\"><b>szem\u00e9lyes adatai kezel\u00e9se vonatkoz\u00e1s\u00e1ban<\/b><\/span><\/span><\/p>\r\n<p align=\"CENTER\"><span style=\"font-family: 'Calibri Light', serif;\"><span style=\"font-size: xx-large;\"><b>Tartalomjegyz\u00e9k<\/b><\/span><\/span><\/p>\r\n<span style=\"font-family: 'Calibri Light', serif;\"><span style=\"font-size: large;\"><b>Bevezet\u00e9s<\/b><\/span><\/span>\r\n<p align=\"JUSTIFY\"><span style=\"font-family: 'Calibri Light', serif;\"><span style=\"font-size: large;\"><b>I. fejezet - Az adatkezel\u0151 megnevez\u00e9se<\/b><\/span><\/span><\/p>\r\n<p align=\"JUSTIFY\"><span style=\"font-family: 'Calibri Light', serif;\"><span style=\"font-size: large;\"><b>II. fejezet - Adatfeldolgoz\u00f3k megnevez\u00e9se<\/b><\/span><\/span><\/p>\r\n<p align=\"JUSTIFY\"><span style=\"font-family: 'Calibri Light', serif;\">1. Szervezet\u00fcnk IT szolg\u00e1ltat\u00f3ja<\/span><\/p>\r\n<p align=\"JUSTIFY\"><span style=\"font-family: 'Calibri Light', serif;\">2. Szervezet\u00fcnk k\u00f6nyvviteli szolg\u00e1ltat\u00f3ja<\/span><\/p>\r\n<p align=\"JUSTIFY\"><span style=\"font-family: 'Calibri Light', serif;\">3. Postai szolg\u00e1ltat\u00e1sok, k\u00e9zbes\u00edt\u00e9s, csomagk\u00fcld\u00e9s<\/span><\/p>\r\n<p align=\"JUSTIFY\"><span style=\"font-family: 'Calibri Light', serif;\">4. Szervezet foglalkoztat\u00e1s eg\u00e9szs\u00e9g\u00fcgyi megb\u00edzottja<\/span><\/p>\r\n<p align=\"JUSTIFY\"><span style=\"font-family: 'Calibri Light', serif;\">5. Szervezet\u00fcnk vagyonv\u00e9delmi felel\u0151se<\/span><\/p>\r\n<p align=\"JUSTIFY\"><span style=\"font-family: 'Calibri Light', serif;\">6. Szervezet t\u0171zv\u00e9delmi felel\u0151se<\/span><\/p>\r\n<p align=\"JUSTIFY\"><span style=\"font-family: 'Calibri Light', serif;\">7. Szervezet\u00fcnk munkav\u00e9delmi felel\u0151se<\/span><\/p>\r\n<p align=\"JUSTIFY\"><span style=\"font-family: 'Calibri Light', serif;\">8. Szervezet\u00fcnk jogi \u00fcgyint\u00e9z\u0151je<\/span><\/p>\r\n<p align=\"JUSTIFY\"><span style=\"font-family: 'Calibri Light', serif;\">9. Szervezet\u00fcnk k\u00f6nyvvizsg\u00e1l\u00f3ja<\/span><\/p>\r\n<p align=\"JUSTIFY\"><span style=\"font-family: 'Calibri Light', serif;\">10. Szervezet\u00fcnk informatikai megb\u00edzottja<\/span><\/p>\r\n<p align=\"JUSTIFY\"><span style=\"font-family: 'Calibri Light', serif;\">11. Szervezet\u00fcnk honlap karbantart\u00e1s\u00e9rt felel\u0151s megb\u00edzottja<\/span><\/p>\r\n<p align=\"JUSTIFY\"><span style=\"font-family: 'Calibri Light', serif;\"><span style=\"font-size: large;\"><b>III. fejezet - Munkaviszonnyal kapcsolatos adatkezel\u00e9sek<\/b><\/span><\/span><\/p>\r\n<p align=\"JUSTIFY\"><a name=\"_Hlk19006445\"><\/a><span style=\"font-family: 'Calibri Light', serif;\">1. Munka\u00fcgyi, szem\u00e9lyzeti nyilv\u00e1ntart\u00e1s\u00a0<\/span><span style=\"font-family: 'Calibri Light', serif;\">szem\u00e9lyes adatainak kezel\u00e9se<\/span><\/p>\r\n<p align=\"JUSTIFY\"><span style=\"font-family: 'Calibri Light', serif;\">2. Alkalmass\u00e1gi vizsg\u00e1latokkal kapcsolatos adatkezel\u00e9s<\/span><\/p>\r\n<p align=\"JUSTIFY\"><span style=\"font-family: 'Calibri Light', serif;\">3. Felv\u00e9telre jelentkez\u0151 munkav\u00e1llal\u00f3k adatainak kezel\u00e9se, p\u00e1ly\u00e1zatok, \u00f6n\u00e9letrajzok<\/span><\/p>\r\n<p align=\"JUSTIFY\"><span style=\"font-family: 'Calibri Light', serif;\">4. E-mail fi\u00f3k haszn\u00e1lat\u00e1nak ellen\u0151rz\u00e9s\u00e9vel kapcsolatos adatkezel\u00e9s<\/span><\/p>\r\n<p align=\"JUSTIFY\"><span style=\"font-family: 'Calibri Light', serif;\">5. Sz\u00e1m\u00edt\u00f3g\u00e9p, laptop, tablet ellen\u0151rz\u00e9s\u00e9vel kapcsolatos adatkezel\u00e9s<\/span><\/p>\r\n<p align=\"JUSTIFY\"><span style=\"font-family: 'Calibri Light', serif;\">6. A munkahelyi internethaszn\u00e1lat ellen\u0151rz\u00e9s\u00e9vel kapcsolatos adatkezel\u00e9s<\/span><\/p>\r\n<p align=\"JUSTIFY\"><span style=\"font-family: 'Calibri Light', serif;\">7. C\u00e9ges mobiltelefon haszn\u00e1lat\u00e1nak ellen\u0151rz\u00e9s\u00e9vel kapcsolatos adatkezel\u00e9s<\/span><\/p>\r\n<p align=\"JUSTIFY\"><span style=\"font-family: 'Calibri Light', serif;\">8. Munkahelyi be- \u00e9s kil\u00e9ptet\u00e9ssel kapcsolatos adatkezel\u00e9s<\/span><\/p>\r\n<p align=\"JUSTIFY\"><span style=\"font-family: 'Calibri Light', serif;\">9. Munkahelyi kamer\u00e1s megfigyel\u0151rendszerrel kapcsolatos adatkezel\u00e9s<\/span><\/p>\r\n<p align=\"JUSTIFY\"><span style=\"font-family: 'Calibri Light', serif;\"><span style=\"font-size: large;\"><b>IV. fejezet - Szerz\u0151d\u00e9shez kapcsol\u00f3d\u00f3 adatkezel\u00e9sek<\/b><\/span><\/span><\/p>\r\n<p align=\"JUSTIFY\"><span style=\"font-family: 'Calibri Light', serif;\">1. Szerz\u0151d\u0151 partnerek adatainak kezel\u00e9se<\/span><\/p>\r\n<p align=\"JUSTIFY\"><span style=\"color: #000000;\"><span style=\"font-family: 'Calibri Light', serif;\">2. Jogi szem\u00e9ly partnerek, term\u00e9szetes szem\u00e9ly k\u00e9pvisel\u0151inek el\u00e9rhet\u0151s\u00e9gi adatai<\/span><\/span><\/p>\r\n<p align=\"JUSTIFY\"><span style=\"font-family: 'Calibri Light', serif;\">3. L\u00e1togat\u00f3i adatkezel\u00e9s A Szervezet honlapj\u00e1n \u2013<\/span><\/p>\r\n<p align=\"JUSTIFY\"><span style=\"font-family: 'Calibri Light', serif;\">4.\u00a0<\/span><span style=\"font-family: 'Calibri Light', serif;\">T\u00e1j\u00e9koztat\u00e1s s\u00fctik (cookie) alkalmaz\u00e1s\u00e1r\u00f3l<\/span><\/p>\r\n<p align=\"JUSTIFY\"><span style=\"font-family: 'Calibri Light', serif;\">5. Regisztr\u00e1ci\u00f3 a Szervezet honlapj\u00e1n<\/span><\/p>\r\n<p align=\"JUSTIFY\"><span style=\"font-family: 'Calibri Light', serif;\">6. H\u00edrlev\u00e9l szolg\u00e1ltat\u00e1shoz kapcsol\u00f3d\u00f3 adatkezel\u00e9s<\/span><\/p>\r\n<span style=\"font-family: 'Calibri Light', serif;\">7. K\u00f6z\u00f6ss\u00e9gi ir\u00e1nyelvek \/ Adatkezel\u00e9s A Szervezet Facebook oldal\u00e1n<\/span>\r\n<p align=\"JUSTIFY\"><span style=\"font-family: 'Calibri Light', serif;\"><span style=\"font-size: large;\"><b>V. fejezet - Jogi k\u00f6telezetts\u00e9gen alapul\u00f3 adatkezel\u00e9sek<\/b><\/span><\/span><\/p>\r\n<p align=\"JUSTIFY\"><span style=\"font-family: 'Calibri Light', serif;\">1. Adatkezel\u00e9s ad\u00f3- \u00e9s sz\u00e1mviteli k\u00f6telezetts\u00e9gek teljes\u00edt\u00e9se c\u00e9lj\u00e1b\u00f3l<\/span><\/p>\r\n<p align=\"JUSTIFY\"><span style=\"font-family: 'Calibri Light', serif;\">2. Kifizet\u0151i adatkezel\u00e9s<\/span><\/p>\r\n<p align=\"JUSTIFY\"><span style=\"color: #000000;\"><span style=\"font-family: 'Calibri Light', serif;\">3.\u00a0<\/span><\/span><span style=\"font-family: 'Calibri Light', serif;\">A Lev\u00e9lt\u00e1ri t\u00f6rv\u00e9ny szerint maradand\u00f3 \u00e9rt\u00e9k\u0171 iratokra vonatkoz\u00f3 adatkezel\u00e9s<\/span><\/p>\r\n<p align=\"JUSTIFY\"><span style=\"font-family: 'Calibri Light', serif;\">4. Adatkezel\u00e9s p\u00e9nzmos\u00e1s elleni k\u00f6telezetts\u00e9gek teljes\u00edt\u00e9se c\u00e9lj\u00e1b\u00f3l<\/span><\/p>\r\n<p align=\"JUSTIFY\"><span style=\"font-family: 'Calibri Light', serif;\"><span style=\"font-size: large;\"><b>VI. fejezet - \u00d6sszefoglal\u00f3 t\u00e1j\u00e9koztat\u00e1s az \u00e9rintett jogair\u00f3l<\/b><\/span><\/span><\/p>\r\n<p align=\"JUSTIFY\"><span style=\"font-family: 'Calibri Light', serif;\"><span style=\"font-size: large;\"><b>VII. fejezet - R\u00e9szletes t\u00e1j\u00e9koztat\u00e1s az \u00e9rintett jogair\u00f3l<\/b><\/span><\/span><\/p>\r\n<p align=\"JUSTIFY\"><span style=\"font-family: 'Calibri Light', serif;\"><span style=\"font-size: large;\"><b>VIII. fejezet - Az \u00e9rintett k\u00e9relm\u00e9nek el\u0151terjeszt\u00e9se, az adatkezel\u0151 int\u00e9zked\u00e9sei<\/b><\/span><\/span><\/p>\r\n<p align=\"CENTER\"><span style=\"font-family: 'Calibri Light', serif;\"><span style=\"font-size: x-large;\"><b>Bevezet\u00e9s<\/b><\/span><\/span><\/p>\r\n<p align=\"JUSTIFY\"><span style=\"font-family: 'Calibri Light', serif;\"><i>A term\u00e9szetes szem\u00e9lyeknek a szem\u00e9lyes adatok kezel\u00e9se tekintet\u00e9ben t\u00f6rt\u00e9n\u0151 v\u00e9delm\u00e9r\u0151l \u00e9s az ilyen adatok szabad \u00e1raml\u00e1s\u00e1r\u00f3l, valamint a 95\/46\/EK rendelet hat\u00e1lyon k\u00edv\u00fcl helyez\u00e9s\u00e9r\u0151l sz\u00f3l\u00f3<\/i><\/span><span style=\"font-family: 'Calibri Light', serif;\"><i>\u00a0<\/i><\/span><span style=\"font-family: 'Calibri Light', serif;\"><i>AZ EUR\u00d3PAI PARLAMENT \u00c9S A TAN\u00c1CS (EU) 2016\/679 RENDELETE (a tov\u00e1bbiakban: Rendelet)\u00a0<\/i><\/span><span style=\"font-family: 'Calibri Light', serif;\"><i>el\u0151\u00edrja, hogy az Adatkezel\u0151 megfelel\u0151 int\u00e9zked\u00e9seket hoz annak \u00e9rdek\u00e9ben, hogy az \u00e9rintett r\u00e9sz\u00e9re a szem\u00e9lyes adatok kezel\u00e9s\u00e9re vonatkoz\u00f3, minden egyes t\u00e1j\u00e9koztat\u00e1st t\u00f6m\u00f6r, \u00e1tl\u00e1that\u00f3, \u00e9rthet\u0151 \u00e9s k\u00f6nnyen hozz\u00e1f\u00e9rhet\u0151 form\u00e1ban, vil\u00e1gosan \u00e9s k\u00f6z\u00e9rthet\u0151en megfogalmazva ny\u00fajtsa, tov\u00e1bb\u00e1 hogy az Adatkezel\u0151 el\u0151seg\u00edti az \u00e9rintett jogainak a gyakorl\u00e1s\u00e1t.<\/i><\/span><\/p>\r\n<p align=\"JUSTIFY\"><span style=\"font-family: 'Calibri Light', serif;\"><i>Az \u00e9rintett el\u0151zetes t\u00e1j\u00e9koztat\u00e1si k\u00f6telezetts\u00e9g\u00e9t az inform\u00e1ci\u00f3s \u00f6nrendelkez\u00e9si jogr\u00f3l \u00e9s az inform\u00e1ci\u00f3szabads\u00e1gr\u00f3l 2011. \u00e9vi CXII. t\u00f6rv\u00e9ny is el\u0151\u00edrja.<\/i><\/span><\/p>\r\n<p align=\"JUSTIFY\"><span style=\"font-family: 'Calibri Light', serif;\"><i>Az al\u00e1bbiakban olvashat\u00f3 t\u00e1j\u00e9koztat\u00e1ssal e jogszab\u00e1lyi k\u00f6telezetts\u00e9g\u00fcnknek tesz\u00fcnk eleget.<\/i><\/span><\/p>\r\n<p align=\"JUSTIFY\"><span style=\"font-family: 'Calibri Light', serif;\"><i>A t\u00e1j\u00e9koztat\u00e1st k\u00f6zz\u00e9 kell tenni A Szervezet honlapj\u00e1n, vagy az \u00e9rintett szem\u00e9ly r\u00e9sz\u00e9re k\u00e9r\u00e9s\u00e9re meg kell k\u00fcldeni!<\/i><\/span><\/p>\r\n<p align=\"CENTER\"><span style=\"font-family: 'Calibri Light', serif;\"><span style=\"font-size: large;\"><b>I. fejezet<\/b><\/span><\/span><\/p>\r\n<p align=\"CENTER\"><span style=\"font-family: 'Calibri Light', serif;\"><span style=\"font-size: large;\"><b>Az adatkezel\u0151 \/ adatfeldolgoz\u00f3 megnevez\u00e9se<\/b><\/span><\/span><\/p>\r\n<p align=\"JUSTIFY\"><span style=\"font-family: 'Calibri Light', serif;\">E t\u00e1j\u00e9koztat\u00e1s kiad\u00f3ja, egyben az Adatkezel\u0151:<\/span><\/p>\r\n<p align=\"JUSTIFY\"><a name=\"_Hlk19266517\"><\/a><a name=\"_Hlk19266461\"><\/a><span style=\"font-family: 'Calibri Light', serif;\"><span style=\"font-size: large;\">Szervezet neve:\u00a0<\/span><\/span><span style=\"font-family: 'Calibri Light', serif;\"><span style=\"font-size: large;\"><b>Zirci Ap\u00e1ts\u00e1gi Manufakt\u00fara Kft.<\/b><\/span><\/span><\/p>\r\n<p align=\"JUSTIFY\"><span style=\"font-family: 'Calibri Light', serif;\"><span style=\"font-size: large;\">Sz\u00e9khely: 8420 Zirc, R\u00e1k\u00f3czi t\u00e9r 1<\/span><\/span><\/p>\r\n<p align=\"JUSTIFY\"><span style=\"font-family: 'Calibri Light', serif;\"><span style=\"font-size: large;\">Ad\u00f3sz\u00e1m: 25171651-2-19<\/span><\/span><\/p>\r\n<p align=\"JUSTIFY\"><span style=\"font-family: 'Calibri Light', serif;\"><span style=\"font-size: large;\">E-mail c\u00edme: iroda@zircimanufaktura.hu<\/span><\/span><\/p>\r\n<p align=\"JUSTIFY\"><span style=\"font-family: 'Calibri Light', serif;\"><span style=\"font-size: large;\">Honlap: https:\/\/zircimanufaktura.hu\/<\/span><\/span><\/p>\r\n<p align=\"JUSTIFY\"><span style=\"font-family: 'Calibri Light', serif;\"><span style=\"font-size: large;\">K\u00e9pviseli:\u00a0<\/span><\/span><span style=\"font-family: 'Calibri Light', serif;\"><span style=\"font-size: large;\"><b>Marton Antal Gy\u00f6rgy<\/b><\/span><\/span><\/p>\r\n<p align=\"JUSTIFY\"><span style=\"font-family: 'Calibri Light', serif;\"><b>(a tov\u00e1bbiakban: Szervezet)<\/b><\/span><\/p>\r\n<p align=\"CENTER\"><span style=\"font-family: 'Calibri Light', serif;\"><span style=\"font-size: large;\"><b>II. fejezet<\/b><\/span><\/span><\/p>\r\n<p align=\"CENTER\"><span style=\"font-family: 'Calibri Light', serif;\"><span style=\"font-size: large;\"><b>Adatfeldolgoz\u00f3k megnevez\u00e9se<\/b><\/span><\/span><\/p>\r\n&nbsp;\r\n\r\n<span style=\"font-family: 'Calibri Light', serif;\">Adatfeldolgoz\u00f3: a<\/span><span style=\"color: #000000;\"><span style=\"font-family: 'Calibri Light', serif;\">z a term\u00e9szetes vagy jogi szem\u00e9ly, k\u00f6zhatalmi szerv, \u00fcgyn\u00f6ks\u00e9g vagy b\u00e1rmely egy\u00e9b szerv, amely az adatkezel\u0151 nev\u00e9ben szem\u00e9lyes adatokat kezel;<\/span><\/span>\r\n\r\n<span style=\"color: #000000;\"><span style=\"font-family: 'Calibri Light', serif;\"><b>(Rendelet 4. cikk 8.)<\/b><\/span><\/span>\r\n\r\n<span style=\"font-family: 'Calibri Light', serif;\">Az adatfeldolgoz\u00f3 ig\u00e9nybev\u00e9tel\u00e9hez nem kell az \u00e9rintett el\u0151zetes beleegyez\u00e9se, de sz\u00fcks\u00e9ges a t\u00e1j\u00e9koztat\u00e1sa. Ennek megfelel\u0151en a k\u00f6vetkez\u0151 t\u00e1j\u00e9koztat\u00e1st adjuk:<\/span>\r\n<p align=\"JUSTIFY\"><span style=\"font-family: 'Calibri Light', serif;\"><span style=\"font-size: large;\"><b>1. Szervezet\u00fcnk IT szolg\u00e1ltat\u00f3ja<\/b><\/span><\/span><\/p>\r\n<p align=\"JUSTIFY\"><span style=\"font-family: 'Calibri Light', serif;\">Szervezet\u00fcnk a honlapja fenntart\u00e1s\u00e1hoz \u00e9s kezel\u00e9s\u00e9hez adatfeldolgoz\u00f3t vesz ig\u00e9nybe, aki az IT szolg\u00e1ltat\u00e1sokat (t\u00e1rhelyszolg\u00e1ltat\u00e1s) biztos\u00edtja, \u00e9s ennek keret\u00e9ben \u2013 a vele fenn\u00e1ll\u00f3 szerz\u0151d\u00e9s\u00fcnk tartam\u00e1ig - kezeli a honlapon megadott szem\u00e9lyes adatokat, az \u00e1ltala v\u00e9gzett m\u0171velet a szem\u00e9lyes adatok t\u00e1rol\u00e1sa a szerveren.<\/span><\/p>\r\n<p align=\"JUSTIFY\"><span style=\"font-family: 'Calibri Light', serif;\">Ezen adatfeldolgoz\u00f3 megnevez\u00e9se a k\u00f6vetkez\u0151:<\/span><\/p>\r\n<p align=\"JUSTIFY\"><a name=\"_Hlk19265077\"><\/a><span style=\"font-family: 'Calibri Light', serif;\"><b>C\u00e9gn\u00e9v:\u00a0<\/b><\/span><span style=\"font-family: 'Calibri Light', serif;\"><span style=\"font-size: large;\"><b>Rachkhost Zrt.<\/b><\/span><\/span><b><\/b><\/p>\r\n<p align=\"JUSTIFY\"><span style=\"font-family: 'Calibri Light', serif;\"><b>Sz\u00e9khely: 6722 Szeged, Tisza Lajos k\u00f6r\u00fa 41.<\/b><\/span><\/p>\r\n<p align=\"JUSTIFY\"><span style=\"font-family: 'Calibri Light', serif;\"><b>C\u00e9gjegyz\u00e9ksz\u00e1m: 06-10-000489<\/b><\/span><\/p>\r\n<p align=\"JUSTIFY\"><span style=\"font-family: 'Calibri Light', serif;\"><b>Ad\u00f3sz\u00e1m: 25333572-2-06<\/b><\/span><\/p>\r\n<p align=\"JUSTIFY\"><span style=\"font-family: 'Calibri Light', serif;\"><b>K\u00e9pvisel\u0151: -<\/b><\/span><\/p>\r\n<p align=\"JUSTIFY\"><span style=\"font-family: 'Calibri Light', serif;\"><b>Telefonsz\u00e1m: -<\/b><\/span><\/p>\r\n<p align=\"JUSTIFY\"><span style=\"font-family: 'Calibri Light', serif;\"><b>E-mail c\u00edm: info@rackhost.hu<\/b><\/span><\/p>\r\n<p align=\"JUSTIFY\"><span style=\"font-family: 'Calibri Light', serif;\"><span style=\"font-size: large;\"><b>2. Szervezet\u00fcnk k\u00f6nyvviteli szolg\u00e1ltat\u00f3ja<\/b><\/span><\/span><\/p>\r\n<p align=\"JUSTIFY\"><span style=\"font-family: 'Calibri Light', serif;\">Szervezet\u00fcnk az ad\u00f3 \u00e9s sz\u00e1mviteli k\u00f6telezetts\u00e9gei teljes\u00edt\u00e9s\u00e9hez k\u00f6nyvviteli szolg\u00e1ltat\u00f3i szerz\u0151d\u00e9ssel k\u00fcls\u0151 szolg\u00e1ltat\u00f3t vesz ig\u00e9nybe, aki kezeli A Szervezet\u00fcnkkel szerz\u0151d\u00e9ses, vagy kifizet\u0151i kapcsolatba lev\u0151 term\u00e9szetes szem\u00e9lyek szem\u00e9lyes adatait is, A Szervezet\u00fcnket terhel\u0151 ad\u00f3 \u00e9s sz\u00e1mviteli k\u00f6telezetts\u00e9gek teljes\u00edt\u00e9se c\u00e9lj\u00e1b\u00f3l.<\/span><b><\/b><\/p>\r\n<p align=\"JUSTIFY\"><b><\/b><span style=\"font-family: 'Calibri Light', serif;\">Ezen adatfeldolgoz\u00f3 megnevez\u00e9se a k\u00f6vetkez\u0151:<\/span><\/p>\r\n<p align=\"JUSTIFY\"><span style=\"font-family: 'Calibri Light', serif;\"><b>C\u00e9gn\u00e9v:\u00a0<\/b><\/span><span style=\"font-family: 'Calibri Light', serif;\"><span style=\"font-size: large;\"><b>Ciszterci Vagyonkezel\u0151 Kft.<\/b><\/span><\/span><b><\/b><\/p>\r\n<p align=\"JUSTIFY\"><span style=\"font-family: 'Calibri Light', serif;\"><b>Sz\u00e9khely: 8420 Zirc, R\u00e1k\u00f3czi t\u00e9r 1.<\/b><\/span><\/p>\r\n<p align=\"JUSTIFY\"><span style=\"font-family: 'Calibri Light', serif;\"><b>C\u00e9gjegyz\u00e9ksz\u00e1m: 19-09-519557<\/b><\/span><\/p>\r\n<p align=\"JUSTIFY\"><span style=\"font-family: 'Calibri Light', serif;\"><b>Ad\u00f3sz\u00e1m: 25276237-2-19<\/b><\/span><\/p>\r\n<p align=\"JUSTIFY\"><span style=\"font-family: 'Calibri Light', serif;\"><b>K\u00e9pvisel\u0151: Kiss G\u00e1bor<\/b><\/span><\/p>\r\n<p align=\"JUSTIFY\"><span style=\"font-family: 'Calibri Light', serif;\"><b>Telefonsz\u00e1m: -<\/b><\/span><\/p>\r\n<p align=\"JUSTIFY\"><span style=\"font-family: 'Calibri Light', serif;\"><span style=\"font-size: large;\"><b>3. Postai szolg\u00e1ltat\u00e1sok, k\u00e9zbes\u00edt\u00e9s, csomagk\u00fcld\u00e9s<\/b><\/span><\/span><\/p>\r\n<p align=\"JUSTIFY\"><span style=\"font-family: 'Calibri Light', serif;\">Ezen adatfeldolgoz\u00f3k Szervezet\u00fcnkt\u0151l megkapj\u00e1k a megrendelt term\u00e9k k\u00e9zbes\u00edt\u00e9s\u00e9hez sz\u00fcks\u00e9ges szem\u00e9lyes adatokat (\u00e9rintett neve, c\u00edme, telefonsz\u00e1ma), \u00e9s ennek felhaszn\u00e1l\u00e1s\u00e1val kisz\u00e1ll\u00edtja a term\u00e9ket.<\/span><\/p>\r\n<p align=\"JUSTIFY\"><span style=\"font-family: 'Calibri Light', serif;\">Ezen szolg\u00e1ltat\u00f3\u00a0<\/span><span style=\"font-family: 'Calibri Light', serif;\">megnevez\u00e9se a k\u00f6vetkez\u0151:<\/span><\/p>\r\n<p align=\"JUSTIFY\"><span style=\"font-family: 'Calibri Light', serif;\"><b>C\u00e9gn\u00e9v:\u00a0<\/b><\/span><span style=\"font-family: 'Calibri Light', serif;\"><span style=\"font-size: large;\"><b>MAGYAR POSTA<\/b><\/span><\/span><\/p>\r\n<p align=\"JUSTIFY\"><span style=\"font-family: 'Calibri Light', serif;\"><b>Sz\u00e9khely: 1138 Budapest,\u00a0<\/b><\/span><span style=\"color: #000000;\"><span style=\"font-family: 'Calibri Light', serif;\"><b>Dunavir\u00e1g utca 2-6.<\/b><\/span><\/span><\/p>\r\n<p align=\"JUSTIFY\"><span style=\"font-family: 'Calibri Light', serif;\"><b>C\u00e9gjegyz\u00e9ksz\u00e1m:\u00a0<\/b><\/span><span style=\"color: #000000;\"><span style=\"font-family: 'Calibri Light', serif;\"><b>01-10-042463<\/b><\/span><\/span><\/p>\r\n<p align=\"JUSTIFY\"><span style=\"color: #000000;\"><span style=\"font-family: 'Calibri Light', serif;\"><b>Statisztikai sz\u00e1mjel: 10901232-5310-114-01<\/b><\/span><\/span><\/p>\r\n<p align=\"JUSTIFY\"><span style=\"color: #000000;\"><span style=\"font-family: 'Calibri Light', serif;\"><b>Ad\u00f3igazgat\u00e1si sz\u00e1m: 10901232-2-44<\/b><\/span><\/span><\/p>\r\n<p align=\"JUSTIFY\"><span style=\"color: #000000;\"><span style=\"font-family: 'Calibri Light', serif;\"><b>Gazdas\u00e1gi kamarai azonos\u00edt\u00f3sz\u00e1m: 125408<\/b><\/span><\/span><\/p>\r\n<p align=\"JUSTIFY\"><span style=\"font-family: 'Calibri Light', serif;\"><span style=\"font-size: large;\"><b>4. Szervezet\u00fcnk foglalkoz\u00e1s eg\u00e9szs\u00e9g\u00fcgyi szolg\u00e1ltat\u00f3ja:<\/b><\/span><\/span><\/p>\r\n<p align=\"JUSTIFY\"><span style=\"font-family: 'Calibri Light', serif;\">Ezen adatfeldolgoz\u00f3 megnevez\u00e9se a k\u00f6vetkez\u0151:<\/span><\/p>\r\n<p align=\"JUSTIFY\"><a name=\"_Hlk19265198\"><\/a><span style=\"font-family: 'Calibri Light', serif;\"><b>C\u00e9gn\u00e9v:\u00a0<\/b><\/span><span style=\"font-family: 'Calibri Light', serif;\"><span style=\"font-size: large;\"><b>Zirci Erzs\u00e9bet K\u00f3rh\u00e1z \u00e9s Rendel\u0151int\u00e9zet<\/b><\/span><\/span><\/p>\r\n<p align=\"JUSTIFY\"><a name=\"_Hlk19265204\"><\/a><span style=\"font-family: 'Calibri Light', serif;\"><b>Sz\u00e9khely: 8420 Zirc, J\u00f3zsef Attila utca 17-19.<\/b><\/span><\/p>\r\n<p align=\"JUSTIFY\"><span style=\"font-family: 'Calibri Light', serif;\"><b>C\u00e9gjegyz\u00e9ksz\u00e1m: 00-15-430991<\/b><\/span><\/p>\r\n<p align=\"JUSTIFY\"><span style=\"font-family: 'Calibri Light', serif;\"><b>Ad\u00f3sz\u00e1m: 15430991-2-19<\/b><\/span><\/p>\r\n<p align=\"JUSTIFY\"><span style=\"font-family: 'Calibri Light', serif;\"><b>K\u00e9pvisel\u0151: Dr. Vermes Tam\u00e1s<\/b><\/span><\/p>\r\n<p align=\"JUSTIFY\"><span style=\"font-family: 'Calibri Light', serif;\"><b>Telefonsz\u00e1m: +36 88\u00a0593\u00a0600<\/b><\/span><\/p>\r\n<p align=\"JUSTIFY\"><span style=\"font-family: 'Calibri Light', serif;\"><b>Honlap:\u00a0<a href=\"http:\/\/www.zircikorhaz.hu\">www.zircikorhaz.hu<\/a><\/b><\/span><\/p>\r\n<p align=\"JUSTIFY\"><span style=\"font-family: 'Calibri Light', serif;\"><span style=\"font-size: large;\"><b>5. Szervezet\u00fcnk vagyonv\u00e9delmi szolg\u00e1ltat\u00f3ja<\/b><\/span><\/span><\/p>\r\n<p align=\"JUSTIFY\"><a name=\"_Hlk19093897\"><\/a><span style=\"font-family: 'Calibri Light', serif;\">Szervezet\u00fcnk vagyonv\u00e9delemhez szolg\u00e1ltat\u00f3i szerz\u0151d\u00e9ssel k\u00fcls\u0151 szolg\u00e1ltat\u00f3t vesz ig\u00e9nybe, aki kezeli A Szervezet\u00fcnkkel szerz\u0151d\u00e9ses, vagy kifizet\u0151i kapcsolatban lev\u0151 term\u00e9szetes szem\u00e9lyek szem\u00e9lyes adatait is.<\/span><\/p>\r\n<p align=\"JUSTIFY\"><span style=\"font-family: 'Calibri Light', serif;\">Ezen adatfeldolgoz\u00f3 megnevez\u00e9se a k\u00f6vetkez\u0151:<\/span><\/p>\r\n<p align=\"JUSTIFY\"><a name=\"_Hlk19265172\"><\/a><span style=\"font-family: 'Calibri Light', serif;\"><b>C\u00e9gn\u00e9v: BRILL-TEAM Vagyonv\u00e9delmi \u00e9s Szolg\u00e1ltat\u00f3 Kft.<\/b><\/span><\/p>\r\n<p align=\"JUSTIFY\"><a name=\"_Hlk19265181\"><\/a><span style=\"font-family: 'Calibri Light', serif;\"><b>Sz\u00e9khely: 1051 Budapest, Arany J\u00e1nos u. 15. 2 lh. fsz. 2\/A.<\/b><\/span><\/p>\r\n<p align=\"JUSTIFY\"><span style=\"font-family: 'Calibri Light', serif;\"><b>C\u00e9gjegyz\u00e9ksz\u00e1m: 01-19-995855<\/b><\/span><\/p>\r\n<p align=\"JUSTIFY\"><span style=\"font-family: 'Calibri Light', serif;\"><b>Ad\u00f3sz\u00e1m: 13339186241<\/b><\/span><\/p>\r\n<p align=\"JUSTIFY\"><span style=\"font-family: 'Calibri Light', serif;\"><b>K\u00e9pvisel\u0151: Balogh \u00c1rp\u00e1d<\/b><\/span><\/p>\r\n<p align=\"JUSTIFY\"><span style=\"font-family: 'Calibri Light', serif;\"><b>Telefonsz\u00e1m: -<\/b><\/span><\/p>\r\n<p align=\"JUSTIFY\"><span style=\"font-family: 'Calibri Light', serif;\"><span style=\"font-size: large;\"><b>6. Szervezet\u00fcnk t\u0171zv\u00e9delmi szolg\u00e1ltat\u00f3ja<\/b><\/span><\/span><\/p>\r\n<p align=\"JUSTIFY\"><span style=\"font-family: 'Calibri Light', serif;\">Szervezet\u00fcnk a t\u0171zv\u00e9delemhez<\/span><span style=\"font-family: 'Calibri Light', serif;\"><b>\u00a0<\/b><\/span><span style=\"font-family: 'Calibri Light', serif;\">szolg\u00e1ltat\u00f3i szerz\u0151d\u00e9ssel k\u00fcls\u0151 szolg\u00e1ltat\u00f3t vesz ig\u00e9nybe, aki kezeli a Szervezet\u00fcnkkel szerz\u0151d\u00e9s vagy kifizet\u0151i kapcsolatban lev\u0151 term\u00e9szetes szem\u00e9lyek szem\u00e9lyes adatait is.<\/span><\/p>\r\n<p align=\"JUSTIFY\"><span style=\"font-family: 'Calibri Light', serif;\">Ezen adatfeldolgoz\u00f3 megnevez\u00e9se a k\u00f6vetkez\u0151:<\/span><b><\/b><\/p>\r\n<p align=\"JUSTIFY\"><span style=\"font-family: 'Calibri Light', serif;\"><b>C\u00e9gn\u00e9v:\u00a0<\/b><\/span><span style=\"font-family: 'Calibri Light', serif;\"><span style=\"font-size: large;\"><b>I.D.S. Elektronikus Vagyonv\u00e9delmi Kft.<\/b><\/span><\/span><\/p>\r\n<p align=\"JUSTIFY\"><span style=\"font-family: 'Calibri Light', serif;\"><b>Sz\u00e9khely: 8200 Veszpr\u00e9m, Alm\u00e1di \u00fat 26.<\/b><\/span><\/p>\r\n<p align=\"JUSTIFY\"><span style=\"font-family: 'Calibri Light', serif;\"><b>C\u00e9gjegyz\u00e9ksz\u00e1m: 19-09-506856<\/b><\/span><\/p>\r\n<p align=\"JUSTIFY\"><span style=\"font-family: 'Calibri Light', serif;\"><b>Ad\u00f3sz\u00e1m: 12998865-2-19<\/b><\/span><\/p>\r\n<p align=\"JUSTIFY\"><span style=\"font-family: 'Calibri Light', serif;\"><b>K\u00e9pvisel\u0151: Husz\u00e1r Tam\u00e1s<\/b><\/span><\/p>\r\n<p align=\"JUSTIFY\"><span style=\"font-family: 'Calibri Light', serif;\"><b>Telefonsz\u00e1m: +36 88\u00a0590\u00a0990<\/b><\/span><\/p>\r\n<p align=\"JUSTIFY\"><span style=\"font-family: 'Calibri Light', serif;\"><span style=\"font-size: large;\"><b>7. Szervezet\u00fcnk munkav\u00e9delmi szolg\u00e1ltat\u00f3ja<\/b><\/span><\/span><\/p>\r\n<p align=\"JUSTIFY\"><span style=\"font-family: 'Calibri Light', serif;\">Szervezet\u00fcnk a t\u0171zv\u00e9delemhez<\/span><span style=\"font-family: 'Calibri Light', serif;\"><b>\u00a0<\/b><\/span><span style=\"font-family: 'Calibri Light', serif;\">szolg\u00e1ltat\u00f3i szerz\u0151d\u00e9ssel k\u00fcls\u0151 szolg\u00e1ltat\u00f3t vesz ig\u00e9nybe, aki kezeli a Szervezet\u00fcnkkel szerz\u0151d\u00e9s vagy kifizet\u0151i kapcsolatban lev\u0151 term\u00e9szetes szem\u00e9lyek szem\u00e9lyes adatait is.<\/span><\/p>\r\n<p align=\"JUSTIFY\"><span style=\"font-family: 'Calibri Light', serif;\">Ezen adatfeldolgoz\u00f3 megnevez\u00e9se a k\u00f6vetkez\u0151:<\/span><b><\/b><\/p>\r\n<p align=\"JUSTIFY\"><span style=\"font-family: 'Calibri Light', serif;\"><b>C\u00e9gn\u00e9v:\u00a0<\/b><\/span><span style=\"font-family: 'Calibri Light', serif;\"><span style=\"font-size: large;\"><b>Borb\u00e9ly J\u00e1nos egy\u00e9ni v\u00e1llalkoz\u00f3<\/b><\/span><\/span><b><\/b><\/p>\r\n<p align=\"JUSTIFY\"><span style=\"font-family: 'Calibri Light', serif;\"><b>Sz\u00e9khely: 8500 P\u00e1pa, Hunyadi utca 4.<\/b><\/span><\/p>\r\n<p align=\"JUSTIFY\"><span style=\"font-family: 'Calibri Light', serif;\"><b>EV nyilv\u00e1ntart\u00e1si sz\u00e1m: 50717482<\/b><\/span><\/p>\r\n<p align=\"JUSTIFY\"><span style=\"font-family: 'Calibri Light', serif;\"><b>Ad\u00f3sz\u00e1m: 67762662-1-39<\/b><\/span><\/p>\r\n<p align=\"JUSTIFY\"><span style=\"font-family: 'Calibri Light', serif;\"><b>K\u00e9pvisel\u0151: Borb\u00e9ly J\u00e1nos<\/b><\/span><\/p>\r\n<p align=\"JUSTIFY\"><span style=\"font-family: 'Calibri Light', serif;\"><b>Telefonsz\u00e1m: +36 70 332 8570<\/b><\/span><\/p>\r\n<p align=\"JUSTIFY\"><span style=\"font-family: 'Calibri Light', serif;\"><span style=\"font-size: large;\"><b>8. Szervezet\u00fcnk jogi \u00fcgyint\u00e9z\u0151je<\/b><\/span><\/span><\/p>\r\n<p align=\"JUSTIFY\"><span style=\"font-family: 'Calibri Light', serif;\">Szervezet\u00fcnk a jogv\u00e9delemhez<\/span><span style=\"font-family: 'Calibri Light', serif;\"><b>\u00a0<\/b><\/span><span style=\"font-family: 'Calibri Light', serif;\">szolg\u00e1ltat\u00f3i szerz\u0151d\u00e9ssel k\u00fcls\u0151 szolg\u00e1ltat\u00f3t vesz ig\u00e9nybe, aki kezeli A Szervezet\u00fcnkkel szerz\u0151d\u00e9ses, vagy kifizet\u0151i kapcsolatban lev\u0151 term\u00e9szetes szem\u00e9lyek szem\u00e9lyes adatait is.<\/span><\/p>\r\n<p align=\"JUSTIFY\"><span style=\"font-family: 'Calibri Light', serif;\">Ezen adatfeldolgoz\u00f3 megnevez\u00e9se a k\u00f6vetkez\u0151:<\/span><\/p>\r\n<p align=\"JUSTIFY\"><span style=\"font-family: 'Calibri Light', serif;\"><b>C\u00e9gn\u00e9v:\u00a0<\/b><\/span><span style=\"font-family: 'Calibri Light', serif;\"><span style=\"font-size: large;\"><b>Drabos \u00dcgyv\u00e9di Iroda<\/b><\/span><\/span><b><\/b><\/p>\r\n<p align=\"JUSTIFY\"><span style=\"font-family: 'Calibri Light', serif;\"><b>Sz\u00e9khely: 1221 Budapest, Aranyf\u00e1c\u00e1n utca 12.<\/b><\/span><\/p>\r\n<p align=\"JUSTIFY\"><span style=\"font-family: 'Calibri Light', serif;\"><b>C\u00e9gjegyz\u00e9ksz\u00e1m: 36059393 (kamarai nyilv\u00e1ntart\u00e1si sz\u00e1m)<\/b><\/span><\/p>\r\n<p align=\"JUSTIFY\"><span style=\"font-family: 'Calibri Light', serif;\"><b>Ad\u00f3sz\u00e1m: 18146592243<\/b><\/span><\/p>\r\n<p align=\"JUSTIFY\"><span style=\"font-family: 'Calibri Light', serif;\"><b>K\u00e9pvisel\u0151: Dr. Drabos Erik Kasszi\u00e1n<\/b><\/span><\/p>\r\n<p align=\"JUSTIFY\"><span style=\"font-family: 'Calibri Light', serif;\"><b>Telefonsz\u00e1m: +36 30\u00a0984 1669<\/b><\/span><\/p>\r\n<p align=\"JUSTIFY\"><span style=\"font-family: 'Calibri Light', serif;\"><span style=\"font-size: large;\"><b>9. Szervezet\u00fcnk k\u00f6nyvvizsg\u00e1l\u00f3ja<\/b><\/span><\/span><\/p>\r\n<p align=\"JUSTIFY\"><span style=\"font-family: 'Calibri Light', serif;\">Ezen adatfeldolgoz\u00f3 megnevez\u00e9se a k\u00f6vetkez\u0151:<\/span><\/p>\r\n<p align=\"JUSTIFY\"><span style=\"font-family: 'Calibri Light', serif;\"><b>C\u00e9gn\u00e9v:\u00a0<\/b><\/span><span style=\"font-family: 'Calibri Light', serif;\"><span style=\"font-size: medium;\"><b>KONTROLL\u201997\u00a0<\/b><\/span><\/span><span style=\"font-family: 'Calibri Light', serif;\"><span style=\"font-size: large;\"><b>K\u00f6nyvvizsg\u00e1l\u00f3, K\u00f6nyvszak\u00e9rt\u0151 \u00e9s Ad\u00f3tan\u00e1csad\u00f3 Kft.<\/b><\/span><\/span><b><\/b><\/p>\r\n<p align=\"JUSTIFY\"><span style=\"font-family: 'Calibri Light', serif;\"><b>Sz\u00e9khely: 3300 Eger, V\u00f6r\u00f6smarty u. 43.<\/b><\/span><\/p>\r\n<p align=\"JUSTIFY\"><span style=\"font-family: 'Calibri Light', serif;\"><b>C\u00e9gjegyz\u00e9ksz\u00e1m: 10-09-022552<\/b><\/span><\/p>\r\n<p align=\"JUSTIFY\"><span style=\"font-family: 'Calibri Light', serif;\"><b>Ad\u00f3sz\u00e1m: 11174235210<\/b><\/span><\/p>\r\n<p align=\"JUSTIFY\"><span style=\"font-family: 'Calibri Light', serif;\"><b>K\u00e9pvisel\u0151: Dr. Koncz S\u00e1ndorn\u00e9<\/b><\/span><\/p>\r\n<p align=\"JUSTIFY\"><span style=\"font-family: 'Calibri Light', serif;\"><b>Telefonsz\u00e1m: -<\/b><\/span><\/p>\r\n<p align=\"JUSTIFY\"><span style=\"font-family: 'Calibri Light', serif;\"><span style=\"font-size: large;\"><b>10. Szervezet\u00fcnk informatikai megb\u00edzottja<\/b><\/span><\/span><\/p>\r\n<p align=\"JUSTIFY\"><span style=\"font-family: 'Calibri Light', serif;\"><b>N\u00e9v: T\u00e1trai J\u00f3zsef egy\u00e9ni v\u00e1llalkoz\u00f3<\/b><\/span><\/p>\r\n<p align=\"JUSTIFY\"><span style=\"font-family: 'Calibri Light', serif;\"><b>Sz\u00e9khely: 8200 Veszpr\u00e9m, P\u00f6ltenberg Ern\u0151 utca 13.<\/b><\/span><\/p>\r\n<p align=\"JUSTIFY\"><span style=\"font-family: 'Calibri Light', serif;\"><b>Telefonsz\u00e1m: +36 30 232 6365<\/b><\/span><\/p>\r\n<p align=\"JUSTIFY\"><span style=\"font-family: 'Calibri Light', serif;\"><b>Ad\u00f3sz\u00e1m: 75509130-1-39<\/b><\/span><\/p>\r\n<p align=\"JUSTIFY\"><span style=\"font-family: 'Calibri Light', serif;\"><b>EV nyilv\u00e1ntart\u00e1si sz\u00e1m: 52218394<\/b><\/span><\/p>\r\n<p align=\"JUSTIFY\"><span style=\"font-family: 'Calibri Light', serif;\"><span style=\"font-size: large;\"><b>11. Szervezet\u00fcnk honlap karbantart\u00e1s\u00e9rt felel\u0151s megb\u00edzottja<\/b><\/span><\/span><\/p>\r\n<p align=\"JUSTIFY\"><span style=\"font-family: 'Calibri Light', serif;\"><b>N\u00e9v: T\u00e1trai J\u00f3zsef egy\u00e9ni v\u00e1llalkoz\u00f3<\/b><\/span><\/p>\r\n<p align=\"JUSTIFY\"><span style=\"font-family: 'Calibri Light', serif;\"><b>Sz\u00e9khely: 8200 Veszpr\u00e9m, P\u00f6ltenberg Ern\u0151 utca 13.<\/b><\/span><\/p>\r\n<p align=\"JUSTIFY\"><span style=\"font-family: 'Calibri Light', serif;\"><b>Telefonsz\u00e1m: +36 30 232 6365<\/b><\/span><\/p>\r\n<p align=\"JUSTIFY\"><span style=\"font-family: 'Calibri Light', serif;\"><b>Ad\u00f3sz\u00e1m: 75509130-1-39<\/b><\/span><\/p>\r\n<p align=\"JUSTIFY\"><span style=\"font-family: 'Calibri Light', serif;\"><b>EV nyilv\u00e1ntart\u00e1si sz\u00e1m: 52218394<\/b><\/span><\/p>\r\n&nbsp;\r\n<p align=\"CENTER\"><span style=\"font-family: 'Calibri Light', serif;\"><span style=\"font-size: large;\"><b>III. fejezet<\/b><\/span><\/span><\/p>\r\n<p align=\"CENTER\"><span style=\"font-family: 'Calibri Light', serif;\"><span style=\"font-size: large;\"><b>Munkaviszonnyal kapcsolatos adatkezel\u00e9sek<\/b><\/span><\/span><\/p>\r\n<p align=\"JUSTIFY\"><span style=\"font-family: 'Calibri Light', serif;\"><b>1. Munka\u00fcgyi, szem\u00e9lyzeti nyilv\u00e1ntart\u00e1s, foglalkoztatottak szem\u00e9lyes adatainak kezel\u00e9se<\/b><\/span><\/p>\r\n<p align=\"JUSTIFY\"><span style=\"color: #000000;\"><span style=\"font-family: 'Calibri Light', serif;\">(1)\u00a0<\/span><\/span><span style=\"font-family: 'Calibri Light', serif;\">A munkav\u00e1llal\u00f3kt\u00f3l kiz\u00e1r\u00f3lag olyan adatok k\u00e9rhet\u0151k \u00e9s tarthat\u00f3k nyilv\u00e1n, valamint olyan munkak\u00f6ri orvosi alkalmass\u00e1gi vizsg\u00e1latok v\u00e9gezhet\u0151k, amelyek munkaviszony l\u00e9tes\u00edt\u00e9s\u00e9hez, fenntart\u00e1s\u00e1hoz \u00e9s megsz\u00fcntet\u00e9s\u00e9hez, illetve a szoci\u00e1lis-j\u00f3l\u00e9ti juttat\u00e1sok biztos\u00edt\u00e1s\u00e1hoz sz\u00fcks\u00e9gesek \u00e9s a munkav\u00e1llal\u00f3 szem\u00e9lyhez f\u0171z\u0151d\u0151 jogait nem s\u00e9rtik.<\/span><\/p>\r\n<span style=\"color: #000000;\"><span style=\"font-family: 'Calibri Light', serif;\">(2)\u00a0<\/span><\/span><span style=\"font-family: 'Calibri Light', serif;\">Szervezet\u00fcnk<\/span><span style=\"color: #000000;\"><span style=\"font-family: 'Calibri Light', serif;\">\u00a0munk\u00e1ltat\u00f3i jogos \u00e9rdekeinek \u00e9rv\u00e9nyes\u00edt\u00e9se (Rendelet 6.\u00a7 cikk (1) bekezd\u00e9se f)) jogc\u00edm\u00e9n\u00a0<\/span><\/span><span style=\"color: #000000;\"><span style=\"font-family: 'Calibri Light', serif;\">munkaviszony l\u00e9tes\u00edt\u00e9se, teljes\u00edt\u00e9se, vagy megsz\u0171n\u00e9se c\u00e9lj\u00e1b\u00f3l kezeli a munkav\u00e1llal\u00f3 al\u00e1bbi adatait:<\/span><\/span>\r\n\r\n<span style=\"color: #000000;\"><span style=\"font-family: 'Calibri Light', serif;\">1.\u00a0<\/span><\/span><span style=\"color: #000000;\"><span style=\"font-family: 'Calibri Light', serif;\">n\u00e9v<\/span><\/span>\r\n\r\n<span style=\"color: #000000;\"><span style=\"font-family: 'Calibri Light', serif;\">2. sz\u00fclet\u00e9si n\u00e9v,<\/span><\/span>\r\n\r\n<span style=\"color: #000000;\"><span style=\"font-family: 'Calibri Light', serif;\">3. sz\u00fclet\u00e9si ideje,<\/span><\/span>\r\n\r\n<span style=\"color: #000000;\"><span style=\"font-family: 'Calibri Light', serif;\">4. anyja neve,<\/span><\/span>\r\n\r\n<span style=\"color: #000000;\"><span style=\"font-family: 'Calibri Light', serif;\">5. lakc\u00edme,<\/span><\/span>\r\n\r\n<span style=\"color: #000000;\"><span style=\"font-family: 'Calibri Light', serif;\">6. \u00e1llampolg\u00e1rs\u00e1ga,<\/span><\/span>\r\n\r\n<span style=\"color: #000000;\"><span style=\"font-family: 'Calibri Light', serif;\">7. ad\u00f3azonos\u00edt\u00f3 jele,<\/span><\/span>\r\n\r\n<span style=\"color: #000000;\"><span style=\"font-family: 'Calibri Light', serif;\">8. TAJ sz\u00e1ma,<\/span><\/span>\r\n\r\n<span style=\"color: #000000;\"><span style=\"font-family: 'Calibri Light', serif;\">9. nyugd\u00edjas t\u00f6rzssz\u00e1m (nyugd\u00edjas munkav\u00e1llal\u00f3 eset\u00e9n),<\/span><\/span>\r\n\r\n<span style=\"color: #000000;\"><span style=\"font-family: 'Calibri Light', serif;\">10. telefonsz\u00e1m,<\/span><\/span>\r\n\r\n<span style=\"color: #000000;\"><span style=\"font-family: 'Calibri Light', serif;\">11. e-mail c\u00edm,<\/span><\/span>\r\n\r\n<span style=\"color: #000000;\"><span style=\"font-family: 'Calibri Light', serif;\">12.\u00a0<\/span><\/span><span style=\"font-family: 'Calibri Light', serif;\">szem\u00e9lyi igazolv\u00e1ny sz\u00e1ma,<\/span>\r\n\r\n<span style=\"font-family: 'Calibri Light', serif;\">13. lakc\u00edmet igazol\u00f3 hat\u00f3s\u00e1gi igazolv\u00e1ny sz\u00e1ma,<\/span>\r\n\r\n<span style=\"color: #000000;\"><span style=\"font-family: 'Calibri Light', serif;\">14. banksz\u00e1mlasz\u00e1ma,<\/span><\/span>\r\n\r\n<span style=\"color: #000000;\"><span style=\"font-family: 'Calibri Light', serif;\">15. online azonos\u00edt\u00f3 (ha van)<\/span><\/span>\r\n\r\n<span style=\"font-family: 'Calibri Light', serif;\">16. munk\u00e1ba l\u00e9p\u00e9s\u00e9nek kezd\u0151 \u00e9s befejez\u0151 id\u0151pontja,<\/span>\r\n\r\n<span style=\"font-family: 'Calibri Light', serif;\">17. munkak\u00f6r,<\/span>\r\n\r\n<span style=\"font-family: 'Calibri Light', serif;\">18. iskolai v\u00e9gzetts\u00e9g\u00e9t, szakk\u00e9pzetts\u00e9g\u00e9t<\/span><span style=\"color: #000000;\"><span style=\"font-family: 'Calibri Light', serif;\">\u00a0igazol\u00f3 okm\u00e1ny m\u00e1solata,<\/span><\/span>\r\n\r\n<span style=\"color: #000000;\"><span style=\"font-family: 'Calibri Light', serif;\">19. f\u00e9nyk\u00e9p,<\/span><\/span>\r\n\r\n<span style=\"font-family: 'Calibri Light', serif;\">20. \u00f6n\u00e9letrajz,<\/span>\r\n\r\n<span style=\"font-family: 'Calibri Light', serif;\">21. munkab\u00e9r\u00e9nek \u00f6sszege, a b\u00e9rfizet\u00e9ssel, egy\u00e9b juttat\u00e1saival kapcsolatos adatok,<\/span>\r\n\r\n<span style=\"font-family: 'Calibri Light', serif;\">22. a munkav\u00e1llal\u00f3 munkab\u00e9r\u00e9b\u0151l joger\u0151s hat\u00e1rozat vagy jogszab\u00e1ly, illetve \u00edr\u00e1sbeli hozz\u00e1j\u00e1rul\u00e1sa alapj\u00e1n levonand\u00f3 tartoz\u00e1st, illetve ennek jogosults\u00e1g\u00e1t,<\/span>\r\n\r\n<span style=\"font-family: 'Calibri Light', serif;\">23. a munkav\u00e1llal\u00f3 munk\u00e1j\u00e1nak \u00e9rt\u00e9kel\u00e9se,<\/span>\r\n\r\n<span style=\"font-family: 'Calibri Light', serif;\">24. a munkaviszony megsz\u0171n\u00e9s\u00e9nek m\u00f3dja, indokai,<\/span>\r\n\r\n<span style=\"font-family: 'Calibri Light', serif;\">25. munkak\u00f6rt\u0151l f\u00fcgg\u0151en erk\u00f6lcsi bizony\u00edtv\u00e1ny bemutat\u00e1sa,<\/span>\r\n\r\n<span style=\"font-family: 'Calibri Light', serif;\">26. a munkak\u00f6ri alkalmass\u00e1gi vizsg\u00e1latok \u00f6sszegz\u00e9se,<\/span>\r\n\r\n<span style=\"font-family: 'Calibri Light', serif;\">27. mag\u00e1nnyugd\u00edjp\u00e9nzt\u00e1ri \u00e9s \u00f6nk\u00e9ntes k\u00f6lcs\u00f6n\u00f6s biztos\u00edt\u00f3 p\u00e9nzt\u00e1ri tags\u00e1g eset\u00e9n a p\u00e9nzt\u00e1r megnevez\u00e9se, azonos\u00edt\u00f3 sz\u00e1ma \u00e9s a munkav\u00e1llal\u00f3 tags\u00e1gi sz\u00e1ma,<\/span>\r\n\r\n<span style=\"font-family: 'Calibri Light', serif;\">28. k\u00fclf\u00f6ldi munkav\u00e1llal\u00f3 eset\u00e9n \u00fatlev\u00e9lsz\u00e1m; munkav\u00e1llal\u00e1si jogosults\u00e1got igazol\u00f3 dokumentum\u00e1nak megnevez\u00e9s\u00e9t \u00e9s sz\u00e1ma,<\/span>\r\n\r\n<span style=\"font-family: 'Calibri Light', serif;\">29. munkav\u00e1llal\u00f3t \u00e9rt balesetek jegyz\u0151k\u00f6nyveiben r\u00f6gz\u00edtett adatokat;<\/span>\r\n\r\n<span style=\"font-family: 'Calibri Light', serif;\">30. a j\u00f3l\u00e9ti szolg\u00e1ltat\u00e1s, kereskedelmi sz\u00e1ll\u00e1shely ig\u00e9nybev\u00e9tel\u00e9hez sz\u00fcks\u00e9ges adatokat;<\/span>\r\n\r\n<span style=\"font-family: 'Calibri Light', serif;\">31.\u00a0<\/span><span style=\"font-family: 'Calibri Light', serif;\">Szervezet<\/span><span style=\"font-family: 'Calibri Light', serif;\">\u00fcnkn\u00e9l biztons\u00e1gi \u00e9s vagyonv\u00e9delmi c\u00e9lb\u00f3l alkalmazott kamera \u00e9s bel\u00e9ptet\u0151 rendszer, illetve a helymeghat\u00e1roz\u00f3 rendszerek \u00e1ltal r\u00f6gz\u00edtett adatokat.<\/span>\r\n\r\n<span style=\"color: #000000;\"><span style=\"font-family: 'Calibri Light', serif;\">(3) Betegs\u00e9gre \u00e9s szakszervezeti tags\u00e1g\u00e1ra vonatkoz\u00f3 adatokat a munk\u00e1ltat\u00f3 csak a Munka T\u00f6rv\u00e9nyk\u00f6nyvben meghat\u00e1rozott jog, vagy k\u00f6telezetts\u00e9g teljes\u00edt\u00e9se c\u00e9lj\u00e1b\u00f3l kezel.<\/span><\/span>\r\n<p align=\"JUSTIFY\"><span style=\"font-family: 'Calibri Light', serif;\">(4) A szem\u00e9lyes adatok c\u00edmzettjei: a munk\u00e1ltat\u00f3 vezet\u0151je, munk\u00e1ltat\u00f3i jogk\u00f6r gyakorl\u00f3ja, Szervezet\u00fcnk munka\u00fcgyi feladatokat ell\u00e1t\u00f3<\/span><span style=\"font-family: 'Calibri Light', serif;\">\u00a0munkav\u00e1llal\u00f3i \u00e9s adatfeldolgoz\u00f3i.<\/span><\/p>\r\n<p align=\"JUSTIFY\"><span style=\"font-family: 'Calibri Light', serif;\">(5) A szem\u00e9lyes adatok t\u00e1rol\u00e1s\u00e1nak id\u0151tartama: a munkaviszony megsz\u0171n\u00e9s\u00e9t k\u00f6vet\u0151 3 \u00e9v.<\/span><\/p>\r\n<p align=\"JUSTIFY\"><span style=\"font-family: 'Calibri Light', serif;\">(6) Az \u00e9rintettel az adatkezel\u00e9s megkezd\u00e9se el\u0151tt k\u00f6z\u00f6lni kell, hogy az adatkezel\u00e9s a Munka t\u00f6rv\u00e9nyk\u00f6nyv\u00e9n \u00e9s a munk\u00e1ltat\u00f3 jogos \u00e9rdekeinek \u00e9rv\u00e9nyes\u00edt\u00e9s\u00e9n alapul<\/span><\/p>\r\n<p align=\"JUSTIFY\"><span style=\"color: #000000;\"><span style=\"font-family: 'Calibri Light', serif;\">(7) A munk\u00e1ltat\u00f3 a munkaszerz\u0151d\u00e9s megk\u00f6t\u00e9s\u00e9vel egyidej\u0171leg t\u00e1j\u00e9koztatja a\u00a0<\/span><\/span><span style=\"color: #000000;\"><span style=\"font-family: 'Calibri Light', serif;\">munkav\u00e1llal\u00f3t szem\u00e9lyes adatainak kezel\u00e9s\u00e9r\u0151l \u00e9s szem\u00e9lyhez f\u0171z\u0151d\u0151 jogokr\u00f3l.<\/span><\/span><\/p>\r\n<p align=\"JUSTIFY\"><span style=\"font-family: 'Calibri Light', serif;\"><b>2. Alkalmass\u00e1gi vizsg\u00e1latokkal kapcsolatos adatkezel\u00e9s<\/b><\/span><\/p>\r\n<p align=\"JUSTIFY\"><span style=\"color: #000000;\"><span style=\"font-family: 'Calibri Light', serif;\">(1) A munkav\u00e1llal\u00f3val szemben csak olyan alkalmass\u00e1gi vizsg\u00e1lat alkalmazhat\u00f3, amelyet munkaviszonyra vonatkoz\u00f3 szab\u00e1ly \u00edr el\u0151, vagy amely munkaviszonyra vonatkoz\u00f3 szab\u00e1lyban meghat\u00e1rozott jog gyakorl\u00e1sa, k\u00f6telezetts\u00e9g teljes\u00edt\u00e9se \u00e9rdek\u00e9ben sz\u00fcks\u00e9ges. A vizsg\u00e1lat el\u0151tt r<\/span><\/span><span style=\"color: #000000;\"><span style=\"font-family: 'Calibri Light', serif;\">\u00e9szletesen t\u00e1j\u00e9koztatni kell a munkav\u00e1llal\u00f3kat t\u00f6bbek k\u00f6z\u00f6tt arr\u00f3l, hogy az alkalmass\u00e1gi vizsg\u00e1lat milyen k\u00e9szs\u00e9g, k\u00e9pess\u00e9g felm\u00e9r\u00e9s\u00e9re ir\u00e1nyul, a vizsg\u00e1lat milyen eszk\u00f6zzel, m\u00f3dszerrel t\u00f6rt\u00e9nik. Amennyiben jogszab\u00e1ly \u00edrja el\u0151 a vizsg\u00e1lat elv\u00e9gz\u00e9s\u00e9t, akkor t\u00e1j\u00e9koztatni kell a munkav\u00e1llal\u00f3kat a jogszab\u00e1ly c\u00edm\u00e9r\u0151l \u00e9s a pontos jogszab\u00e1lyhelyr\u0151l is.<\/span><\/span><\/p>\r\n<p align=\"JUSTIFY\"><span style=\"color: #000000;\"><span style=\"font-family: 'Calibri Light', serif;\">(2) A munkaalkalmass\u00e1gra, felk\u00e9sz\u00fclts\u00e9gre ir\u00e1nyul\u00f3 tesztlapok a munk\u00e1ltat\u00f3 mind a munkaviszony l\u00e9tes\u00edt\u00e9se el\u0151tt, mind pedig a munkaviszony fenn\u00e1ll\u00e1sa alatt kit\u00f6ltetheti a munkav\u00e1llal\u00f3kkal.<\/span><\/span><\/p>\r\n<p align=\"JUSTIFY\"><span style=\"color: #000000;\"><span style=\"font-family: 'Calibri Light', serif;\">(3) Az egy\u00e9rtelm\u0171en munkaviszonnyal kapcsolatos, a munkafolyamatok hat\u00e9konyabb ell\u00e1t\u00e1sa, megszervez\u00e9se \u00e9rdek\u00e9ben csak akkor t\u00f6lthet\u0151 ki a munkav\u00e1llal\u00f3k nagyobb csoportj\u00e1val pszichol\u00f3giai, vagy szem\u00e9lyis\u00e9gjegyek kutat\u00e1s\u00e1ra alkalmas tesztlap, ha az elemz\u00e9s sor\u00e1n felsz\u00ednre ker\u00fclt adatok nem k\u00f6thet\u0151k az egyes konkr\u00e9t munkav\u00e1llal\u00f3khoz, vagyis anonim m\u00f3don t\u00f6rt\u00e9nik az adatok feldolgoz\u00e1sa.<\/span><\/span><\/p>\r\n<p align=\"JUSTIFY\"><span style=\"color: #000000;\"><span style=\"font-family: 'Calibri Light', serif;\">(4) A kezelhet\u0151 szem\u00e9lyes adatok k\u00f6re: a munkak\u00f6ri alkalmass\u00e1g t\u00e9nye, \u00e9s az ehhez sz\u00fcks\u00e9ges felt\u00e9telek.<\/span><\/span><\/p>\r\n<p align=\"JUSTIFY\"><span style=\"color: #000000;\"><span style=\"font-family: 'Calibri Light', serif;\">(5) Az adatkezel\u00e9s jogalapja: a munk\u00e1ltat\u00f3 jogos \u00e9rdeke.<\/span><\/span><\/p>\r\n<p align=\"JUSTIFY\"><span style=\"color: #000000;\"><span style=\"font-family: 'Calibri Light', serif;\">(6) A szem\u00e9lyes adatok kezel\u00e9s\u00e9nek c\u00e9lja:\u00a0<\/span><\/span><span style=\"color: #000000;\"><span style=\"font-family: 'Calibri Light', serif;\">munkaviszony l\u00e9tes\u00edt\u00e9se, fenntart\u00e1sa, munkak\u00f6r bet\u00f6lt\u00e9se.<\/span><\/span><\/p>\r\n<p align=\"JUSTIFY\"><span style=\"color: #000000;\"><span style=\"font-family: 'Calibri Light', serif;\">(7) A szem\u00e9lyes adatok c\u00edmzettjei, illetve a c\u00edmzettek kateg\u00f3ri\u00e1i:\u00a0<\/span><\/span><span style=\"color: #000000;\"><span style=\"font-family: 'Calibri Light', serif;\">A vizsg\u00e1lat eredm\u00e9nyt a vizsg\u00e1lt munkav\u00e1llal\u00f3k, illetve a vizsg\u00e1latot v\u00e9gz\u0151 szakember ismerhetik meg. A munk\u00e1ltat\u00f3 csak azt az inform\u00e1ci\u00f3t kaphatja meg, hogy a vizsg\u00e1lt szem\u00e9ly a munk\u00e1ra alkalmas-e vagy sem, illetve milyen felt\u00e9telek biztos\u00edtand\u00f3k ehhez. A vizsg\u00e1lat r\u00e9szleteit, illetve annak teljes dokument\u00e1ci\u00f3j\u00e1t azonban a munk\u00e1ltat\u00f3 nem ismerheti meg.<\/span><\/span><\/p>\r\n<p align=\"JUSTIFY\"><span style=\"color: #000000;\"><span style=\"font-family: 'Calibri Light', serif;\">(8) A szem\u00e9lyes adatok kezel\u00e9s\u00e9nek id\u0151tartama: a munkaviszony megsz\u0171n\u00e9s\u00e9t k\u00f6vet\u0151 3 \u00e9v.<\/span><\/span><\/p>\r\n<p align=\"JUSTIFY\"><span style=\"color: #000000;\"><span style=\"font-family: Calibri, serif;\"><span style=\"font-family: 'Calibri Light', serif;\"><b>3. Felv\u00e9telre jelentkez\u0151 munkav\u00e1llal\u00f3k adatainak kezel\u00e9se, p\u00e1ly\u00e1zatok, \u00f6n\u00e9letrajzok<\/b><\/span><\/span><\/span><\/p>\r\n<span style=\"color: #000000;\"><span style=\"font-family: 'Calibri Light', serif;\">(1) A kezelhet\u0151 szem\u00e9lyes adatok k\u00f6re: a term\u00e9szetes szem\u00e9ly neve, sz\u00fclet\u00e9si ideje, helye, anyja neve, lakc\u00edm, k\u00e9pes\u00edt\u00e9si adatok, f\u00e9nyk\u00e9p, telefonsz\u00e1m, e-mail c\u00edm, kor\u00e1bbi munkahelyek \u00e9s munkatapasztalattal kapcsolatos inform\u00e1ci\u00f3k, nyelvtud\u00e1s, informatikai ismeretek, munkaid\u0151n k\u00edv\u00fcli id\u0151t\u00f6lt\u00e9sre vonatkoz\u00f3 inform\u00e1ci\u00f3k, a jelentkez\u0151r\u0151l k\u00e9sz\u00edtett munk\u00e1ltat\u00f3i feljegyz\u00e9s (ha van).<\/span><\/span>\r\n<p align=\"JUSTIFY\"><span style=\"color: #000000;\"><span style=\"font-family: 'Calibri Light', serif;\">(2) A szem\u00e9lyes adatok kezel\u00e9s\u00e9nek c\u00e9lja: jelentkez\u00e9s, p\u00e1ly\u00e1zat elb\u00edr\u00e1l\u00e1sa, a kiv\u00e1lasztottal munkaszerz\u0151d\u00e9s k\u00f6t\u00e9se. Az \u00e9rintettet\u00a0<\/span><\/span><span style=\"color: #000000;\"><span style=\"font-family: 'Calibri Light', serif;\">t\u00e1j\u00e9koztatni kell arr\u00f3l, ha a munk\u00e1ltat\u00f3 nem \u0151t v\u00e1lasztotta az adott \u00e1ll\u00e1sra.<\/span><\/span><\/p>\r\n<p align=\"JUSTIFY\"><span style=\"color: #000000;\"><span style=\"font-family: 'Calibri Light', serif;\">(3) Az adatkezel\u00e9s jogalapja: az \u00e9rintett hozz\u00e1j\u00e1rul\u00e1sa.<\/span><\/span><\/p>\r\n<p align=\"JUSTIFY\"><span style=\"color: #000000;\"><span style=\"font-family: 'Calibri Light', serif;\">(4) A szem\u00e9lyes adatok c\u00edmzettjei, illetve a c\u00edmzettek kateg\u00f3ri\u00e1i: a\u00a0<\/span><\/span><span style=\"font-family: 'Calibri Light', serif;\">Szervezet\u00fcnkn\u00e9l<\/span><span style=\"color: #000000;\"><span style=\"font-family: 'Calibri Light', serif;\">\u00a0munk\u00e1ltat\u00f3i jogok gyakorl\u00e1s\u00e1ra jogosult vezet\u0151, munka\u00fcgyi feladatokat ell\u00e1t\u00f3 munkav\u00e1llal\u00f3k.<\/span><\/span><\/p>\r\n<p align=\"JUSTIFY\"><span style=\"color: #000000;\"><span style=\"font-family: 'Calibri Light', serif;\">(5) A szem\u00e9lyes adatok t\u00e1rol\u00e1s\u00e1nak id\u0151tartama:<\/span><\/span><span style=\"font-family: 'Calibri Light', serif;\">\u00a0A jelentkez\u00e9s, p\u00e1ly\u00e1zat elb\u00edr\u00e1l\u00e1s\u00e1ig. A\u00a0<\/span><span style=\"font-family: 'Calibri Light', serif;\">ki nem v\u00e1lasztott jelentkez\u0151k szem\u00e9lyes adatait t\u00f6r\u00f6lni kell. T\u00f6r\u00f6lni kell annak adatait is, aki jelentkez\u00e9s\u00e9t, p\u00e1ly\u00e1zat\u00e1t visszavonta.<\/span><\/p>\r\n<p align=\"JUSTIFY\"><span style=\"font-family: 'Calibri Light', serif;\">(6)\u00a0<\/span><span style=\"font-family: 'Calibri Light', serif;\">A munk\u00e1ltat\u00f3 csak az \u00e9rintett kifejezett, egy\u00e9rtelm\u0171 \u00e9s \u00f6nk\u00e9ntes hozz\u00e1j\u00e1rul\u00e1sa alapj\u00e1n \u0151rizheti meg a p\u00e1ly\u00e1zatokat, felt\u00e9ve, ha azok meg\u0151rz\u00e9s\u00e9re a jogszab\u00e1lyokkal \u00f6sszhangban \u00e1ll\u00f3 adatkezel\u00e9si c\u00e9lja el\u00e9r\u00e9se \u00e9rdek\u00e9ben sz\u00fcks\u00e9g van. E hozz\u00e1j\u00e1rul\u00e1st a felv\u00e9teli elj\u00e1r\u00e1s lez\u00e1r\u00e1s\u00e1t k\u00f6vet\u0151en kell k\u00e9rni a jelentkez\u0151kt\u0151l.<\/span><\/p>\r\n<p align=\"JUSTIFY\"><span style=\"font-family: 'Calibri Light', serif;\"><b>4. E<\/b><\/span><span style=\"font-family: 'Calibri Light', serif;\"><b>-mail fi\u00f3k haszn\u00e1lat\u00e1nak ellen\u0151rz\u00e9s\u00e9vel kapcsolatos adatkezel\u00e9s<\/b><\/span><\/p>\r\n<p align=\"JUSTIFY\"><span style=\"font-family: 'Calibri Light', serif;\">(1) Ha a Szervezet e-mail fi\u00f3kot bocs\u00e1t a munkav\u00e1llal\u00f3 rendelkez\u00e9s\u00e9re \u2013 ezen e-mail c\u00edmet \u00e9s fi\u00f3kot a munkav\u00e1llal\u00f3 kiz\u00e1r\u00f3lag munkak\u00f6ri feladatai c\u00e9lj\u00e1ra haszn\u00e1lhatja,\u00a0<\/span><span style=\"font-family: 'Calibri Light', serif;\">annak \u00e9rdek\u00e9ben, hogy a munkav\u00e1llal\u00f3k ezen kereszt\u00fcl tarts\u00e1k egym\u00e1ssal a kapcsolatot, vagy a munk\u00e1ltat\u00f3 k\u00e9pviselet\u00e9ben levelezzenek az partnerekkel, m\u00e1s szem\u00e9lyekkel, Szervezetekkel.<\/span><\/p>\r\n<p align=\"JUSTIFY\"><span style=\"font-family: 'Calibri Light', serif;\">(2) A munkav\u00e1llal\u00f3 az e-mail fi\u00f3kot\u00a0<\/span><span style=\"font-family: 'Calibri Light', serif;\">szem\u00e9lyes c\u00e9lra nem haszn\u00e1lhatja, a fi\u00f3kban szem\u00e9lyes leveleket nem t\u00e1rolhat.<\/span><\/p>\r\n<p align=\"JUSTIFY\"><span style=\"font-family: 'Calibri Light', serif;\">(3) A munk\u00e1ltat\u00f3 jogosult az e-mail fi\u00f3k teljes tartalm\u00e1t \u00e9s haszn\u00e1lat\u00e1t rendszeresen \u2013 3 havonta - ellen\u0151rizni, ennek sor\u00e1n az adatkezel\u00e9s jogalapja a munk\u00e1ltat\u00f3 jogos \u00e9rdeke. Az ellen\u0151rz\u00e9s c\u00e9lja az e-mail fi\u00f3k haszn\u00e1lat\u00e1ra vonatkoz\u00f3 munk\u00e1ltat\u00f3i rendelkez\u00e9s betart\u00e1s\u00e1nak ellen\u0151rz\u00e9se, tov\u00e1bb\u00e1 a munkav\u00e1llal\u00f3i k\u00f6telezetts\u00e9gek (Mt. 8.\u00a7, 52.) ellen\u0151rz\u00e9se.<\/span><\/p>\r\n<p align=\"JUSTIFY\"><span style=\"font-family: 'Calibri Light', serif;\">(4) Az ellen\u0151rz\u00e9sre a munk\u00e1ltat\u00f3 vezet\u0151je, vagy a munk\u00e1ltat\u00f3i jogok gyakorl\u00f3ja jogosult.<\/span><\/p>\r\n<p align=\"JUSTIFY\"><span style=\"font-family: 'Calibri Light', serif;\">(5)\u00a0<\/span><span style=\"font-family: 'Calibri Light', serif;\">Amennyiben az ellen\u0151rz\u00e9s k\u00f6r\u00fclm\u00e9nyei nem z\u00e1rj\u00e1k ki ennek lehet\u0151s\u00e9g\u00e9t, biztos\u00edtani kell, hogy a munkav\u00e1llal\u00f3 jelen lehessen az ellen\u0151rz\u00e9s sor\u00e1n.<\/span><\/p>\r\n<p align=\"JUSTIFY\"><span style=\"font-family: 'Calibri Light', serif;\">(6) Az ellen\u0151rz\u00e9s el\u0151tt\u00a0<\/span><span style=\"font-family: 'Calibri Light', serif;\">t\u00e1j\u00e9koztatni kell a munkav\u00e1llal\u00f3t arr\u00f3l, hogy milyen munk\u00e1ltat\u00f3i \u00e9rdek miatt ker\u00fcl sor az ellen\u0151rz\u00e9sre, munk\u00e1ltat\u00f3 r\u00e9sz\u00e9r\u0151l ki v\u00e9gezheti az ellen\u0151rz\u00e9st, - milyen szab\u00e1lyok szerint ker\u00fclhet sor ellen\u0151rz\u00e9sre (fokozatoss\u00e1g elv\u00e9nek betart\u00e1sa) \u00e9s mi az elj\u00e1r\u00e1s menete, - milyen jogai \u00e9s jogorvoslati lehet\u0151s\u00e9gei vannak az e-mail fi\u00f3k ellen\u0151rz\u00e9s\u00e9vel egy\u00fctt j\u00e1r\u00f3 adatkezel\u00e9ssel kapcsolatban.<\/span><\/p>\r\n<p align=\"JUSTIFY\"><span style=\"font-family: 'Calibri Light', serif;\">(7) Az ellen\u0151rz\u00e9s sor\u00e1n a fokozatoss\u00e1g elv\u00e9t kell alkalmazni, \u00edgy els\u0151dlegesen az e-mail c\u00edm\u00e9b\u0151l \u00e9s t\u00e1rgy\u00e1b\u00f3l kell meg\u00e1llap\u00edtani, hogy az a munkav\u00e1llal\u00f3 munkak\u00f6ri feladat\u00e1val kapcsolatos, \u00e9s nem szem\u00e9lyes c\u00e9l\u00fa. Nem szem\u00e9lyes c\u00e9l\u00fa e-mailek tartalm\u00e1t a munk\u00e1ltat\u00f3 korl\u00e1toz\u00e1s n\u00e9lk\u00fcl vizsg\u00e1lhatja.<\/span><\/p>\r\n<p align=\"JUSTIFY\"><span style=\"font-family: 'Calibri Light', serif;\">(8) Ha jelen szab\u00e1lyzat rendelkez\u00e9seivel ellent\u00e9tben az \u00e1llap\u00edthat\u00f3 meg, hogy a munkav\u00e1llal\u00f3 az e-mail fi\u00f3kot szem\u00e9lyes c\u00e9lra haszn\u00e1lta, fel kell sz\u00f3l\u00edtani a munkav\u00e1llal\u00f3t, hogy a szem\u00e9lyes adatokat halad\u00e9ktalanul t\u00f6r\u00f6lje. A munkav\u00e1llal\u00f3 t\u00e1voll\u00e9te, vagy egy\u00fcttm\u0171k\u00f6d\u00e9s\u00e9nek hi\u00e1nya eset\u00e9n a szem\u00e9lyes adatokat az ellen\u0151rz\u00e9skor a munk\u00e1ltat\u00f3 t\u00f6rli. Az e-mail fi\u00f3k jelen szab\u00e1lyzattal ellent\u00e9tes haszn\u00e1lata miatt a munk\u00e1ltat\u00f3 a munkav\u00e1llal\u00f3val szemben munkajogi jogk\u00f6vetkezm\u00e9nyeket alkalmazhat.<\/span><\/p>\r\n<p align=\"JUSTIFY\"><span style=\"font-family: 'Calibri Light', serif;\">(9) A munkav\u00e1llal\u00f3<\/span><span style=\"font-family: 'Calibri Light', serif;\">\u00a0az e-mail fi\u00f3k ellen\u0151rz\u00e9s\u00e9vel egy\u00fctt j\u00e1r\u00f3 adatkezel\u00e9ssel kapcsolatban e szab\u00e1lyzatnak az \u00e9rintett jogair\u00f3l sz\u00f3l\u00f3 fejezet\u00e9ben \u00edrt jogokkal \u00e9lhet.<\/span><\/p>\r\n<p align=\"JUSTIFY\"><span style=\"font-family: 'Calibri Light', serif;\"><b>5. Sz\u00e1m\u00edt\u00f3g\u00e9p, laptop, tablet ellen\u0151rz\u00e9s\u00e9vel kapcsolatos adatkezel\u00e9s<\/b><\/span><\/p>\r\n<p align=\"JUSTIFY\"><span style=\"font-family: 'Calibri Light', serif;\">(1)\u00a0<\/span><span style=\"font-family: 'Calibri Light', serif;\">A Szervezet \u00e1ltal a munkav\u00e1llal\u00f3 r\u00e9sz\u00e9re munkav\u00e9gz\u00e9s c\u00e9lj\u00e1ra rendelkez\u00e9sre bocs\u00e1tott sz\u00e1m\u00edt\u00f3g\u00e9pet, laptopot, tabletet a munkav\u00e1llal\u00f3 kiz\u00e1r\u00f3lag munkak\u00f6ri feladata ell\u00e1t\u00e1s\u00e1ra haszn\u00e1lhatja, ezek mag\u00e1nc\u00e9l\u00fa haszn\u00e1lat\u00e1t A Szervezet megtiltja, ezen eszk\u00f6z\u00f6k\u00f6n a munkav\u00e1llal\u00f3 semmilyen szem\u00e9lyes adatot, levelez\u00e9s\u00e9t nem kezelheti \u00e9s nem t\u00e1rolhatja. A munk\u00e1ltat\u00f3 ezen eszk\u00f6z\u00f6k\u00f6n t\u00e1rolt adatokat ellen\u0151rizheti. Ezen eszk\u00f6z\u00f6k munk\u00e1ltat\u00f3 \u00e1ltali ellen\u0151rz\u00e9s\u00e9re \u00e9s jogk\u00f6vetkezm\u00e9nyire egyebekben az el\u0151bbi 9. rendelkez\u00e9sei ir\u00e1nyad\u00f3k.<\/span><\/p>\r\n<p align=\"JUSTIFY\"><span style=\"font-family: 'Calibri Light', serif;\"><b>6. A munkahelyi internethaszn\u00e1lat ellen\u0151rz\u00e9s\u00e9vel kapcsolatos adatkezel\u00e9s<\/b><\/span><\/p>\r\n<p align=\"JUSTIFY\"><span style=\"font-family: 'Calibri Light', serif;\">(1) A munkav\u00e1llal\u00f3 csak a munkak\u00f6ri feladat\u00e1val kapcsolatos honlapokat tekintheti meg, a szem\u00e9lyes c\u00e9l\u00fa munkahelyi internethaszn\u00e1latot a munk\u00e1ltat\u00f3 megtiltja.<\/span><\/p>\r\n<p align=\"JUSTIFY\"><span style=\"font-family: 'Calibri Light', serif;\">(2) A munkak\u00f6ri feladatk\u00e9nt A Szervezet nev\u00e9ben elv\u00e9gzett internetes regisztr\u00e1ci\u00f3k jogosultja A Szervezet, a regisztr\u00e1ci\u00f3 sor\u00e1n A Szervezetre utal\u00f3 azonos\u00edt\u00f3t, jelsz\u00f3t kell alkalmazni. Amennyiben a szem\u00e9lyes adatok megad\u00e1sa is sz\u00fcks\u00e9ges a regisztr\u00e1ci\u00f3hoz, a munkaviszony megsz\u0171n\u00e9sekor azok t\u00f6rl\u00e9s\u00e9t k\u00f6teles kezdem\u00e9nyezni A Szervezet.<\/span><\/p>\r\n<p align=\"JUSTIFY\"><span style=\"font-family: 'Calibri Light', serif;\">(3) A munkav\u00e1llal\u00f3 munkahelyi internethaszn\u00e1lat a munk\u00e1ltat\u00f3 ellen\u0151r\u00edzheti, amelyre \u00e9s jogk\u00f6vetkezm\u00e9nyire a 9. rendelkez\u00e9sei ir\u00e1nyad\u00f3k.<\/span><\/p>\r\n<p align=\"JUSTIFY\"><span style=\"font-family: 'Calibri Light', serif;\"><b>7. C\u00e9ges mobiltelefon haszn\u00e1lat\u00e1nak ellen\u0151rz\u00e9s\u00e9vel kapcsolatos adatkezel\u00e9s<\/b><\/span><\/p>\r\n<p align=\"JUSTIFY\"><span style=\"font-family: 'Calibri Light', serif;\">(1) A munk\u00e1ltat\u00f3 nem enged\u00e9lyezi a c\u00e9ges mobiltelefon mag\u00e1nc\u00e9l\u00fa haszn\u00e1lat\u00e1t, a mobiltelefon csak munkav\u00e9gz\u00e9ssel \u00f6sszef\u00fcgg\u0151 c\u00e9lokra haszn\u00e1lhat\u00f3, \u00e9s a munk\u00e1ltat\u00f3 valamennyi kimen\u0151 h\u00edv\u00e1s h\u00edv\u00f3sz\u00e1m\u00e1t \u00e9s adatait, tov\u00e1bb\u00e1 a mobiltelefonon t\u00e1rolt adatokat ellen\u0151rizheti.<\/span><\/p>\r\n<p align=\"JUSTIFY\"><span style=\"font-family: 'Calibri Light', serif;\">(2) A munkav\u00e1llal\u00f3 k\u00f6teles bejelenteni a munk\u00e1ltat\u00f3nak, ha a c\u00e9ges mobiltelefont mag\u00e1nc\u00e9lra haszn\u00e1lta. Ez esetben az ellen\u0151rz\u00e9s akk\u00e9nt folytathat\u00f3 le, hogy\u00a0<\/span><span style=\"font-family: 'Calibri Light', serif;\">a munk\u00e1ltat\u00f3 h\u00edv\u00e1sr\u00e9szletez\u0151t k\u00e9r a telefonszolg\u00e1ltat\u00f3t\u00f3l \u00e9s felh\u00edvja a munkav\u00e1llal\u00f3t arra, hogy a dokumentumon a mag\u00e1nc\u00e9l\u00fa h\u00edv\u00e1sok eset\u00e9ben a h\u00edvott sz\u00e1mokat tegye felismerhetetlenn\u00e9. A munk\u00e1ltat\u00f3 el\u0151\u00edrhatja, hogy a mag\u00e1nc\u00e9l\u00fa h\u00edv\u00e1sok k\u00f6lts\u00e9geit a munkav\u00e1llal\u00f3 viselje.<\/span><\/p>\r\n<p align=\"JUSTIFY\"><span style=\"font-family: 'Calibri Light', serif;\">(3) Egyebekben a<\/span><span style=\"font-family: 'Calibri Light', serif;\">z ellen\u0151rz\u00e9sre \u00e9s jogk\u00f6vetkezm\u00e9nyire a 9. pont rendelkez\u00e9sei ir\u00e1nyad\u00f3k.<\/span><\/p>\r\n<p align=\"JUSTIFY\"><span style=\"font-family: 'Calibri Light', serif;\"><b>8. Munkahelyi be- \u00e9s kil\u00e9ptet\u00e9ssel kapcsolatos adatkezel\u00e9s<\/b><\/span><\/p>\r\n<p align=\"JUSTIFY\"><span style=\"font-family: 'Calibri Light', serif;\">(1) Bel\u00e9ptet\u0151 rendszer m\u0171k\u00f6dtet\u00e9se eset\u00e9n t\u00e1j\u00e9koztat\u00e1st kell elhelyezni az adatkezel\u0151 szem\u00e9ly\u00e9r\u0151l \u00e9s az adatok kezel\u00e9s\u00e9nek m\u00f3dj\u00e1r\u00f3l.<\/span><\/p>\r\n<p align=\"JUSTIFY\"><span style=\"font-family: 'Calibri Light', serif;\">(2) A kezelhet\u0151 szem\u00e9lyes adatok k\u00f6re: a term\u00e9szetes szem\u00e9ly neve, lakc\u00edme, g\u00e9pkocsi rendsz\u00e1ma, bel\u00e9p\u00e9s, kil\u00e9p\u00e9s ideje.<\/span><\/p>\r\n<p align=\"JUSTIFY\"><span style=\"font-family: 'Calibri Light', serif;\">(3) Az adatkezel\u00e9s jogalapja: a munk\u00e1ltat\u00f3 jogos \u00e9rdekeinek \u00e9rv\u00e9nyes\u00edt\u00e9se.<\/span><\/p>\r\n<p align=\"JUSTIFY\"><span style=\"font-family: 'Calibri Light', serif;\">(4) A szem\u00e9lyes adatok kezel\u00e9s\u00e9nek c\u00e9lja: vagyonv\u00e9delem, szerz\u0151d\u00e9s teljes\u00edt\u00e9se, munkav\u00e1llal\u00f3i k\u00f6telezetts\u00e9gek teljes\u00edt\u00e9s\u00e9nek ellen\u0151rz\u00e9se.<\/span><\/p>\r\n<p align=\"JUSTIFY\"><span style=\"font-family: 'Calibri Light', serif;\">(5) A szem\u00e9lyes adatok c\u00edmzettjei, illetve a c\u00edmzettek kateg\u00f3ri\u00e1i: A Szervezetn\u00e9l munk\u00e1ltat\u00f3i jogok gyakorl\u00e1s\u00e9ra jogosult vezet\u0151, adatfeldolgoz\u00f3k\u00e9nt A Szervezet vagyonv\u00e9delmi megb\u00edzottj\u00e1nak foglalkoztatottjai.<\/span><\/p>\r\n<p align=\"JUSTIFY\"><span style=\"font-family: 'Calibri Light', serif;\">(6) A szem\u00e9lyes adatok kezel\u00e9s\u00e9nek id\u0151tartama: 6 h\u00f3nap.<\/span><\/p>\r\n<p align=\"JUSTIFY\"><span style=\"font-family: 'Calibri Light', serif;\"><b>9. Munkahelyi \u00e9s l\u00e1togat\u00f3 kamer\u00e1s megfigyel\u00e9ssel kapcsolatos adatkezel\u00e9s<\/b><\/span><\/p>\r\n<p align=\"JUSTIFY\"><span style=\"font-family: 'Calibri Light', serif;\">(1) Szervezet\u00fcnk a sz\u00e9khely\u00e9n, telephely\u00e9n, az partnerfogad\u00e1sara nyitva \u00e1ll\u00f3 helyis\u00e9geiben az emberi \u00e9let, testi \u00e9ps\u00e9g, szem\u00e9lyi szabads\u00e1g, az \u00fczleti titok v\u00e9delme \u00e9s a vagyonv\u00e9delem c\u00e9lj\u00e1b\u00f3l elektronikus megfigyel\u0151rendszert alkalmaz, amely k\u00e9p-, \u00e9s hangr\u00f6gz\u00edt\u00e9st is lehet\u0151v\u00e9 tesz, ez alapj\u00e1n szem\u00e9lyes adatnak tekinthet\u0151 az \u00e9rintett magatart\u00e1sa is, amit a kamera r\u00f6gz\u00edt.<\/span><\/p>\r\n<p align=\"JUSTIFY\"><span style=\"font-family: 'Calibri Light', serif;\">(2) Ezen adatkezel\u00e9s jogalapja a munk\u00e1ltat\u00f3 jogos \u00e9rdekein \u00e9rv\u00e9nyes\u00edt\u00e9se \u00e9s az \u00e9rintett hozz\u00e1j\u00e1rul\u00e1sa.<\/span><\/p>\r\n<p align=\"JUSTIFY\"><span style=\"font-family: 'Calibri Light', serif;\">(3) Az elektronikus megfigyel\u0151rendszer adott ter\u00fcleten t\u00f6rt\u00e9n\u0151 alkalmaz\u00e1s\u00e1nak t\u00e9ny\u00e9r\u0151l j\u00f3l l\u00e1that\u00f3 helyen, j\u00f3l olvashat\u00f3an, a ter\u00fcleten megjelenni k\u00edv\u00e1n\u00f3 harmadik szem\u00e9lyes t\u00e1j\u00e9koz\u00f3d\u00e1s\u00e1t el\u0151seg\u00edt\u0151 m\u00f3don figyelemfelh\u00edv\u00f3 jelz\u00e9st, t\u00e1j\u00e9koztat\u00e1st kell elhelyezni. A t\u00e1j\u00e9koztat\u00e1st minden egyes kamera vonatkoz\u00e1s\u00e1ban meg kell adni. Ez a t\u00e1j\u00e9koztat\u00e1s tartalmazza az elektronikai vagyonv\u00e9delmi rendszer \u00e1ltal folytatott megfigyel\u00e9s t\u00e9ny\u00e9r\u0151l, valamint a rendszer \u00e1ltal r\u00f6gz\u00edtett, szem\u00e9lyes adatokat tartalmaz\u00f3 k\u00e9p- \u00e9s hangfelv\u00e9tel k\u00e9sz\u00edt\u00e9s\u00e9nek, t\u00e1rol\u00e1s\u00e1nak c\u00e9lj\u00e1r\u00f3l, az adatkezel\u00e9s jogalapj\u00e1r\u00f3l, a felv\u00e9tel t\u00e1rol\u00e1s\u00e1nak hely\u00e9r\u0151l, a t\u00e1rol\u00e1s id\u0151tartam\u00e1r\u00f3l, a rendszert alkalmaz\u00f3 (\u00fczemeltet\u0151) szem\u00e9ly\u00e9r\u0151l, az adatok megismer\u00e9s\u00e9re jogosult szem\u00e9lyek k\u00f6r\u00e9r\u0151l, tov\u00e1bb\u00e1 az \u00e9rintettek jogaira \u00e9s \u00e9rv\u00e9nyes\u00edt\u00e9s\u00fck rendj\u00e9re vonatkoz\u00f3 rendelkez\u00e9seir\u0151l sz\u00f3l\u00f3 t\u00e1j\u00e9koztat\u00e1st is.<\/span><\/p>\r\n<p align=\"JUSTIFY\"><span style=\"font-family: 'Calibri Light', serif;\">(4) A megfigyelt ter\u00fcletre bel\u00e9p\u0151 harmadik szem\u00e9lyekr\u0151l (\u00fcgyfelek, l\u00e1togat\u00f3k, vend\u00e9gek) k\u00e9p \u00e9s hangfelv\u00e9tel a hozz\u00e1j\u00e1rul\u00e1sukkal k\u00e9sz\u00edthet\u0151 \u00e9s kezelhet\u0151. A hozz\u00e1j\u00e1rul\u00e1s r\u00e1utal\u00f3 magatart\u00e1ssal is megadhat\u00f3. R\u00e1utal\u00f3 magatart\u00e1s k\u00fcl\u00f6n\u00f6sen, ha az ott tart\u00f3zkod\u00f3 term\u00e9szetes szem\u00e9ly a megfigyelt ter\u00fcletre az oda kihelyezett elektronikus megfigyel\u0151-rendszer alkalmaz\u00e1s\u00e1r\u00f3l t\u00e1j\u00e9koztat\u00f3 jelz\u00e9s, ismertet\u00e9s ellen\u00e9re a ter\u00fcletre bemegy.<\/span><\/p>\r\n<p align=\"JUSTIFY\"><span style=\"font-family: 'Calibri Light', serif;\">(5) A r\u00f6gz\u00edtett felv\u00e9telek felhaszn\u00e1l\u00e1s hi\u00e1ny\u00e1ban maximum 3 munkanapig \u0151rizhet\u0151k meg. Felhaszn\u00e1l\u00e1snak az min\u0151s\u00fcl, ha a r\u00f6gz\u00edtett k\u00e9p-, hang-, vagy k\u00e9p \u00e9s hangfelv\u00e9telt, valamint m\u00e1s szem\u00e9lyes adatot b\u00edr\u00f3s\u00e1gi, vagy m\u00e1s hat\u00f3s\u00e1gi elj\u00e1r\u00e1sban bizony\u00edt\u00e9kk\u00e9nt k\u00edv\u00e1nj\u00e1k felhaszn\u00e1lni.<\/span><\/p>\r\n<p align=\"JUSTIFY\"><span style=\"font-family: 'Calibri Light', serif;\">(6) Az, akinek jog\u00e1t vagy jogos \u00e9rdek\u00e9t a k\u00e9p-, hang-, vagy k\u00e9p- \u00e9s hangfelv\u00e9tel adat\u00e1nak r\u00f6gz\u00edt\u00e9se \u00e9rinti, a k\u00e9p-, hang, valamint k\u00e9p- \u00e9s hangfelv\u00e9tel r\u00f6gz\u00edt\u00e9s\u00e9t\u0151l sz\u00e1m\u00edtott h\u00e1rom munkanapon bel\u00fcl jog\u00e1nak vagy jogos \u00e9rdek\u00e9nek igazol\u00e1s\u00e1val k\u00e9rheti, hogy az adatot annak kezel\u0151je ne semmis\u00edtse meg, illetve ne t\u00f6r\u00f6lje.<\/span><\/p>\r\n<p align=\"JUSTIFY\"><span style=\"font-family: 'Calibri Light', serif;\"><b>Zirci Ap\u00e1ts\u00e1gi Manufakt\u00fara<\/b><\/span><\/p>\r\n\r\n<table width=\"595\" cellspacing=\"0\" cellpadding=\"7\"><colgroup> <col width=\"117\" \/> <col width=\"109\" \/> <col width=\"128\" \/> <col width=\"184\" \/><\/colgroup>\r\n<tbody>\r\n<tr valign=\"TOP\">\r\n<td bgcolor=\"#ffffff\" width=\"117\">\r\n<p align=\"CENTER\"><span style=\"font-family: 'Calibri Light', serif;\"><span style=\"font-size: small;\">Kamera sz\u00e1ma<\/span><\/span><\/p>\r\n<\/td>\r\n<td bgcolor=\"#ffffff\" width=\"109\">\r\n<p align=\"CENTER\"><span style=\"font-family: 'Calibri Light', serif;\"><span style=\"font-size: small;\">Kihelyez\u00e9s helye<\/span><\/span><\/p>\r\n<\/td>\r\n<td bgcolor=\"#ffffff\" width=\"128\">\r\n<p align=\"CENTER\"><span style=\"font-family: 'Calibri Light', serif;\"><span style=\"font-size: small;\">Megfigyelt ter\u00fclet<\/span><\/span><\/p>\r\n<\/td>\r\n<td bgcolor=\"#ffffff\" width=\"184\">\r\n<p align=\"CENTER\"><span style=\"font-family: 'Calibri Light', serif;\"><span style=\"font-size: small;\">Kihelyez\u00e9s c\u00e9lja<\/span><\/span><\/p>\r\n<\/td>\r\n<\/tr>\r\n<tr valign=\"TOP\">\r\n<td bgcolor=\"#ffffff\" width=\"117\">\r\n<p align=\"CENTER\"><span style=\"font-family: 'Calibri Light', serif;\"><span style=\"font-size: small;\">1-es sz\u00e1m\u00fa kamera<\/span><\/span><\/p>\r\n<\/td>\r\n<td bgcolor=\"#ffffff\" width=\"109\">\r\n<p align=\"CENTER\"><span style=\"font-family: 'Calibri Light', serif;\"><span style=\"font-size: small;\">S\u00f6rf\u0151z\u0151<\/span><\/span><\/p>\r\n<\/td>\r\n<td bgcolor=\"#ffffff\" width=\"128\">\r\n<p align=\"CENTER\"><span style=\"font-family: 'Calibri Light', serif;\"><span style=\"font-size: small;\">F\u0151bej\u00e1rat<\/span><\/span><\/p>\r\n<\/td>\r\n<td bgcolor=\"#ffffff\" width=\"184\">\r\n<p align=\"CENTER\"><span style=\"font-family: 'Calibri Light', serif;\"><span style=\"font-size: small;\">Biztons\u00e1g \u00e9s vagyonv\u00e9delem<\/span><\/span><\/p>\r\n<\/td>\r\n<\/tr>\r\n<\/tbody>\r\n<\/table>\r\n<p align=\"CENTER\"><span style=\"color: #000000;\"><span style=\"font-family: 'Calibri Light', serif;\"><span style=\"font-size: large;\"><b>IV. fejezet<\/b><\/span><\/span><\/span><\/p>\r\n<p align=\"CENTER\"><span style=\"color: #000000;\"><span style=\"font-family: 'Calibri Light', serif;\"><span style=\"font-size: large;\"><b>Szerz\u0151d\u00e9shez kapcsol\u00f3d\u00f3 adatkezel\u00e9sek<\/b><\/span><\/span><\/span><\/p>\r\n&nbsp;\r\n<p align=\"JUSTIFY\"><span style=\"color: #000000;\"><span style=\"font-family: 'Calibri Light', serif;\"><b>1. Szerz\u0151d\u0151 partnerek adatainak kezel\u00e9se \u2013 vev\u0151k, sz\u00e1ll\u00edt\u00f3k nyilv\u00e1ntart\u00e1sa<\/b><\/span><\/span><\/p>\r\n<p align=\"JUSTIFY\"><span style=\"color: #000000;\"><span style=\"font-family: 'Calibri Light', serif;\">(1) Szervezet\u00fcnk szerz\u0151d\u00e9s teljes\u00edt\u00e9se jogc\u00edm\u00e9n a szerz\u0151d\u00e9s megk\u00f6t\u00e9se, teljes\u00edt\u00e9se, megsz\u0171n\u00e9se, szerz\u0151d\u00e9si kedvezm\u00e9ny ny\u00fajt\u00e1sa c\u00e9lj\u00e1b\u00f3l kezeli a vele vev\u0151k\u00e9nt, sz\u00e1ll\u00edt\u00f3k\u00e9nt szerz\u0151d\u00f6tt term\u00e9szetes szem\u00e9ly nev\u00e9t, sz\u00fclet\u00e9si nev\u00e9t, sz\u00fclet\u00e9si idej\u00e9t, anyja nev\u00e9t, lakc\u00edm\u00e9t, ad\u00f3azonos\u00edt\u00f3 jel\u00e9t, ad\u00f3sz\u00e1m\u00e1t, v\u00e1llalkoz\u00f3i, \u0151stermel\u0151i igazolv\u00e1ny sz\u00e1m\u00e1t, szem\u00e9lyi igazolv\u00e1ny sz\u00e1m\u00e1t, lakc\u00edm\u00e9t, sz\u00e9khely, telephely c\u00edm\u00e9t, telefonsz\u00e1m\u00e1t, e-mail c\u00edm\u00e9t, honlap-c\u00edm\u00e9t, banksz\u00e1mlasz\u00e1m\u00e1t, vev\u0151sz\u00e1m\u00e1t (partnersz\u00e1m\u00e1t, rendel\u00e9ssz\u00e1m\u00e1t), online azonos\u00edt\u00f3j\u00e1t (vev\u0151k, sz\u00e1ll\u00edt\u00f3k list\u00e1ja, t\u00f6rzsv\u00e1s\u00e1rl\u00e1si list\u00e1k), Ezen adatkezel\u00e9s jogszer\u0171nek min\u0151s\u00fcl akkor is, ha az adatkezel\u00e9s a szerz\u0151d\u00e9s megk\u00f6t\u00e9s\u00e9t megel\u0151z\u0151en az \u00e9rintett k\u00e9r\u00e9s\u00e9re t\u00f6rt\u00e9n\u0151 l\u00e9p\u00e9sek megt\u00e9tel\u00e9hez sz\u00fcks\u00e9ges. A szem\u00e9lyes adatok c\u00edmzettjei: a Szervezet\u00a0<\/span><\/span><span style=\"color: #000000;\"><span style=\"font-family: 'Calibri Light', serif;\">partnerkiszolg\u00e1l\u00e1ssal kapcsolatos feladatokat ell\u00e1t\u00f3 munkav\u00e1llal\u00f3i, k\u00f6nyvel\u00e9si, ad\u00f3z\u00e1si feladatokat ell\u00e1t\u00f3 munkav\u00e1llal\u00f3i, \u00e9s adatfeldolgoz\u00f3i.<\/span><\/span><span style=\"color: #000000;\"><span style=\"font-family: 'Calibri Light', serif;\">\u00a0A szem\u00e9lyes adatok kezel\u00e9s\u00e9nek id\u0151tartama: a szerz\u0151d\u00e9s megsz\u0171n\u00e9s\u00e9t k\u00f6vet\u0151 5 \u00e9v.<\/span><\/span><\/p>\r\n<p align=\"JUSTIFY\"><span style=\"color: #000000;\"><span style=\"font-family: 'Calibri Light', serif;\">(2) Az \u00e9rintettel az adatkezel\u00e9s megkezd\u00e9se el\u0151tt k\u00f6z\u00f6lni kell, hogy az adatkezel\u00e9s a szerz\u0151d\u00e9s teljes\u00edt\u00e9se jogc\u00edm\u00e9n alapul, az a t\u00e1j\u00e9koztat\u00e1s t\u00f6rt\u00e9nhet a szerz\u0151d\u00e9sben is.<\/span><\/span><\/p>\r\n<p align=\"JUSTIFY\"><span style=\"color: #000000;\"><span style=\"font-family: 'Calibri Light', serif;\">(3) Az \u00e9rintettet szem\u00e9lyes adatai adatfeldolgoz\u00f3 r\u00e9sz\u00e9re t\u00f6rt\u00e9n\u0151 \u00e1tad\u00e1s\u00e1r\u00f3l t\u00e1j\u00e9koztatni kell.<\/span><\/span><\/p>\r\n<p align=\"JUSTIFY\"><span style=\"color: #000000;\"><span style=\"font-family: 'Calibri Light', serif;\"><b>2. Jogi szem\u00e9ly partnerek, vev\u0151k, sz\u00e1ll\u00edt\u00f3k term\u00e9szetes szem\u00e9ly k\u00e9pvisel\u0151inek el\u00e9rhet\u0151s\u00e9gi adatai<\/b><\/span><\/span><\/p>\r\n<p align=\"JUSTIFY\"><span style=\"color: #000000;\"><span style=\"font-family: 'Calibri Light', serif;\">(1) A kezelhet\u0151 szem\u00e9lyes adatok k\u00f6re: a term\u00e9szetes szem\u00e9ly neve, c\u00edme, telefonsz\u00e1ma, e-mail c\u00edme, online azonos\u00edt\u00f3ja.<\/span><\/span><\/p>\r\n<p align=\"JUSTIFY\"><span style=\"color: #000000;\"><span style=\"font-family: 'Calibri Light', serif;\">(2) A szem\u00e9lyes adatok kezel\u00e9s\u00e9nek c\u00e9lja: A Szervezet jogi szem\u00e9ly partner\u00e9vel k\u00f6t\u00f6tt szerz\u0151d\u00e9s teljes\u00edt\u00e9se, \u00fczleti kapcsolattart\u00e1s, jogalapja: az \u00e9rintett hozz\u00e1j\u00e1rul\u00e1sa.<\/span><\/span><\/p>\r\n<p align=\"JUSTIFY\"><span style=\"color: #000000;\"><span style=\"font-family: 'Calibri Light', serif;\">(3) A szem\u00e9lyes adatok c\u00edmzettjei, illetve a c\u00edmzettek kateg\u00f3ri\u00e1i: A Szervezet\u00a0<\/span><\/span><span style=\"color: #000000;\"><span style=\"font-family: 'Calibri Light', serif;\">partnerszolg\u00e1lattal kapcsolatos feladatokat ell\u00e1t\u00f3 munkav\u00e1llal\u00f3i.<\/span><\/span><\/p>\r\n<p align=\"JUSTIFY\"><span style=\"color: #000000;\"><span style=\"font-family: 'Calibri Light', serif;\">(4) A szem\u00e9lyes adatok t\u00e1rol\u00e1s\u00e1nak id\u0151tartama: az \u00fczleti kapcsolat, illetve az \u00e9rintett k\u00e9pvisel\u0151i min\u0151s\u00e9g\u00e9nek fenn\u00e1ll\u00e1s\u00e1t k\u00f6vet\u0151 5 \u00e9vig.<\/span><\/span><\/p>\r\n<p align=\"JUSTIFY\"><span style=\"font-family: 'Calibri Light', serif;\"><b>3. L\u00e1togat\u00f3i adatkezel\u00e9s a Szervezet honlapj\u00e1n<\/b><\/span><\/p>\r\n<p align=\"JUSTIFY\"><span style=\"font-family: 'Calibri Light', serif;\">(1) A S\u00fctik (cookie-k)<\/span><span style=\"font-family: 'Calibri Light', serif;\"><b>\u00a0<\/b><\/span><span style=\"font-family: 'Calibri Light', serif;\">r\u00f6vid adatf\u00e1jlok, melyeket a megl\u00e1togatott honlap helyez el a felhaszn\u00e1l\u00f3 sz\u00e1m\u00edt\u00f3g\u00e9p\u00e9n. A cookie c\u00e9lja, hogy az adott infokommunik\u00e1ci\u00f3s, internetes szolg\u00e1ltat\u00e1st megk\u00f6nny\u00edtse, k\u00e9nyelmesebb\u00e9 tegye. Sz\u00e1mos fajt\u00e1ja l\u00e9tezik, de \u00e1ltal\u00e1ban k\u00e9t nagy csoportba sorolhat\u00f3ak. Az egyik az ideiglenes cookie, amelyet a honlap csak egy adott munkamenet sor\u00e1n (pl.: egy internetes bankol\u00e1s biztons\u00e1gi azonos\u00edt\u00e1sa alatt) helyez el a felhaszn\u00e1l\u00f3 eszk\u00f6z\u00e9n, a m\u00e1sik fajt\u00e1ja az \u00e1lland\u00f3 cookie (pl.: egy honlap nyelvi be\u00e1ll\u00edt\u00e1sa), amely addig a sz\u00e1m\u00edt\u00f3g\u00e9pen marad, am\u00edg a felhaszn\u00e1l\u00f3 le nem t\u00f6rli azt. Az Eur\u00f3pai Bizotts\u00e1g ir\u00e1nyelvei alapj\u00e1n cookie-kat [kiv\u00e9ve, ha azok az adott szolg\u00e1ltat\u00e1s haszn\u00e1lat\u00e1hoz elengedhetetlen\u00fcl sz\u00fcks\u00e9gesek] csak a felhaszn\u00e1l\u00f3 enged\u00e9ly\u00e9vel lehet a felhaszn\u00e1l\u00f3 eszk\u00f6z\u00e9n elhelyezni.<\/span><span style=\"font-family: 'Calibri Light', serif;\">\u00a0<\/span><\/p>\r\n<p align=\"JUSTIFY\"><span style=\"font-family: 'Calibri Light', serif;\">(2) A felhaszn\u00e1l\u00f3 hozz\u00e1j\u00e1rul\u00e1s\u00e1t nem ig\u00e9nyl\u0151 s\u00fctik eset\u00e9ben a honlap els\u0151 l\u00e1togat\u00e1sa sor\u00e1n kell t\u00e1j\u00e9koztat\u00e1st ny\u00fajtani. Nem sz\u00fcks\u00e9ges, hogy a s\u00fctikre vonatkoz\u00f3 t\u00e1j\u00e9koztat\u00f3 teljes sz\u00f6vege megjelenjen a honlapon, elegend\u0151,<\/span><\/p>\r\n<p align=\"JUSTIFY\"><span style=\"font-family: 'Calibri Light', serif;\">ha a honlap \u00fczemeltet\u0151i r\u00f6viden \u00f6sszefoglalj\u00e1k a t\u00e1j\u00e9koztat\u00e1s l\u00e9nyeg\u00e9t, \u00e9s egy linken kereszt\u00fcl utalnak a teljes k\u00f6r\u0171 t\u00e1j\u00e9koztat\u00f3 el\u00e9rhet\u0151s\u00e9g\u00e9re.<\/span><\/p>\r\n<p align=\"JUSTIFY\"><span style=\"font-family: 'Calibri Light', serif;\">(3) A hozz\u00e1j\u00e1rul\u00e1st ig\u00e9nyl\u0151 s\u00fctik eset\u00e9ben a t\u00e1j\u00e9koztat\u00e1s kapcsol\u00f3dhat a honlap els\u0151 l\u00e1togat\u00e1s\u00e1hoz is abban az esetben, ha a s\u00fctik alkalmaz\u00e1s\u00e1val egy\u00fctt j\u00e1r\u00f3 adatkezel\u00e9s m\u00e1r az oldal felkeres\u00e9s\u00e9vel megkezd\u0151dik. Amennyiben a s\u00fcti alkalmaz\u00e1s\u00e1ra a felhaszn\u00e1l\u00f3 \u00e1ltal kifejezetten k\u00e9rt funkci\u00f3 ig\u00e9nybev\u00e9tel\u00e9hez kapcsol\u00f3dik, akkor a t\u00e1j\u00e9koztat\u00e1s is megjelenhet e funkci\u00f3 ig\u00e9nybev\u00e9tel\u00e9hez kapcsol\u00f3d\u00f3an. Ebben az esetben sem sz\u00fcks\u00e9ges az, hogy a s\u00fctikre vonatkoz\u00f3 t\u00e1j\u00e9koztat\u00f3 teljes sz\u00f6vege megjelenjen a honlapon, elegend\u0151 egy r\u00f6vid \u00f6sszefoglal\u00f3 a t\u00e1j\u00e9koztat\u00e1s l\u00e9nyeg\u00e9r\u0151l, \u00e9s egy linken kereszt\u00fcl utal\u00e1s a teljes k\u00f6r\u0171 t\u00e1j\u00e9koztat\u00f3 el\u00e9rhet\u0151s\u00e9g\u00e9re.<\/span><\/p>\r\n<p align=\"JUSTIFY\"><span style=\"font-family: 'Calibri Light', serif;\"><b>4.\u00a0<\/b><\/span><b><\/b><span style=\"font-family: 'Calibri Light', serif;\"><b>T\u00e1j\u00e9koztat\u00e1s s\u00fctik (cookie) alkalmaz\u00e1s\u00e1r\u00f3l<\/b><\/span><\/p>\r\n<p align=\"JUSTIFY\"><span style=\"font-family: 'Calibri Light', serif;\">(1) Az \u00e1ltal\u00e1nos elterjedt internetes gyakorlatnak megfelel\u0151en Szervezet\u00fcnk is haszn\u00e1l s\u00fctiket (cookie) a weboldal\u00e1n.\u00a0<\/span><span style=\"font-family: 'Calibri Light', serif;\">A cookie egy kis f\u00e1jl, amely egy sor karaktert tartalmaz, \u00e9s amely akkor ker\u00fcl a l\u00e1togat\u00f3 sz\u00e1m\u00edt\u00f3g\u00e9p\u00e9re, amikor az egy webhelyet keres fel. Amikor ism\u00e9t felkeresi az adott webhelyet, a cookie-nak k\u00f6sz\u00f6nhet\u0151en a webhely k\u00e9pes felismerni a l\u00e1togat\u00f3 b\u00f6ng\u00e9sz\u0151j\u00e9t. A cookie-k t\u00e1rolhatnak felhaszn\u00e1l\u00f3i be\u00e1ll\u00edt\u00e1sokat (pl. v\u00e1lasztott nyelv) \u00e9s egy\u00e9b inform\u00e1ci\u00f3kat is.\u00a0<\/span><span style=\"font-family: 'Calibri Light', serif;\">T\u00f6bbek k\u00f6z\u00f6tt inform\u00e1ci\u00f3t gy\u0171jtenek a l\u00e1togat\u00f3r\u00f3l \u00e9s eszk\u00f6z\u00e9r\u0151l, megjegyzik a l\u00e1togat\u00f3 egy\u00e9ni be\u00e1ll\u00edt\u00e1sait, felhaszn\u00e1l\u00e1sra ker\u00fclhetnek pl. az online bev\u00e1s\u00e1rl\u00f3kosarak haszn\u00e1latakor. A s\u00fctik \u00e1ltal\u00e1noss\u00e1gban megk\u00f6nny\u00edtik a weboldal haszn\u00e1lat\u00e1t, el\u0151seg\u00edtik, hogy a weboldal a felhaszn\u00e1l\u00f3k sz\u00e1m\u00e1ra igazi webes \u00e9lm\u00e9nyt ny\u00fajtson, \u00e9s hat\u00e9kony inform\u00e1ci\u00f3forr\u00e1st jelentsen, tov\u00e1bb\u00e1 biztos\u00edtj\u00e1k a weboldal \u00fczemeltet\u0151je r\u00e9sz\u00e9re az oldal m\u0171k\u00f6d\u00e9s\u00e9nek ellen\u0151rz\u00e9s\u00e9t, vissza\u00e9l\u00e9sek megakad\u00e1lyoz\u00e1s\u00e1t \u00e9s a weboldalon ny\u00fajtott szolg\u00e1ltat\u00e1sok zavartalan \u00e9s megfelel\u0151 sz\u00ednvonal\u00fa biztos\u00edt\u00e1s\u00e1t.<\/span><\/p>\r\n<span style=\"font-family: 'Calibri Light', serif;\">(2) Szervezet\u00fcnk honlapja a weboldal haszn\u00e1lata sor\u00e1n a l\u00e1togat\u00f3r\u00f3l, illetve az \u00e1ltala b\u00f6ng\u00e9sz\u00e9sre haszn\u00e1lt eszk\u00f6zr\u0151l az al\u00e1bbi adatokat r\u00f6gz\u00edti \u00e9s kezeli:<\/span><span style=\"font-family: 'Calibri Light', serif;\">\r\n<\/span><span style=\"font-family: 'Calibri Light', serif;\">\u2022 az l\u00e1togat\u00f3 \u00e1ltal haszn\u00e1lt IP c\u00edm,<\/span><span style=\"font-family: 'Calibri Light', serif;\">\r\n<\/span><span style=\"font-family: 'Calibri Light', serif;\">\u2022 a b\u00f6ng\u00e9sz\u0151 t\u00edpusa,<\/span><span style=\"font-family: 'Calibri Light', serif;\">\r\n<\/span><span style=\"font-family: 'Calibri Light', serif;\">\u2022 a b\u00f6ng\u00e9sz\u00e9sre haszn\u00e1lt eszk\u00f6z oper\u00e1ci\u00f3s rendszer\u00e9nek jellemz\u0151i (be\u00e1ll\u00edtott nyelv),<\/span><span style=\"font-family: 'Calibri Light', serif;\">\r\n<\/span><span style=\"font-family: 'Calibri Light', serif;\">\u2022 l\u00e1togat\u00e1s id\u0151pontja,<\/span><span style=\"font-family: 'Calibri Light', serif;\">\r\n<\/span><span style=\"font-family: 'Calibri Light', serif;\">\u2022 a megl\u00e1togatott (al)oldal, funkci\u00f3 vagy szolg\u00e1ltat\u00e1s.<\/span>\r\n<p align=\"JUSTIFY\"><span style=\"font-family: 'Calibri Light', serif;\">(3) A s\u00fctik haszn\u00e1lat\u00e1nak elfogad\u00e1sa, enged\u00e9lyez\u00e9se nem k\u00f6telez\u0151.\u00a0<\/span><span style=\"font-family: 'Calibri Light', serif;\">Vissza\u00e1ll\u00edthatja b\u00f6ng\u00e9sz\u0151je be\u00e1ll\u00edt\u00e1sait, hogy az utas\u00edtsa el az \u00f6sszes cookie-t, vagy hogy jelezze, ha a rendszer \u00e9ppen egy cookie-t k\u00fcld.\u00a0<\/span><span style=\"font-family: 'Calibri Light', serif;\">A legt\u00f6bb b\u00f6ng\u00e9sz\u0151 ugyan alap\u00e9rtelmezettk\u00e9nt automatikusan elfogadja a s\u00fctiket, de ezek \u00e1ltal\u00e1ban megv\u00e1ltoztathat\u00f3ak annak \u00e9rdek\u00e9ben, hogy megakad\u00e1lyozhat\u00f3 legyen az automatikus elfogad\u00e1s \u00e9s minden alkalommal felaj\u00e1nlja a v\u00e1laszt\u00e1s lehet\u0151s\u00e9g\u00e9t.<\/span><\/p>\r\n<span style=\"font-family: 'Calibri Light', serif;\">A legn\u00e9pszer\u0171bb b\u00f6ng\u00e9sz\u0151k s\u00fcti be\u00e1ll\u00edt\u00e1sair\u00f3l az al\u00e1bbi linkeken t\u00e1j\u00e9koz\u00f3dhat<\/span><span style=\"font-family: 'Calibri Light', serif;\">\r\n<\/span><span style=\"font-family: 'Calibri Light', serif;\"><span style=\"font-size: small;\">\u2022 Google Chrome:\u00a0<\/span><\/span><a href=\"https:\/\/support.google.com\/accounts\/answer\/61416?hl=hu\"><span style=\"color: #00000a;\"><span style=\"font-family: 'Calibri Light', serif;\"><span style=\"font-size: small;\">https:\/\/support.google.com\/accounts\/answer\/61416?hl=hu<\/span><\/span><\/span><\/a><span style=\"font-family: 'Calibri Light', serif;\"><span style=\"font-size: small;\">\r\n<\/span><\/span><span style=\"font-family: 'Calibri Light', serif;\"><span style=\"font-size: small;\">\u2022 Firefox:\u00a0<\/span><\/span><a href=\"https:\/\/support.mozilla.org\/hu\/kb\/sutik-engedelyezese-es-tiltasa-amit-weboldak-haszn\"><span style=\"color: #00000a;\"><span style=\"font-family: 'Calibri Light', serif;\"><span style=\"font-size: small;\">https:\/\/support.mozilla.org\/hu\/kb\/sutik-engedelyezese-es-tiltasa-amit-weboldak-haszn<\/span><\/span><\/span><\/a><span style=\"font-family: 'Calibri Light', serif;\"><span style=\"font-size: small;\">\r\n<\/span><\/span><span style=\"font-family: 'Calibri Light', serif;\"><span style=\"font-size: small;\">\u2022 Microsoft Internet Explorer 11:\u00a0<\/span><\/span><a href=\"http:\/\/windows.microsoft.com\/hu-hu\/internet-explorer\/delete-manage-cookies#ie=ie-11\"><span style=\"color: #00000a;\"><span style=\"font-family: 'Calibri Light', serif;\"><span style=\"font-size: small;\">http:\/\/windows.microsoft.com\/hu-hu\/internet-explorer\/delete-manage-cookies#ie=ie-11<\/span><\/span><\/span><\/a><span style=\"font-family: 'Calibri Light', serif;\"><span style=\"font-size: small;\">\r\n<\/span><\/span><span style=\"font-family: 'Calibri Light', serif;\"><span style=\"font-size: small;\">\u2022 Microsoft Internet Explorer 10:\u00a0<\/span><\/span><a href=\"http:\/\/windows.microsoft.com\/hu-hu\/internet-explorer\/delete-manage-cookies#ie=ie-10-win-7\"><span style=\"color: #00000a;\"><span style=\"font-family: 'Calibri Light', serif;\"><span style=\"font-size: small;\">http:\/\/windows.microsoft.com\/hu-hu\/internet-explorer\/delete-manage-cookies#ie=ie-10-win-7<\/span><\/span><\/span><\/a><span style=\"font-family: 'Calibri Light', serif;\"><span style=\"font-size: small;\">\r\n<\/span><\/span><span style=\"font-family: 'Calibri Light', serif;\"><span style=\"font-size: small;\">\u2022 Microsoft Internet Explorer 9:\u00a0<\/span><\/span><a href=\"http:\/\/windows.microsoft.com\/hu-hu\/internet-explorer\/delete-manage-cookies#ie=ie-9\"><span style=\"color: #00000a;\"><span style=\"font-family: 'Calibri Light', serif;\"><span style=\"font-size: small;\">http:\/\/windows.microsoft.com\/hu-hu\/internet-explorer\/delete-manage-cookies#ie=ie-9<\/span><\/span><\/span><\/a><span style=\"font-family: 'Calibri Light', serif;\"><span style=\"font-size: small;\">\r\n<\/span><\/span><span style=\"font-family: 'Calibri Light', serif;\"><span style=\"font-size: small;\">\u2022 Microsoft Internet Explorer 8:\u00a0<\/span><\/span><a href=\"http:\/\/windows.microsoft.com\/hu-hu\/internet-explorer\/delete-manage-cookies#ie=ie-8\"><span style=\"color: #00000a;\"><span style=\"font-family: 'Calibri Light', serif;\"><span style=\"font-size: small;\">http:\/\/windows.microsoft.com\/hu-hu\/internet-explorer\/delete-manage-cookies#ie=ie-8<\/span><\/span><\/span><\/a><span style=\"font-family: 'Calibri Light', serif;\"><span style=\"font-size: small;\">\r\n<\/span><\/span><span style=\"font-family: 'Calibri Light', serif;\"><span style=\"font-size: small;\">\u2022 Microsoft Edge:\u00a0<\/span><\/span><a href=\"http:\/\/windows.microsoft.com\/hu-hu\/windows-10\/edge-privacy-faq\"><span style=\"color: #00000a;\"><span style=\"font-family: 'Calibri Light', serif;\"><span style=\"font-size: small;\">http:\/\/windows.microsoft.com\/hu-hu\/windows-10\/edge-privacy-faq<\/span><\/span><\/span><\/a><span style=\"font-family: 'Calibri Light', serif;\"><span style=\"font-size: small;\">\r\n<\/span><\/span><span style=\"font-family: 'Calibri Light', serif;\"><span style=\"font-size: small;\">\u2022 Safari:\u00a0<\/span><\/span><a href=\"https:\/\/support.apple.com\/hu-hu\/HT201265\"><span style=\"color: #00000a;\"><span style=\"font-family: 'Calibri Light', serif;\"><span style=\"font-size: small;\">https:\/\/support.apple.com\/hu-hu\/HT201265<\/span><\/span><\/span><\/a>\r\n\r\n<span style=\"font-family: 'Calibri Light', serif;\">Mindezek mellett azonban felh\u00edvjuk a figyelmet arra, hogy el\u0151fordulhat, hogy bizonyos webhelyfunkci\u00f3k vagy -szolg\u00e1ltat\u00e1sok nem fognak megfelel\u0151en m\u0171k\u00f6dni cookie-k n\u00e9lk\u00fcl.<\/span>\r\n<p align=\"JUSTIFY\"><span style=\"font-family: 'Calibri Light', serif;\">(4) A weboldalon haszn\u00e1lt s\u00fctik \u00f6nmagukban nem alkalmasak a felhaszn\u00e1l\u00f3 szem\u00e9ly\u00e9nek beazonos\u00edt\u00e1s\u00e1ra.<\/span><\/p>\r\n<p align=\"JUSTIFY\"><span style=\"font-family: 'Calibri Light', serif;\">(<\/span><span style=\"font-family: 'Calibri Light', serif;\">5) Szervezet honlapj\u00e1n alkalmazott s\u00fctik:<\/span><\/p>\r\n<p align=\"JUSTIFY\"><span style=\"font-family: 'Calibri Light', serif;\"><b>4.1. Technikailag elengedhetetlen\u00fcl sz\u00fcks\u00e9ges\u00a0<\/b><\/span><span style=\"font-family: 'Calibri Light', serif;\">munkamenet (session) s\u00fctik<\/span><\/p>\r\n<p align=\"JUSTIFY\"><span style=\"font-family: 'Calibri Light', serif;\">Ezek a s\u00fctik ahhoz sz\u00fcks\u00e9gesek, hogy a l\u00e1togat\u00f3k b\u00f6ng\u00e9szhess\u00e9k a weboldalt, z\u00f6kken\u0151mentesen \u00e9s teljesk\u00f6r\u0171en haszn\u00e1lhass\u00e1k annak funkci\u00f3it, a weboldalon kereszt\u00fcl el\u00e9rhet\u0151 szolg\u00e1ltat\u00e1sokat, \u00edgy - t\u00f6bbek k\u00f6z\u00f6tt- k\u00fcl\u00f6n\u00f6sen a l\u00e1togat\u00f3 \u00e1ltal az adott oldalakon v\u00e9gzett m\u0171veletek megjegyz\u00e9s\u00e9t egy l\u00e1togat\u00e1s sor\u00e1n. Ezen s\u00fctik adatkezel\u00e9s\u00e9nek id\u0151tartama kiz\u00e1r\u00f3lag a l\u00e1togat\u00f3 aktu\u00e1lis l\u00e1togat\u00e1s\u00e1ra vonatkozik, a munkamenet v\u00e9gezt\u00e9vel, illetve a b\u00f6ng\u00e9sz\u0151 bez\u00e1r\u00e1s\u00e1val a s\u00fctik e fajt\u00e1ja automatikusan t\u00f6rl\u0151dik a sz\u00e1m\u00edt\u00f3g\u00e9p\u00e9r\u0151l.<\/span><\/p>\r\n<p align=\"JUSTIFY\"><span style=\"font-family: 'Calibri Light', serif;\">A kezelt adatk\u00f6r: AVChatUserId, JSESSIONID, portal referer.<\/span><\/p>\r\n<p align=\"JUSTIFY\"><span style=\"font-family: 'Calibri Light', serif;\">Ezen adatkezel\u00e9s jogalapja az elektronikus kereskedelmi szolg\u00e1ltat\u00e1sok, valamint az inform\u00e1ci\u00f3s t\u00e1rsadalmi szolg\u00e1ltat\u00e1sok egyes k\u00e9rd\u00e9seir\u0151l sz\u00f3l\u00f3 2001. CVIII. t\u00f6rv\u00e9ny (Elker tv.) 13\/A. \u00a7 (3) bekezd\u00e9se.<\/span><\/p>\r\n<p align=\"JUSTIFY\"><span style=\"font-family: 'Calibri Light', serif;\">Az adatkezel\u00e9s c\u00e9lja: a honlap megfelel\u0151 m\u0171k\u00f6d\u00e9s\u00e9nek biztos\u00edt\u00e1sa.<\/span><\/p>\r\n<p align=\"JUSTIFY\"><span style=\"font-family: 'Calibri Light', serif;\">4.2. Hozz\u00e1j\u00e1rul\u00e1st ig\u00e9nyl\u0151 s\u00fctik:<\/span><\/p>\r\n<p align=\"JUSTIFY\"><span style=\"font-family: 'Calibri Light', serif;\">Ezek lehet\u0151s\u00e9get biztos\u00edtanak, hogy A Szervezet megjegyezhesse a felhaszn\u00e1l\u00f3 honlappal kapcsolatos v\u00e1laszt\u00e1sait.\u00a0<\/span><span style=\"font-family: 'Calibri Light', serif;\">A l\u00e1togat\u00f3 a szolg\u00e1ltat\u00e1s ig\u00e9nybev\u00e9tel\u00e9t megel\u0151z\u0151en \u00e9s a szolg\u00e1ltat\u00e1s ig\u00e9nybev\u00e9tele sor\u00e1n ezen adatkezel\u00e9st b\u00e1rmikor megtilthatja. Ezek az adatok nem kapcsolhat\u00f3k \u00f6ssze az ig\u00e9nybe vev\u0151 azonos\u00edt\u00f3 adataival \u00e9s az ig\u00e9nybe vev\u0151 hozz\u00e1j\u00e1rul\u00e1sa n\u00e9lk\u00fcl nem adhat\u00f3k \u00e1t harmadik szem\u00e9ly sz\u00e1m\u00e1ra.<\/span><\/p>\r\n<p align=\"JUSTIFY\"><span style=\"font-family: 'Calibri Light', serif;\"><b>4.2.1. Haszn\u00e1latot el\u0151seg\u00edt\u0151 s\u00fctik:<\/b><\/span><\/p>\r\n<p align=\"JUSTIFY\"><span style=\"font-family: 'Calibri Light', serif;\">Az adatkezel\u00e9s jogalapja a l\u00e1togat\u00f3 hozz\u00e1j\u00e1rul\u00e1sa.<\/span><\/p>\r\n<p align=\"JUSTIFY\"><span style=\"font-family: 'Calibri Light', serif;\">Az adatkezel\u00e9s c\u00e9lja:\u00a0<\/span><span style=\"font-family: 'Calibri Light', serif;\">A<\/span><span style=\"font-family: 'Calibri Light', serif;\"><span style=\"font-size: large;\">\u00a0<\/span><\/span><span style=\"font-family: 'Calibri Light', serif;\">szolg\u00e1ltat\u00e1s hat\u00e9konys\u00e1g\u00e1nak n\u00f6vel\u00e9se, felhaszn\u00e1l\u00f3i \u00e9lm\u00e9ny n\u00f6vel\u00e9se, a honlap haszn\u00e1lat\u00e1nak k\u00e9nyelmesebb\u00e9 t\u00e9tele.<\/span><\/p>\r\n<p align=\"JUSTIFY\"><span style=\"font-family: 'Calibri Light', serif;\">Az adatkezel\u00e9s id\u0151tartama 6 h\u00f3nap.<\/span><\/p>\r\n<p align=\"JUSTIFY\"><span style=\"font-family: 'Calibri Light', serif;\"><b>4.2.2. Teljes\u00edtm\u00e9nyt biztos\u00edt\u00f3 s\u00fctik:<\/b><\/span><\/p>\r\n<p align=\"JUSTIFY\"><span style=\"font-family: 'Calibri Light', serif;\">Google Analytics s\u00fctik \u2013 err\u0151l itt t\u00e1j\u00e9koz\u00f3dhat:<\/span><\/p>\r\n<p align=\"JUSTIFY\"><a href=\"https:\/\/developers.google.com\/analytics\/devguides\/collection\/analyticsjs\/cookie-usage\"><span style=\"font-family: 'Calibri Light', serif;\">https:\/\/developers.google.com\/analytics\/devguides\/collection\/analyticsjs\/cookie-usage<\/span><\/a><\/p>\r\n<p align=\"JUSTIFY\"><span style=\"font-family: 'Calibri Light', serif;\">Google AdWords s\u00fctik - err\u0151l itt t\u00e1j\u00e9koz\u00f3dhat:<\/span><\/p>\r\n<p align=\"JUSTIFY\"><a href=\"https:\/\/support.google.com\/adwords\/answer\/2407785?hl=hu\"><span style=\"font-family: 'Calibri Light', serif;\">https:\/\/support.google.com\/adwords\/answer\/2407785?hl=hu<\/span><\/a><\/p>\r\n<p align=\"JUSTIFY\"><span style=\"font-family: 'Calibri Light', serif;\"><b>5. Regisztr\u00e1ci\u00f3 A Szervezet honlapj\u00e1n<\/b><\/span><\/p>\r\n<p align=\"JUSTIFY\"><span style=\"font-family: 'Calibri Light', serif;\">(1) A honlapon a regisztr\u00e1l\u00f3 term\u00e9szetes szem\u00e9ly az erre vonatkoz\u00f3 n\u00e9gyzet bejel\u00f6l\u00e9s\u00e9vel adhatja meg hozz\u00e1j\u00e1rul\u00e1s\u00e1t szem\u00e9lyes adatai kezel\u00e9s\u00e9hez. Tilos a n\u00e9gyzet el\u0151re bejel\u00f6l\u00e9se!<\/span><\/p>\r\n<span style=\"font-family: 'Calibri Light', serif;\">(2) A kezelhet\u0151 szem\u00e9lyes adatok k\u00f6re: a term\u00e9szetes szem\u00e9ly neve (vezet\u00e9kn\u00e9v, keresztn\u00e9v), c\u00edme, telefonsz\u00e1ma, e-mail c\u00edme, online azonos\u00edt\u00f3.<\/span>\r\n<p align=\"JUSTIFY\"><span style=\"font-family: 'Calibri Light', serif;\">(3) A szem\u00e9lyes adatok kezel\u00e9s\u00e9nek c\u00e9lja:<\/span><\/p>\r\n\r\n<ul>\r\n \t<li><span style=\"font-family: 'Calibri Light', serif;\">A honlapon ny\u00fajtott szolg\u00e1ltat\u00e1sok teljes\u00edt\u00e9se.<\/span><\/li>\r\n \t<li>\r\n<p align=\"JUSTIFY\"><span style=\"font-family: 'Calibri Light', serif;\">Kapcsolatfelv\u00e9tel, elektronikus, telefonos, SMS, \u00e9s postai megkeres\u00e9ssel.<\/span><\/p>\r\n<\/li>\r\n \t<li><span style=\"font-family: 'Calibri Light', serif;\">T\u00e1j\u00e9koztat\u00e1s A Szervezet term\u00e9keir\u0151l, szolg\u00e1ltat\u00e1sair\u00f3l, szerz\u0151d\u00e9si felt\u00e9teleir\u0151l, akci\u00f3ir\u00f3l.<\/span><\/li>\r\n \t<li><span style=\"font-family: 'Calibri Light', serif;\">Rekl\u00e1m-k\u00fcldem\u00e9ny a t\u00e1j\u00e9koztat\u00e1s sor\u00e1n elektronikusan \u00e9s postai \u00faton k\u00fcldhet\u0151.<\/span><\/li>\r\n \t<li><span style=\"font-family: 'Calibri Light', serif;\">A honlap haszn\u00e1lat\u00e1nak elemz\u00e9se.<\/span><\/li>\r\n<\/ul>\r\n<p align=\"JUSTIFY\"><span style=\"font-family: 'Calibri Light', serif;\">(4) Az adatkezel\u00e9s jogalapja az \u00e9rintett hozz\u00e1j\u00e1rul\u00e1sa.<\/span><\/p>\r\n<p align=\"JUSTIFY\"><span style=\"font-family: 'Calibri Light', serif;\">(5) A szem\u00e9lyes adatok c\u00edmzettjei, illetve a c\u00edmzettek kateg\u00f3ri\u00e1i: A Szervezet\u00a0<\/span><span style=\"font-family: 'Calibri Light', serif;\">partnerszolg\u00e1lattal, marketing tev\u00e9kenys\u00e9g\u00e9vel kapcsolatos feladatokat ell\u00e1t\u00f3 munkav\u00e1llal\u00f3i, adatfeldolgoz\u00f3k\u00e9nt A Szervezet IT szolg\u00e1ltat\u00f3ja t\u00e1rhelyszolg\u00e1ltat\u00e1st v\u00e9gz\u0151 munkav\u00e1llal\u00f3i.<\/span><\/p>\r\n<p align=\"JUSTIFY\"><span style=\"font-family: 'Calibri Light', serif;\">(6) A szem\u00e9lyes adatok t\u00e1rol\u00e1s\u00e1nak id\u0151tartama:\u00a0<\/span><span style=\"font-family: 'Calibri Light', serif;\">a regisztr\u00e1ci\u00f3 \/ szolg\u00e1ltat\u00e1s fenn\u00e1ll\u00e1s\u00e1ig, vagy az \u00e9rintett hozz\u00e1j\u00e1rul\u00e1sa visszavon\u00e1s\u00e1ig (t\u00f6rl\u00e9si k\u00e9relm\u00e9ig).<\/span><\/p>\r\n<p align=\"JUSTIFY\"><span style=\"font-family: 'Calibri Light', serif;\"><b>6. H\u00edrlev\u00e9l szolg\u00e1ltat\u00e1shoz kapcsol\u00f3d\u00f3 adatkezel\u00e9s<\/b><\/span><\/p>\r\n<p align=\"JUSTIFY\"><span style=\"font-family: 'Calibri Light', serif;\">(1) A honlapon a h\u00edrlev\u00e9l szolg\u00e1ltat\u00e1sra regisztr\u00e1l\u00f3 term\u00e9szetes szem\u00e9ly az erre vonatkoz\u00f3 n\u00e9gyzet bejel\u00f6l\u00e9s\u00e9vel adhatja meg hozz\u00e1j\u00e1rul\u00e1s\u00e1t szem\u00e9lyes adatai kezel\u00e9s\u00e9hez. Tilos a n\u00e9gyzet el\u0151re bejel\u00f6l\u00e9se. A h\u00edrlev\u00e9r\u0151l az \u00e9rintett a h\u00edrlev\u00e9l \u201eLeiratkoz\u00e1s\u201d alkalmaz\u00e1s\u00e1nak haszn\u00e1lat\u00e1val, vagy \u00edr\u00e1sban, vagy e-mailben tett nyilatkozattal b\u00e1rmikor leiratkozhat, amely a hozz\u00e1j\u00e1rul\u00e1s visszavon\u00e1s\u00e1t jelenti. Ilyen esetben a leiratkoz\u00f3 minden adat\u00e1t halad\u00e9ktalanul t\u00f6r\u00f6lni kell.<\/span><\/p>\r\n<span style=\"font-family: 'Calibri Light', serif;\">(2) A kezelhet\u0151 szem\u00e9lyes adatok k\u00f6re: a term\u00e9szetes szem\u00e9ly neve (vezet\u00e9kn\u00e9v, keresztn\u00e9v), e-mail c\u00edme.<\/span>\r\n<p align=\"JUSTIFY\"><span style=\"font-family: 'Calibri Light', serif;\">(3) A szem\u00e9lyes adatok kezel\u00e9s\u00e9nek c\u00e9lja:<\/span><\/p>\r\n\r\n<ul>\r\n \t<li><span style=\"font-family: 'Calibri Light', serif;\">H\u00edrlev\u00e9l k\u00fcld\u00e9se A Szervezet term\u00e9kei, szolg\u00e1ltat\u00e1sai t\u00e1rgy\u00e1ban<\/span><\/li>\r\n \t<li><span style=\"font-family: 'Calibri Light', serif;\">Rekl\u00e1manyag k\u00fcld\u00e9se<\/span><\/li>\r\n<\/ul>\r\n<p align=\"JUSTIFY\"><span style=\"font-family: 'Calibri Light', serif;\">(4) Az adatkezel\u00e9s jogalapja: az \u00e9rintett hozz\u00e1j\u00e1rul\u00e1sa.<\/span><\/p>\r\n<p align=\"JUSTIFY\"><span style=\"font-family: 'Calibri Light', serif;\">(5) A szem\u00e9lyes adatok c\u00edmzettjei, illetve a c\u00edmzettek kateg\u00f3ri\u00e1i: a Szervezet\u00a0<\/span><span style=\"font-family: 'Calibri Light', serif;\">partnerszolg\u00e1lattal, marketing tev\u00e9kenys\u00e9g\u00e9vel kapcsolatos feladatokat ell\u00e1t\u00f3 munkav\u00e1llal\u00f3i, adatfeldolgoz\u00f3k\u00e9nt A Szervezet IT szolg\u00e1ltat\u00f3ja munkav\u00e1llal\u00f3i a t\u00e1rhelyszolg\u00e1ltat\u00e1s teljes\u00edt\u00e9se c\u00e9lj\u00e1b\u00f3l,<\/span><\/p>\r\n<p align=\"JUSTIFY\"><span style=\"font-family: 'Calibri Light', serif;\">(6) A szem\u00e9lyes adatok t\u00e1rol\u00e1s\u00e1nak id\u0151tartama:\u00a0<\/span><span style=\"font-family: 'Calibri Light', serif;\">a h\u00edrlev\u00e9l-szolg\u00e1ltat\u00e1s fenn\u00e1ll\u00e1s\u00e1ig, vagy az \u00e9rintett hozz\u00e1j\u00e1rul\u00e1sa visszavon\u00e1s\u00e1ig (t\u00f6rl\u00e9si k\u00e9relm\u00e9ig).<\/span><\/p>\r\n<span style=\"font-family: 'Calibri Light', serif;\"><b>7. K\u00f6z\u00f6ss\u00e9gi ir\u00e1nyelvek \/ Adatkezel\u00e9s A Szervezet Facebook oldal\u00e1n<\/b><\/span>\r\n<p align=\"JUSTIFY\"><span style=\"font-family: 'Calibri Light', serif;\">(1) A Szervezet term\u00e9kei, szolg\u00e1ltat\u00e1sai megismertet\u00e9se, n\u00e9pszer\u0171s\u00edt\u00e9se c\u00e9lj\u00e1b\u00f3l Facebook oldalt tart fenn.<\/span><\/p>\r\n<p align=\"JUSTIFY\"><span style=\"font-family: 'Calibri Light', serif;\">(2) A Szervezet Facebook oldalon felett k\u00e9rd\u00e9s nem min\u0151s\u00fcl hivatalosan beny\u00fajtott panasznak.<\/span><\/p>\r\n<p align=\"JUSTIFY\"><span style=\"font-family: 'Calibri Light', serif;\">(3) A Szervezet Facebook oldal\u00e1n a l\u00e1togat\u00f3k \u00e1ltal k\u00f6zz\u00e9tett szem\u00e9lyes adatokat A Szervezet nem kezeli.<\/span><\/p>\r\n<p align=\"JUSTIFY\"><span style=\"font-family: 'Calibri Light', serif;\">(4) A l\u00e1togat\u00f3kra a\u00a0Facebook Adatv\u00e9delmi- \u00e9s Szolg\u00e1ltat\u00e1si Felt\u00e9telei ir\u00e1nyad\u00f3k.<\/span><\/p>\r\n<p align=\"JUSTIFY\"><span style=\"font-family: 'Calibri Light', serif;\">(5) Jogellenes, vagy s\u00e9rt\u0151 tartalom publik\u00e1l\u00e1sa eset\u00e9n a Szervezet el\u0151zetes \u00e9rtes\u00edt\u00e9s n\u00e9lk\u00fcl kiz\u00e1rhatja az \u00e9rintettet a tagok k\u00f6z\u00fcl, vagy t\u00f6r\u00f6lheti hozz\u00e1sz\u00f3l\u00e1s\u00e1t.<\/span><\/p>\r\n<p align=\"JUSTIFY\"><span style=\"font-family: 'Calibri Light', serif;\">(6) A Szervezet nem felel a Facebook felhaszn\u00e1l\u00f3k \u00e1ltal k\u00f6zz\u00e9tett jogszab\u00e1lyt s\u00e9rt\u0151 adattartalmak\u00e9rt, hozz\u00e1sz\u00f3l\u00e1sok\u00e9rt. A Szervezet nem felel semmilyen, a Facebook m\u0171k\u00f6d\u00e9s\u00e9b\u0151l ad\u00f3d\u00f3 hib\u00e1\u00e9rt, \u00fczemzavar\u00e9rt, vagy a rendszer m\u0171k\u00f6d\u00e9s\u00e9nek megv\u00e1ltoztat\u00e1s\u00e1b\u00f3l fakad\u00f3 probl\u00e9m\u00e1\u00e9rt.<\/span><\/p>\r\n<p align=\"CENTER\"><span style=\"font-family: 'Calibri Light', serif;\"><span style=\"font-size: large;\"><b>V. fejezet<\/b><\/span><\/span><\/p>\r\n<p align=\"CENTER\"><span style=\"font-family: 'Calibri Light', serif;\"><span style=\"font-size: large;\"><b>Jogi k\u00f6telezetts\u00e9gen alapul\u00f3 adatkezel\u00e9sek<\/b><\/span><\/span><\/p>\r\n<p align=\"JUSTIFY\"><span style=\"font-family: 'Calibri Light', serif;\"><b>1. Adatkezel\u00e9s ad\u00f3- \u00e9s sz\u00e1mviteli k\u00f6telezetts\u00e9gek teljes\u00edt\u00e9se c\u00e9lj\u00e1b\u00f3l<\/b><\/span><\/p>\r\n<p align=\"JUSTIFY\"><span style=\"font-family: 'Calibri Light', serif;\">(1) A Szervezet jogi k\u00f6telezetts\u00e9g teljes\u00edt\u00e9se jogc\u00edm\u00e9n, t\u00f6rv\u00e9nyben el\u0151\u00edrt ad\u00f3 \u00e9s sz\u00e1mviteli k\u00f6telezetts\u00e9gek teljes\u00edt\u00e9se (k\u00f6nyvel\u00e9s, ad\u00f3z\u00e1s) c\u00e9lj\u00e1b\u00f3l kezeli a vev\u0151k\u00e9nt, sz\u00e1ll\u00edt\u00f3k\u00e9nt vele \u00fczleti kapcsolatba l\u00e9p\u0151 term\u00e9szetes szem\u00e9lyek t\u00f6rv\u00e9nyben meghat\u00e1rozott adatait. A kezelt adatok az \u00e1ltal\u00e1nos forgalmi ad\u00f3r\u00f3l sz\u00f3l\u00f3 2017. \u00e9vi CXXVII. tv. 169.\u00a7, \u00e9s 202.\u00a7-a alapj\u00e1n k\u00fcl\u00f6n\u00f6sen: ad\u00f3sz\u00e1m, n\u00e9v, c\u00edm, ad\u00f3z\u00e1si st\u00e1tusz, a sz\u00e1mvitelr\u0151l sz\u00f3l\u00f3 2000. \u00e9vi C. t\u00f6rv\u00e9ny 167.\u00a7-a alapj\u00e1n: n\u00e9v, c\u00edm,\u00a0<\/span><span style=\"color: #000000;\"><span style=\"font-family: 'Calibri Light', serif;\">a gazdas\u00e1gi m\u0171veletet elrendel\u0151 szem\u00e9ly vagy Szervezet megjel\u00f6l\u00e9se, az utalv\u00e1nyoz\u00f3 \u00e9s a rendelkez\u00e9s v\u00e9grehajt\u00e1s\u00e1t igazol\u00f3 szem\u00e9ly, valamint a Szervezett\u0151l f\u00fcgg\u0151en az ellen\u0151r al\u00e1\u00edr\u00e1sa; a k\u00e9szletmozg\u00e1sok bizonylatain \u00e9s a p\u00e9nzkezel\u00e9si bizonylatokon az \u00e1tvev\u0151, az ellennyugt\u00e1kon a befizet\u0151 al\u00e1\u00edr\u00e1sa, a szem\u00e9lyi j\u00f6vedelemad\u00f3r\u00f3l sz\u00f3l\u00f3 1995. \u00e9vi CXVII. t\u00f6rv\u00e9ny alapj\u00e1n: v\u00e1llalkoz\u00f3i igazolv\u00e1ny sz\u00e1ma, \u0151stermel\u0151i igazolv\u00e1ny sz\u00e1ma, ad\u00f3azonos\u00edt\u00f3 jel.<\/span><\/span><\/p>\r\n<p align=\"JUSTIFY\"><span style=\"font-family: 'Calibri Light', serif;\">(2) A szem\u00e9lyes adatok t\u00e1rol\u00e1s\u00e1nak id\u0151tartama a jogalapot ad\u00f3 jogviszony megsz\u0171n\u00e9s\u00e9t k\u00f6vet\u0151 8 \u00e9v.<\/span><\/p>\r\n<p align=\"JUSTIFY\"><span style=\"font-family: 'Calibri Light', serif;\">(3)\u00a0<\/span><span style=\"font-family: 'Calibri Light', serif;\">A szem\u00e9lyes adatok c\u00edmzettjei: a Szervezet ad\u00f3z\u00e1si, k\u00f6nyvviteli, b\u00e9rsz\u00e1mfejt\u00e9si, t\u00e1rsadalombiztos\u00edt\u00e1si feladatait ell\u00e1t\u00f3 munkav\u00e1llal\u00f3i \u00e9s adatfeldolgoz\u00f3i.<\/span><\/p>\r\n<p align=\"JUSTIFY\"><span style=\"color: #000000;\"><span style=\"font-family: 'Calibri Light', serif;\"><b>2. Kifizet\u0151i adatkezel\u00e9s<\/b><\/span><\/span><\/p>\r\n<p align=\"JUSTIFY\"><span style=\"color: #000000;\"><span style=\"font-family: 'Calibri Light', serif;\">(1) A Szervezet jogi k\u00f6telezetts\u00e9g teljes\u00edt\u00e9se jogc\u00edm\u00e9n, t\u00f6rv\u00e9nyben el\u0151\u00edrt ad\u00f3 \u00e9s j\u00e1rul\u00e9kk\u00f6telezetts\u00e9gek teljes\u00edt\u00e9se (ad\u00f3-, ad\u00f3el\u0151leg, j\u00e1rul\u00e9kok meg\u00e1llap\u00edt\u00e1sa, b\u00e9rsz\u00e1mfejt\u00e9s, t\u00e1rsadalombiztos\u00edt\u00e1si, nyugd\u00edj \u00fcgyint\u00e9z\u00e9s) c\u00e9lj\u00e1b\u00f3l kezeli azon \u00e9rintettek \u2013 munkav\u00e1llal\u00f3k, csal\u00e1dtagjaik, foglalkoztatottak, egy\u00e9b juttat\u00e1sban r\u00e9szes\u00fcl\u0151k \u2013 ad\u00f3t\u00f6rv\u00e9nyekben el\u0151\u00edrt szem\u00e9lyes adatait, akikkel kifizet\u0151i (2017:CL. t\u00f6rv\u00e9ny az ad\u00f3z\u00e1s rendj\u00e9r\u0151l (Art.) 7.\u00a7 31.) kapcsolatban \u00e1ll. A kezelt adatok k\u00f6r\u00e9t az Art. 50.\u00a7-a hat\u00e1rozza meg, k\u00fcl\u00f6n is kiemelve ebb\u0151l:\u00a0<\/span><\/span><span style=\"color: #000000;\"><span style=\"font-family: 'Calibri Light', serif;\">a term\u00e9szetes szem\u00e9ly term\u00e9szetes szem\u00e9lyazonos\u00edt\u00f3 adatait (ide\u00e9rtve az el\u0151z\u0151 nevet \u00e9s a titulust is), nem\u00e9t, \u00e1llampolg\u00e1rs\u00e1g\u00e1t, a term\u00e9szetes szem\u00e9ly ad\u00f3azonos\u00edt\u00f3 jel\u00e9t, t\u00e1rsadalombiztos\u00edt\u00e1si azonos\u00edt\u00f3 jel\u00e9t (TAJ sz\u00e1m).<\/span><\/span><\/p>\r\n<p align=\"JUSTIFY\"><span style=\"color: #000000;\"><span style=\"font-family: 'Calibri Light', serif;\">Amennyiben az ad\u00f3t\u00f6rv\u00e9nyek ehhez jogk\u00f6vetkezm\u00e9nyt f\u0171znek, a Szervezet kezelheti a munkav\u00e1llal\u00f3k eg\u00e9szs\u00e9g\u00fcgyi (Szja tv. 40.\u00a7) \u00e9s szakszervezeti (Szja 47.\u00a7 (2) b.\/) tags\u00e1gra vonatkoz\u00f3 adatokat ad\u00f3 \u00e9s j\u00e1rul\u00e9kk\u00f6telezetts\u00e9gek telj\u00e9s\u00edt\u00e9s (b\u00e9rsz\u00e1mfejt\u00e9s, t\u00e1rsadalombiztos\u00edt\u00e1si \u00fcgyint\u00e9z\u00e9s) c\u00e9lj\u00e1b\u00f3l.<\/span><\/span><\/p>\r\n<p align=\"JUSTIFY\"><span style=\"font-family: 'Calibri Light', serif;\">(2) A szem\u00e9lyes adatok t\u00e1rol\u00e1s\u00e1nak id\u0151tartama a jogalapot ad\u00f3 jogviszony megsz\u0171n\u00e9s\u00e9t k\u00f6vet\u0151 8 \u00e9v.<\/span><\/p>\r\n<p align=\"JUSTIFY\"><span style=\"font-family: 'Calibri Light', serif;\">(3)\u00a0<\/span><span style=\"font-family: 'Calibri Light', serif;\">A szem\u00e9lyes adatok c\u00edmzettjei: A Szervezet ad\u00f3z\u00e1si, b\u00e9rsz\u00e1mfejt\u00e9si, t\u00e1rsadalombiztos\u00edt\u00e1si (kifizet\u0151i) feladatait ell\u00e1t\u00f3 munkav\u00e1llal\u00f3i \u00e9s adatfeldolgoz\u00f3i.<\/span><\/p>\r\n<p align=\"JUSTIFY\"><span style=\"color: #000000;\"><span style=\"font-family: 'Calibri Light', serif;\"><b>3.\u00a0<\/b><\/span><\/span><span style=\"font-family: 'Calibri Light', serif;\"><b>A Lev\u00e9lt\u00e1ri t\u00f6rv\u00e9ny szerint maradand\u00f3 \u00e9rt\u00e9k\u0171 iratokra vonatkoz\u00f3 adatkezel\u00e9s<\/b><\/span><\/p>\r\n<p align=\"JUSTIFY\"><span style=\"font-family: 'Calibri Light', serif;\">(1) A Szervezet jogi k\u00f6telezetts\u00e9ge teljes\u00edt\u00e9se jogc\u00edm\u00e9n kezeli a k\u00f6ziratokr\u00f3l, a k\u00f6zlev\u00e9lt\u00e1rakr\u00f3l \u00e9s a mag\u00e1nlev\u00e9lt\u00e1ri anyag v\u00e9delm\u00e9r\u0151l sz\u00f3l\u00f3 1995. \u00e9vi LXVI. t\u00f6rv\u00e9ny (Lev\u00e9lt\u00e1ri t\u00f6rv\u00e9ny) szerint maradand\u00f3 \u00e9rt\u00e9k\u0171nek min\u0151s\u00fcl\u0151 iratait abb\u00f3l a c\u00e9lb\u00f3l, hogy A Szervezet iratt\u00e1ri anyag\u00e1nak maradand\u00f3 \u00e9rt\u00e9k\u0171 r\u00e9sze \u00e9ps\u00e9gben \u00e9s haszn\u00e1lhat\u00f3 \u00e1llapotban a j\u00f6v\u0151 nemzed\u00e9kei sz\u00e1m\u00e1ra is fennmaradjon. Az adatt\u00e1rol\u00e1s ideje: a k\u00f6zlev\u00e9lt\u00e1r r\u00e9sz\u00e9re t\u00f6rt\u00e9n\u0151 \u00e1tad\u00e1sig.<\/span><\/p>\r\n<p align=\"JUSTIFY\"><span style=\"font-family: 'Calibri Light', serif;\">(2) A szem\u00e9lyes adatok c\u00edmzettjeire \u00e9s az adatkezel\u00e9s egy\u00e9b k\u00e9rd\u00e9seire a Lev\u00e9lt\u00e1ri t\u00f6rv\u00e9ny ir\u00e1nyad\u00f3.<\/span><\/p>\r\n<p align=\"JUSTIFY\"><span style=\"font-family: 'Calibri Light', serif;\"><b>4. Adatkezel\u00e9s p\u00e9nzmos\u00e1s elleni k\u00f6telezetts\u00e9gek teljes\u00edt\u00e9se c\u00e9lj\u00e1b\u00f3l<\/b><\/span><\/p>\r\n<p align=\"JUSTIFY\"><span style=\"font-family: 'Calibri Light', serif;\">(1) A Szervezet jogi k\u00f6telezetts\u00e9g teljes\u00edt\u00e9se jogc\u00edm\u00e9n, p\u00e9nzmos\u00e1s \u00e9s terrorizmus-finansz\u00edroz\u00e1sa megel\u0151z\u00e9se \u00e9s megakad\u00e1lyoz\u00e1sa c\u00e9lj\u00e1b\u00f3l kezeli \u00fcgyfelei, ezek k\u00e9pvisel\u0151i, \u00e9s a t\u00e9nyleges tulajdonosoknak a p\u00e9nzmos\u00e1s \u00e9s a terrorizmus finansz\u00edroz\u00e1sa megel\u0151z\u00e9s\u00e9r\u0151l \u00e9s megakad\u00e1lyoz\u00e1s\u00e1r\u00f3l sz\u00f3l\u00f3 2017. \u00e9vi LIII. t\u00f6rv\u00e9nyben (Pmt.) meghat\u00e1rozott adatait:\u00a0<\/span><span style=\"font-family: 'Calibri Light', serif;\"><i>a)<\/i><\/span><span style=\"font-family: 'Calibri Light', serif;\">\u00a0<\/span><span style=\"font-family: 'Calibri Light', serif;\">term\u00e9szetes szem\u00e9ly\u00a0<\/span><span style=\"font-family: 'Calibri Light', serif;\"><i>a)<\/i><\/span><span style=\"font-family: 'Calibri Light', serif;\">\u00a0<\/span><span style=\"font-family: 'Calibri Light', serif;\">csal\u00e1di \u00e9s ut\u00f3nev\u00e9t,\u00a0<\/span><span style=\"font-family: 'Calibri Light', serif;\"><i>b)<\/i><\/span><span style=\"font-family: 'Calibri Light', serif;\">\u00a0<\/span><span style=\"font-family: 'Calibri Light', serif;\">sz\u00fclet\u00e9si csal\u00e1di \u00e9s ut\u00f3nev\u00e9t,\u00a0<\/span><span style=\"font-family: 'Calibri Light', serif;\"><i>c)<\/i><\/span><span style=\"font-family: 'Calibri Light', serif;\">\u00a0<\/span><span style=\"font-family: 'Calibri Light', serif;\">\u00e1llampolg\u00e1rs\u00e1g\u00e1t,\u00a0<\/span><span style=\"font-family: 'Calibri Light', serif;\"><i>d)<\/i><\/span><span style=\"font-family: 'Calibri Light', serif;\">\u00a0<\/span><span style=\"font-family: 'Calibri Light', serif;\">sz\u00fclet\u00e9si hely\u00e9t, idej\u00e9t,\u00a0<\/span><span style=\"font-family: 'Calibri Light', serif;\"><i>e)<\/i><\/span><span style=\"font-family: 'Calibri Light', serif;\">\u00a0<\/span><span style=\"font-family: 'Calibri Light', serif;\">anyja sz\u00fclet\u00e9si nev\u00e9t,\u00a0<\/span><span style=\"font-family: 'Calibri Light', serif;\"><i>f)<\/i><\/span><span style=\"font-family: 'Calibri Light', serif;\">\u00a0<\/span><span style=\"font-family: 'Calibri Light', serif;\">lakc\u00edm\u00e9t, ennek hi\u00e1ny\u00e1ban tart\u00f3zkod\u00e1si hely\u00e9t,\u00a0<\/span><span style=\"font-family: 'Calibri Light', serif;\"><i>g)<\/i><\/span><span style=\"font-family: 'Calibri Light', serif;\">\u00a0<\/span><span style=\"font-family: 'Calibri Light', serif;\">azonos\u00edt\u00f3 okm\u00e1ny\u00e1nak t\u00edpus\u00e1t \u00e9s sz\u00e1m\u00e1t; lakc\u00edmet igazol\u00f3 hat\u00f3s\u00e1gi igazolv\u00e1nya sz\u00e1m\u00e1t, a bemutatott okiratok m\u00e1solat\u00e1t. (7.\u00a7).<\/span><\/p>\r\n<p align=\"JUSTIFY\"><span style=\"font-family: 'Calibri Light', serif;\">(2)\u00a0<\/span><span style=\"font-family: 'Calibri Light', serif;\">A szem\u00e9lyes adatok c\u00edmzettjei: A Szervezet\u00a0<\/span><span style=\"font-family: 'Calibri Light', serif;\">partnerkiszolg\u00e1l\u00e1ssal kapcsolatos feladatokat ell\u00e1t\u00f3 munkav\u00e1llal\u00f3i, A Szervezet vezet\u0151je \u00e9s A Szervezet Pmt. szerinti kijel\u00f6lt szem\u00e9lye.<\/span><\/p>\r\n<p align=\"JUSTIFY\"><span style=\"font-family: 'Calibri Light', serif;\">(3) A szem\u00e9lyes adatok t\u00e1rol\u00e1s\u00e1nak id\u0151tartama:\u00a0<\/span><span style=\"font-family: 'Calibri Light', serif;\">az \u00fczleti kapcsolat megsz\u0171n\u00e9s\u00e9t\u0151l, illetve az \u00fcgyleti megb\u00edz\u00e1s teljes\u00edt\u00e9s\u00e9t\u0151l sz\u00e1m\u00edtott\u00a0<\/span><span style=\"font-family: 'Calibri Light', serif;\">8 \u00e9v. (Pmt. 56.\u00a7 (2))<\/span><\/p>\r\n&nbsp;\r\n\r\n&nbsp;\r\n\r\n&nbsp;\r\n\r\n&nbsp;\r\n\r\n&nbsp;\r\n\r\n&nbsp;\r\n\r\n&nbsp;\r\n\r\n&nbsp;\r\n\r\n&nbsp;\r\n\r\n&nbsp;\r\n\r\n&nbsp;\r\n\r\n&nbsp;\r\n<p align=\"CENTER\"><span style=\"font-family: 'Calibri Light', serif;\"><span style=\"font-size: large;\"><b>VI. fejezet<\/b><\/span><\/span><\/p>\r\n<p align=\"CENTER\"><span style=\"font-family: 'Calibri Light', serif;\"><span style=\"font-size: large;\"><b>\u00d6sszefoglal\u00f3 t\u00e1j\u00e9koztat\u00e1s az \u00e9rintett jogair\u00f3l<\/b><\/span><\/span><\/p>\r\n<p align=\"JUSTIFY\"><span style=\"font-family: 'Calibri Light', serif;\">E fejezetben az \u00e1ttekinthet\u0151s\u00e9g \u00e9s \u00e1tl\u00e1that\u00f3s\u00e1g kedv\u00e9\u00e9rt r\u00f6viden \u00f6sszefoglaljuk az \u00e9rintett jogait, amelyek gyakorl\u00e1s\u00e1ra vonatkoz\u00f3 r\u00e9szletes t\u00e1j\u00e9koztat\u00e1st a k\u00f6vetkez\u0151 fejezetben adjuk meg.<\/span><\/p>\r\n<p align=\"JUSTIFY\"><span style=\"color: #000000;\"><span style=\"font-family: Calibri, serif;\"><span style=\"font-family: 'Calibri Light', serif;\"><b>El\u0151zetes t\u00e1j\u00e9koz\u00f3d\u00e1shoz val\u00f3 jog<\/b><\/span><\/span><\/span><\/p>\r\n<p align=\"JUSTIFY\"><span style=\"color: #000000;\"><span style=\"font-family: Calibri, serif;\"><span style=\"font-family: 'Calibri Light', serif;\">Az \u00e9rintett jogosult arra, hogy az adatkezel\u00e9ssel \u00f6sszef\u00fcgg\u0151 t\u00e9nyekr\u0151l \u00e9s inform\u00e1ci\u00f3kr\u00f3l az adatkezel\u00e9s megkezd\u00e9s\u00e9t megel\u0151z\u0151en t\u00e1j\u00e9koztat\u00e1st kapjon.<\/span><\/span><\/span><\/p>\r\n<p align=\"JUSTIFY\"><span style=\"font-family: 'Calibri Light', serif;\">(<\/span><span style=\"font-family: 'Calibri Light', serif;\"><b>Rendelet 13-14. cikk)<\/b><\/span><\/p>\r\n<p align=\"JUSTIFY\"><span style=\"font-family: 'Calibri Light', serif;\">A r\u00e9szletszab\u00e1lyokr\u00f3l a k\u00f6vetkez\u0151 fejezetben adunk t\u00e1j\u00e9koztat\u00e1st.<\/span><\/p>\r\n<p align=\"JUSTIFY\"><span style=\"font-family: 'Calibri Light', serif;\"><b>Az \u00e9rintett hozz\u00e1f\u00e9r\u00e9si joga<\/b><\/span><\/p>\r\n<p align=\"JUSTIFY\"><span style=\"font-family: 'Calibri Light', serif;\">Az \u00e9rintett jogosult arra, hogy az Adatkezel\u0151t\u0151l visszajelz\u00e9st kapjon arra vonatkoz\u00f3an, hogy szem\u00e9lyes adatainak kezel\u00e9se folyamatban van-e, \u00e9s ha ilyen adatkezel\u00e9s folyamatban van, jogosult arra, hogy a szem\u00e9lyes adatokhoz \u00e9s a Rendeletben meghat\u00e1rozott kapcsol\u00f3d\u00f3 inform\u00e1ci\u00f3khoz hozz\u00e1f\u00e9r\u00e9st kapjon.<\/span><\/p>\r\n<p align=\"JUSTIFY\"><span style=\"font-family: 'Calibri Light', serif;\">(<\/span><span style=\"font-family: 'Calibri Light', serif;\"><b>Rendelet 15. cikk).<\/b><\/span><\/p>\r\n<p align=\"JUSTIFY\"><span style=\"font-family: 'Calibri Light', serif;\">A r\u00e9szletszab\u00e1lyokr\u00f3l a k\u00f6vetkez\u0151 fejezetben adunk t\u00e1j\u00e9koztat\u00e1st.<\/span><\/p>\r\n<p align=\"JUSTIFY\"><span style=\"color: #000000;\"><span style=\"font-family: 'Calibri Light', serif;\"><b>A helyesb\u00edt\u00e9shez val\u00f3 jog<\/b><\/span><\/span><\/p>\r\n<p align=\"JUSTIFY\"><span style=\"font-family: 'Calibri Light', serif;\">Az \u00e9rintett jogosult arra, hogy k\u00e9r\u00e9s\u00e9re az Adatkezel\u0151 indokolatlan k\u00e9sedelem n\u00e9lk\u00fcl helyesb\u00edtse a r\u00e1 vonatkoz\u00f3 pontatlan szem\u00e9lyes adatokat. Figyelembe v\u00e9ve az adatkezel\u00e9s c\u00e9lj\u00e1t, az \u00e9rintett jogosult arra, hogy k\u00e9rje a hi\u00e1nyos szem\u00e9lyes adatok \u2013 egyebek mellett kieg\u00e9sz\u00edt\u0151 nyilatkozat \u00fatj\u00e1n t\u00f6rt\u00e9n\u0151 \u2013 kieg\u00e9sz\u00edt\u00e9s\u00e9t.<\/span><\/p>\r\n<p align=\"JUSTIFY\"><span style=\"font-family: 'Calibri Light', serif;\">(<\/span><span style=\"font-family: 'Calibri Light', serif;\"><b>Rendelet 16. cikk).<\/b><\/span><\/p>\r\n<p align=\"JUSTIFY\"><span style=\"color: #000000;\"><span style=\"font-family: 'Calibri Light', serif;\"><b>A t\u00f6rl\u00e9shez val\u00f3 jog (\u201eaz elfeledtet\u00e9shez val\u00f3 jog\u201d)<\/b><\/span><\/span><\/p>\r\n<p align=\"JUSTIFY\"><span style=\"color: #000000;\"><span style=\"font-family: 'Calibri Light', serif;\">1. Az \u00e9rintett jogosult arra, hogy k\u00e9r\u00e9s\u00e9re az Adatkezel\u0151 indokolatlan k\u00e9sedelem n\u00e9lk\u00fcl t\u00f6r\u00f6lje a r\u00e1 vonatkoz\u00f3 szem\u00e9lyes adatokat, az Adatkezel\u0151 pedig k\u00f6teles arra, hogy az \u00e9rintettre vonatkoz\u00f3 szem\u00e9lyes adatokat indokolatlan k\u00e9sedelem n\u00e9lk\u00fcl t\u00f6r\u00f6lje, ha a Rendeltben meghat\u00e1rozott indokok valamelyike fenn\u00e1ll.<\/span><\/span><\/p>\r\n<p align=\"JUSTIFY\"><span style=\"font-family: 'Calibri Light', serif;\">(<\/span><span style=\"font-family: 'Calibri Light', serif;\"><b>Rendelet 17. cikk)<\/b><\/span><\/p>\r\n<p align=\"JUSTIFY\"><span style=\"font-family: 'Calibri Light', serif;\">A r\u00e9szletszab\u00e1lyokr\u00f3l a k\u00f6vetkez\u0151 fejezetben adunk t\u00e1j\u00e9koztat\u00e1st.<\/span><\/p>\r\n<p align=\"JUSTIFY\"><span style=\"font-family: 'Calibri Light', serif;\"><b>Az adatkezel\u00e9s korl\u00e1toz\u00e1s\u00e1hoz val\u00f3 jog<\/b><\/span><\/p>\r\n<p align=\"JUSTIFY\"><span style=\"font-family: 'Calibri Light', serif;\">Az \u00e9rintett jogosult arra, hogy k\u00e9r\u00e9s\u00e9re az Adatkezel\u0151 korl\u00e1tozza az adatkezel\u00e9st, ha a rendeltben meghat\u00e1rozott felt\u00e9telek teljes\u00fclnek.<\/span><\/p>\r\n<p align=\"JUSTIFY\"><span style=\"font-family: 'Calibri Light', serif;\">(<\/span><span style=\"font-family: 'Calibri Light', serif;\"><b>Rendelet 18. cikk)<\/b><\/span><\/p>\r\n<p align=\"JUSTIFY\"><span style=\"font-family: 'Calibri Light', serif;\">A r\u00e9szletszab\u00e1lyokr\u00f3l a k\u00f6vetkez\u0151 fejezetben adunk t\u00e1j\u00e9koztat\u00e1st.<\/span><\/p>\r\n<p align=\"JUSTIFY\"><span style=\"font-family: 'Calibri Light', serif;\"><b>A szem\u00e9lyes adatok helyesb\u00edt\u00e9s\u00e9hez vagy t\u00f6rl\u00e9s\u00e9hez, illetve az adatkezel\u00e9s korl\u00e1toz\u00e1s\u00e1hoz kapcsol\u00f3d\u00f3 \u00e9rtes\u00edt\u00e9si k\u00f6telezetts\u00e9g<\/b><\/span><\/p>\r\n<p align=\"JUSTIFY\"><span style=\"font-family: 'Calibri Light', serif;\">Az Adatkezel\u0151 minden olyan c\u00edmzettet t\u00e1j\u00e9koztat valamennyi helyesb\u00edt\u00e9sr\u0151l, t\u00f6rl\u00e9sr\u0151l vagy adatkezel\u00e9s-korl\u00e1toz\u00e1sr\u00f3l, akivel, illetve amellyel a szem\u00e9lyes adatot k\u00f6z\u00f6lt\u00e9k, kiv\u00e9ve, ha ez lehetetlennek bizonyul, vagy ar\u00e1nytalanul nagy er\u0151fesz\u00edt\u00e9st ig\u00e9nyel. Az \u00e9rintettet k\u00e9r\u00e9s\u00e9re az Adatkezel\u0151 t\u00e1j\u00e9koztatja e c\u00edmzettekr\u0151l.<\/span><\/p>\r\n<p align=\"JUSTIFY\"><span style=\"font-family: 'Calibri Light', serif;\">(<\/span><span style=\"font-family: 'Calibri Light', serif;\"><b>Rendelet 19. cikk)<\/b><\/span><\/p>\r\n<p align=\"JUSTIFY\"><span style=\"font-family: 'Calibri Light', serif;\"><b>Az adathordozhat\u00f3s\u00e1ghoz val\u00f3 jog<\/b><\/span><\/p>\r\n<p align=\"JUSTIFY\"><span style=\"font-family: 'Calibri Light', serif;\">A Rendeletben \u00edrt felt\u00e9telekkel az \u00e9rintett jogosult arra, hogy a r\u00e1 vonatkoz\u00f3, \u00e1ltala egy Adatkezel\u0151 rendelkez\u00e9s\u00e9re bocs\u00e1tott szem\u00e9lyes adatokat tagolt, sz\u00e9les k\u00f6rben haszn\u00e1lt, g\u00e9ppel olvashat\u00f3 form\u00e1tumban megkapja, tov\u00e1bb\u00e1 jogosult arra, hogy ezeket az adatokat egy m\u00e1sik Adatkezel\u0151nek tov\u00e1bb\u00edtsa an\u00e9lk\u00fcl, hogy ezt akad\u00e1lyozn\u00e1 az az Adatkezel\u0151, amelynek a szem\u00e9lyes adatokat a rendelkez\u00e9s\u00e9re bocs\u00e1totta (<\/span><span style=\"font-family: 'Calibri Light', serif;\"><b>Rendelet 20. cikk).<\/b><\/span><\/p>\r\n<p align=\"JUSTIFY\"><span style=\"font-family: 'Calibri Light', serif;\">A r\u00e9szletszab\u00e1lyokr\u00f3l a k\u00f6vetkez\u0151 fejezetben adunk t\u00e1j\u00e9koztat\u00e1st.<\/span><\/p>\r\n<p align=\"JUSTIFY\"><span style=\"font-family: 'Calibri Light', serif;\"><b>A tiltakoz\u00e1shoz val\u00f3 jog<\/b><\/span><\/p>\r\n<p align=\"JUSTIFY\"><span style=\"font-family: 'Calibri Light', serif;\">Az \u00e9rintett jogosult arra, hogy a saj\u00e1t helyzet\u00e9vel kapcsolatos okokb\u00f3l b\u00e1rmikor tiltakozzon szem\u00e9lyes adatainak a Rendelet 6. cikk (1) bekezd\u00e9s\u00e9nek e) pontj\u00e1n (az adatkezel\u00e9s k\u00f6z\u00e9rdek\u0171 vagy az Adatkezel\u0151re ruh\u00e1zott k\u00f6zhatalmi jogos\u00edtv\u00e1ny gyakorl\u00e1s\u00e1nak keret\u00e9ben v\u00e9gzett feladat v\u00e9grehajt\u00e1s\u00e1hoz sz\u00fcks\u00e9ges)<\/span><\/p>\r\n<p align=\"JUSTIFY\"><span style=\"font-family: 'Calibri Light', serif;\">vagy f) pontj\u00e1n (az adatkezel\u00e9s az Adatkezel\u0151, vagy egy harmadik f\u00e9l jogos \u00e9rdekeinek \u00e9rv\u00e9nyes\u00edt\u00e9s\u00e9hez sz\u00fcks\u00e9g. (<\/span><span style=\"font-family: 'Calibri Light', serif;\"><b>Rendelet 21. cikk)<\/b><\/span><\/p>\r\n<p align=\"JUSTIFY\"><span style=\"font-family: 'Calibri Light', serif;\">A r\u00e9szletszab\u00e1lyokr\u00f3l a k\u00f6vetkez\u0151 fejezetben adunk t\u00e1j\u00e9koztat\u00e1st.<\/span><\/p>\r\n<p align=\"JUSTIFY\"><span style=\"font-family: 'Calibri Light', serif;\"><b>Automatiz\u00e1lt d\u00f6nt\u00e9shozatal egyedi \u00fcgyekben, bele\u00e9rtve a profilalkot\u00e1st<\/b><\/span><\/p>\r\n<p align=\"JUSTIFY\"><span style=\"font-family: 'Calibri Light', serif;\">Az \u00e9rintett jogosult arra, hogy ne terjedjen ki r\u00e1 az olyan, kiz\u00e1r\u00f3lag automatiz\u00e1lt adatkezel\u00e9sen \u2013 ide\u00e9rtve a profilalkot\u00e1st is \u2013 alapul\u00f3 d\u00f6nt\u00e9s hat\u00e1lya, amely r\u00e1 n\u00e9zve joghat\u00e1ssal j\u00e1rna, vagy \u0151t hasonl\u00f3k\u00e9ppen jelent\u0151s m\u00e9rt\u00e9kben \u00e9rinten\u00e9.<\/span><\/p>\r\n<p align=\"JUSTIFY\"><span style=\"font-family: 'Calibri Light', serif;\">(<\/span><span style=\"font-family: 'Calibri Light', serif;\"><b>Rendelet 22. cikk)<\/b><\/span><span style=\"font-family: 'Calibri Light', serif;\">\u00a0A r\u00e9szletszab\u00e1lyokr\u00f3l a k\u00f6vetkez\u0151 fejezetben adunk t\u00e1j\u00e9koztat\u00e1st.<\/span><\/p>\r\n<p align=\"JUSTIFY\"><span style=\"font-family: 'Calibri Light', serif;\"><b>Korl\u00e1toz\u00e1sok<\/b><\/span><\/p>\r\n<p align=\"JUSTIFY\"><span style=\"font-family: 'Calibri Light', serif;\">Az Adatkezel\u0151re, vagy adatfeldolgoz\u00f3ra alkalmazand\u00f3 uni\u00f3s vagy tag\u00e1llami jog jogalkot\u00e1si int\u00e9zked\u00e9sekkel korl\u00e1tozhatja a 12\u201322. cikkben \u00e9s a 34. cikkben foglalt, valamint a 12\u201322. cikkben meghat\u00e1rozott jogokkal \u00e9s k\u00f6telezetts\u00e9gekkel \u00f6sszhangban. (<\/span><span style=\"font-family: 'Calibri Light', serif;\"><b>Rendelet 23. cikk)<\/b><\/span><span style=\"font-family: 'Calibri Light', serif;\">\u00a0A r\u00e9szletszab\u00e1lyokr\u00f3l a k\u00f6vetkez\u0151 fejezetben adunk t\u00e1j\u00e9koztat\u00e1st.<\/span><\/p>\r\n<p align=\"JUSTIFY\"><span style=\"font-family: 'Calibri Light', serif;\"><b>Az \u00e9rintett t\u00e1j\u00e9koztat\u00e1sa az adatv\u00e9delmi incidensr\u0151l<\/b><\/span><\/p>\r\n<p align=\"JUSTIFY\"><span style=\"font-family: 'Calibri Light', serif;\">Ha az adatv\u00e9delmi incidens val\u00f3sz\u00edn\u0171s\u00edthet\u0151en magas kock\u00e1zattal j\u00e1r a term\u00e9szetes szem\u00e9lyek jogaira \u00e9s szabads\u00e1gaira n\u00e9zve, az Adatkezel\u0151 indokolatlan k\u00e9sedelem n\u00e9lk\u00fcl t\u00e1j\u00e9koztatja az \u00e9rintettet az adatv\u00e9delmi incidensr\u0151l.\u00a0<\/span><span style=\"font-family: 'Calibri Light', serif;\"><b>(Rendelet 34. cikk)<\/b><\/span><\/p>\r\n<p align=\"JUSTIFY\"><span style=\"font-family: 'Calibri Light', serif;\">A r\u00e9szletszab\u00e1lyokr\u00f3l a k\u00f6vetkez\u0151 fejezetben adunk t\u00e1j\u00e9koztat\u00e1st.<\/span><\/p>\r\n<span style=\"font-family: 'Calibri Light', serif;\"><b>A fel\u00fcgyeleti hat\u00f3s\u00e1gn\u00e1l t\u00f6rt\u00e9n\u0151 panaszt\u00e9telhez val\u00f3 jog (hat\u00f3s\u00e1gi jogorvoslathoz val\u00f3 jog)<\/b><\/span>\r\n\r\n<span style=\"font-family: 'Calibri Light', serif;\">Az \u00e9rintett jogosult arra, hogy panaszt tegyen egy fel\u00fcgyeleti hat\u00f3s\u00e1gn\u00e1l \u2013 k\u00fcl\u00f6n\u00f6sen a szok\u00e1sos tart\u00f3zkod\u00e1si helye, a munkahelye vagy a felt\u00e9telezett jogs\u00e9rt\u00e9s helye szerinti tag\u00e1llamban \u2013, ha az \u00e9rintett meg\u00edt\u00e9l\u00e9se szerint a r\u00e1 vonatkoz\u00f3 szem\u00e9lyes adatok kezel\u00e9se megs\u00e9rti a Rendeletet.<\/span>\r\n\r\n<span style=\"font-family: 'Calibri Light', serif;\"><b>(Rendelet 77. cikk)\u00a0<\/b><\/span><span style=\"font-family: 'Calibri Light', serif;\">A r\u00e9szletszab\u00e1lyokr\u00f3l a k\u00f6vetkez\u0151 fejezetben adunk t\u00e1j\u00e9koztat\u00e1st.<\/span>\r\n\r\n<span style=\"font-family: 'Calibri Light', serif;\"><b>A fel\u00fcgyeleti hat\u00f3s\u00e1ggal szembeni hat\u00e9kony b\u00edr\u00f3s\u00e1gi jogorvoslathoz val\u00f3 jog<\/b><\/span>\r\n<p align=\"JUSTIFY\"><span style=\"font-family: 'Calibri Light', serif;\">Minden term\u00e9szetes \u00e9s jogi szem\u00e9ly jogosult a hat\u00e9kony b\u00edr\u00f3s\u00e1gi jogorvoslatra a fel\u00fcgyeleti hat\u00f3s\u00e1g r\u00e1 vonatkoz\u00f3, jogilag k\u00f6telez\u0151 erej\u0171 d\u00f6nt\u00e9s\u00e9vel szemben, vagy ha a fel\u00fcgyeleti hat\u00f3s\u00e1g nem foglalkozik a panasszal, vagy h\u00e1rom h\u00f3napon bel\u00fcl nem t\u00e1j\u00e9koztatja az \u00e9rintettet a beny\u00fajtott panasszal kapcsolatos elj\u00e1r\u00e1si fejlem\u00e9nyekr\u0151l vagy annak eredm\u00e9ny\u00e9r\u0151l.<\/span><\/p>\r\n<span style=\"font-family: 'Calibri Light', serif;\"><b>(Rendelet 78. cikk)\u00a0<\/b><\/span><span style=\"font-family: 'Calibri Light', serif;\">A r\u00e9szletszab\u00e1lyokr\u00f3l a k\u00f6vetkez\u0151 fejezetben adunk t\u00e1j\u00e9koztat\u00e1st.<\/span>\r\n\r\n<span style=\"font-family: 'Calibri Light', serif;\"><b>Az adatkezel\u0151vel vagy az adatfeldolgoz\u00f3val szembeni hat\u00e9kony b\u00edr\u00f3s\u00e1gi jogorvoslathoz val\u00f3 jog<\/b><\/span>\r\n\r\n<span style=\"font-family: 'Calibri Light', serif;\">Minden \u00e9rintett hat\u00e9kony b\u00edr\u00f3s\u00e1gi jogorvoslatra jogosult, ha meg\u00edt\u00e9l\u00e9se szerint a szem\u00e9lyes adatainak e rendeletnek nem megfelel\u0151 kezel\u00e9se k\u00f6vetkezt\u00e9ben megs\u00e9rtett\u00e9k az e rendelet szerinti jogait.<\/span>\r\n\r\n<span style=\"font-family: 'Calibri Light', serif;\"><b>(Rendelet 79. cikk)<\/b><\/span>\r\n\r\n<span style=\"font-family: 'Calibri Light', serif;\">A r\u00e9szletszab\u00e1lyokr\u00f3l a k\u00f6vetkez\u0151 fejezetben adunk t\u00e1j\u00e9koztat\u00e1st.<\/span>\r\n\r\n&nbsp;\r\n\r\n&nbsp;\r\n\r\n&nbsp;\r\n\r\n&nbsp;\r\n\r\n&nbsp;\r\n\r\n&nbsp;\r\n\r\n&nbsp;\r\n\r\n&nbsp;\r\n\r\n&nbsp;\r\n\r\n&nbsp;\r\n\r\n&nbsp;\r\n\r\n&nbsp;\r\n\r\n&nbsp;\r\n\r\n&nbsp;\r\n\r\n&nbsp;\r\n\r\n&nbsp;\r\n\r\n&nbsp;\r\n\r\n&nbsp;\r\n\r\n&nbsp;\r\n\r\n&nbsp;\r\n\r\n&nbsp;\r\n\r\n&nbsp;\r\n\r\n&nbsp;\r\n\r\n&nbsp;\r\n<p align=\"CENTER\"><span style=\"font-family: 'Calibri Light', serif;\"><span style=\"font-size: large;\"><b>VII. fejezet<\/b><\/span><\/span><\/p>\r\n<p align=\"CENTER\"><span style=\"font-family: 'Calibri Light', serif;\"><span style=\"font-size: large;\"><b>R\u00e9szletes t\u00e1j\u00e9koztat\u00e1s az \u00e9rintett jogair\u00f3l<\/b><\/span><\/span><\/p>\r\n<p align=\"JUSTIFY\"><span style=\"color: #000000;\"><span style=\"font-family: Calibri, serif;\"><span style=\"font-family: 'Calibri Light', serif;\"><b>El\u0151zetes t\u00e1j\u00e9koz\u00f3d\u00e1shoz val\u00f3 jog<\/b><\/span><\/span><\/span><\/p>\r\n<p align=\"JUSTIFY\"><span style=\"color: #000000;\"><span style=\"font-family: Calibri, serif;\"><span style=\"font-family: 'Calibri Light', serif;\">Az \u00e9rintett jogosult arra, hogy az adatkezel\u00e9ssel \u00f6sszef\u00fcgg\u0151 t\u00e9nyekr\u0151l \u00e9s inform\u00e1ci\u00f3kr\u00f3l az adatkezel\u00e9s megkezd\u00e9s\u00e9t megel\u0151z\u0151en t\u00e1j\u00e9koztat\u00e1st kapjon<\/span><\/span><\/span><\/p>\r\n<p align=\"JUSTIFY\"><span style=\"font-family: 'Calibri Light', serif;\"><b>A) Rendelkez\u00e9sre bocs\u00e1tand\u00f3 inform\u00e1ci\u00f3k, ha a szem\u00e9lyes adatokat az \u00e9rintett\u0151l gy\u0171jtik<\/b><\/span><\/p>\r\n<p align=\"JUSTIFY\"><span style=\"font-family: 'Calibri Light', serif;\">1. Ha az \u00e9rintettre vonatkoz\u00f3 szem\u00e9lyes adatokat az \u00e9rintett\u0151l gy\u0171jtik, az adatkezel\u0151 a szem\u00e9lyes adatok megszerz\u00e9s\u00e9nek id\u0151pontj\u00e1ban az \u00e9rintett rendelkez\u00e9s\u00e9re bocs\u00e1tja a k\u00f6vetkez\u0151 inform\u00e1ci\u00f3k mindegyik\u00e9t:<\/span><\/p>\r\n\r\n<ul>\r\n \t<li>\r\n<p align=\"JUSTIFY\"><span style=\"font-family: 'Calibri Light', serif;\">az adatkezel\u0151nek \u00e9s \u2013 ha van ilyen \u2013 az adatkezel\u0151 k\u00e9pvisel\u0151j\u00e9nek a kil\u00e9te \u00e9s el\u00e9rhet\u0151s\u00e9gei;<\/span><\/p>\r\n<\/li>\r\n \t<li>\r\n<p align=\"JUSTIFY\"><span style=\"font-family: 'Calibri Light', serif;\">az adatv\u00e9delmi tisztvisel\u0151 el\u00e9rhet\u0151s\u00e9gei, ha van ilyen;<\/span><\/p>\r\n<\/li>\r\n \t<li>\r\n<p align=\"JUSTIFY\"><span style=\"font-family: 'Calibri Light', serif;\">a szem\u00e9lyes adatok tervezett kezel\u00e9s\u00e9nek c\u00e9lja, valamint az adatkezel\u00e9s jogalapja;<\/span><\/p>\r\n<\/li>\r\n \t<li>\r\n<p align=\"JUSTIFY\"><span style=\"font-family: 'Calibri Light', serif;\">a Rendelet 6. cikk (1) bekezd\u00e9s\u00e9nek f) pontj\u00e1n (jogos \u00e9rdek \u00e9rv\u00e9nyes\u00edt\u00e9s) alapul\u00f3 adatkezel\u00e9s eset\u00e9n, az adatkezel\u0151 vagy harmadik f\u00e9l jogos \u00e9rdekei;<\/span><\/p>\r\n<\/li>\r\n \t<li>\r\n<p align=\"JUSTIFY\"><span style=\"font-family: 'Calibri Light', serif;\">adott esetben a szem\u00e9lyes adatok c\u00edmzettjei, illetve a c\u00edmzettek kateg\u00f3ri\u00e1i, ha van ilyen;<\/span><\/p>\r\n<\/li>\r\n \t<li>\r\n<p align=\"JUSTIFY\"><span style=\"font-family: 'Calibri Light', serif;\">adott esetben annak t\u00e9nye, hogy az adatkezel\u0151 harmadik orsz\u00e1gba vagy nemzetk\u00f6zi Szervezet r\u00e9sz\u00e9re k\u00edv\u00e1nja tov\u00e1bb\u00edtani a szem\u00e9lyes adatokat, tov\u00e1bb\u00e1 a Bizotts\u00e1g megfelel\u0151s\u00e9gi hat\u00e1rozat\u00e1nak l\u00e9te vagy annak hi\u00e1nya, vagy a Rendelet 46. cikkben, a 47. cikkben vagy a 49. cikk (1) bekezd\u00e9s\u00e9nek m\u00e1sodik albekezd\u00e9s\u00e9ben eml\u00edtett adattov\u00e1bb\u00edt\u00e1s eset\u00e9n a megfelel\u0151 \u00e9s alkalmas garanci\u00e1k megjel\u00f6l\u00e9se, valamint az azok m\u00e1solat\u00e1nak megszerz\u00e9s\u00e9re szolg\u00e1l\u00f3 m\u00f3dokra vagy az azok el\u00e9rhet\u0151s\u00e9g\u00e9re val\u00f3 hivatkoz\u00e1s.<\/span><\/p>\r\n<\/li>\r\n<\/ul>\r\n<p align=\"JUSTIFY\"><span style=\"font-family: 'Calibri Light', serif;\">2. Az 1. pontban eml\u00edtett inform\u00e1ci\u00f3k mellett az adatkezel\u0151 a szem\u00e9lyes adatok megszerz\u00e9s\u00e9nek id\u0151pontj\u00e1ban, annak \u00e9rdek\u00e9ben, hogy a tisztess\u00e9ges \u00e9s \u00e1tl\u00e1that\u00f3 adatkezel\u00e9st biztos\u00edtsa, az \u00e9rintettet a k\u00f6vetkez\u0151 kieg\u00e9sz\u00edt\u0151 inform\u00e1ci\u00f3kr\u00f3l t\u00e1j\u00e9koztatja:<\/span><\/p>\r\n\r\n<ul>\r\n \t<li>\r\n<p align=\"JUSTIFY\"><span style=\"font-family: 'Calibri Light', serif;\">a szem\u00e9lyes adatok t\u00e1rol\u00e1s\u00e1nak id\u0151tartam\u00e1r\u00f3l, vagy ha ez nem lehets\u00e9ges, ezen id\u0151tartam meghat\u00e1roz\u00e1s\u00e1nak szempontjair\u00f3l;<\/span><\/p>\r\n<\/li>\r\n \t<li>\r\n<p align=\"JUSTIFY\"><span style=\"font-family: 'Calibri Light', serif;\">az \u00e9rintett azon jog\u00e1r\u00f3l, hogy k\u00e9relmezheti az adatkezel\u0151t\u0151l a r\u00e1 vonatkoz\u00f3 szem\u00e9lyes adatokhoz val\u00f3 hozz\u00e1f\u00e9r\u00e9st, azok helyesb\u00edt\u00e9s\u00e9t, t\u00f6rl\u00e9s\u00e9t vagy kezel\u00e9s\u00e9nek korl\u00e1toz\u00e1s\u00e1t, \u00e9s tiltakozhat az ilyen szem\u00e9lyes adatok kezel\u00e9se ellen, valamint az \u00e9rintett adathordozhat\u00f3s\u00e1ghoz val\u00f3 jog\u00e1r\u00f3l;<\/span><\/p>\r\n<\/li>\r\n \t<li>\r\n<p align=\"JUSTIFY\"><span style=\"font-family: 'Calibri Light', serif;\">a Rendelet 6. cikk (1) bekezd\u00e9s\u00e9nek a) pontj\u00e1n (az \u00e9rintett hozz\u00e1j\u00e1rul\u00e1sa) vagy a 9. cikk (2) bekezd\u00e9s\u00e9nek a) pontj\u00e1n (az \u00e9rintett hozz\u00e1j\u00e1rul\u00e1sa) alapul\u00f3 adatkezel\u00e9s eset\u00e9n a hozz\u00e1j\u00e1rul\u00e1s b\u00e1rmely id\u0151pontban t\u00f6rt\u00e9n\u0151 visszavon\u00e1s\u00e1hoz val\u00f3 jog, amely nem \u00e9rinti a visszavon\u00e1s el\u0151tt a hozz\u00e1j\u00e1rul\u00e1s alapj\u00e1n v\u00e9grehajtott adatkezel\u00e9s jogszer\u0171s\u00e9g\u00e9t;<\/span><\/p>\r\n<\/li>\r\n \t<li>\r\n<p align=\"JUSTIFY\"><span style=\"font-family: 'Calibri Light', serif;\">a fel\u00fcgyeleti hat\u00f3s\u00e1ghoz c\u00edmzett panasz beny\u00fajt\u00e1s\u00e1nak jog\u00e1r\u00f3l;<\/span><\/p>\r\n<\/li>\r\n \t<li>\r\n<p align=\"JUSTIFY\"><span style=\"font-family: 'Calibri Light', serif;\">arr\u00f3l, hogy a szem\u00e9lyes adat szolg\u00e1ltat\u00e1sa jogszab\u00e1lyon vagy szerz\u0151d\u00e9ses k\u00f6telezetts\u00e9gen alapul vagy szerz\u0151d\u00e9s k\u00f6t\u00e9s\u00e9nek el\u0151felt\u00e9tele-e, valamint, hogy az \u00e9rintett k\u00f6teles-e a szem\u00e9lyes adatokat megadni, tov\u00e1bb\u00e1, hogy milyen lehets\u00e9ges k\u00f6vetkezm\u00e9nyeikkel j\u00e1rhat az adatszolg\u00e1ltat\u00e1s elmarad\u00e1sa;<\/span><\/p>\r\n<\/li>\r\n \t<li>\r\n<p align=\"JUSTIFY\"><span style=\"font-family: 'Calibri Light', serif;\">a Rendelet 22. cikk (1) \u00e9s (4) bekezd\u00e9s\u00e9ben eml\u00edtett automatiz\u00e1lt d\u00f6nt\u00e9shozatal t\u00e9nye, ide\u00e9rtve a profilalkot\u00e1st is, valamint legal\u00e1bb ezekben az esetekben az alkalmazott logik\u00e1ra \u00e9s arra vonatkoz\u00f3an \u00e9rthet\u0151 inform\u00e1ci\u00f3k, hogy az ilyen adatkezel\u00e9s milyen jelent\u0151s\u00e9ggel, \u00e9s az \u00e9rintettre n\u00e9zve milyen v\u00e1rhat\u00f3 k\u00f6vetkezm\u00e9nyekkel b\u00edr.<\/span><\/p>\r\n<\/li>\r\n<\/ul>\r\n<p align=\"JUSTIFY\"><span style=\"font-family: 'Calibri Light', serif;\">3. Ha az adatkezel\u0151 a szem\u00e9lyes adatokon a gy\u0171jt\u00e9s\u00fck c\u00e9lj\u00e1t\u00f3l elt\u00e9r\u0151 c\u00e9lb\u00f3l tov\u00e1bbi adatkezel\u00e9st k\u00edv\u00e1n v\u00e9gezni, a tov\u00e1bbi adatkezel\u00e9st megel\u0151z\u0151en t\u00e1j\u00e9koztatnia kell az \u00e9rintettet err\u0151l az elt\u00e9r\u0151 c\u00e9lr\u00f3l \u00e9s a (2) bekezd\u00e9sben eml\u00edtett minden relev\u00e1ns kieg\u00e9sz\u00edt\u0151 inform\u00e1ci\u00f3r\u00f3l.<\/span><\/p>\r\n<p align=\"JUSTIFY\"><span style=\"font-family: 'Calibri Light', serif;\">4. Az 1-3. pontok nem alkalmazand\u00f3, ha \u00e9s amilyen m\u00e9rt\u00e9kben az \u00e9rintett m\u00e1r rendelkezik az inform\u00e1ci\u00f3kkal.<\/span><\/p>\r\n<p align=\"JUSTIFY\"><span style=\"font-family: 'Calibri Light', serif;\">(<\/span><span style=\"font-family: 'Calibri Light', serif;\"><b>Rendelet 13. cikk)<\/b><\/span><\/p>\r\n<p align=\"JUSTIFY\"><span style=\"font-family: 'Calibri Light', serif;\"><b>B) Rendelkez\u00e9sre bocs\u00e1tand\u00f3 inform\u00e1ci\u00f3k, ha a szem\u00e9lyes adatokat nem az \u00e9rintett\u0151l szerezt\u00e9k meg<\/b><\/span><\/p>\r\n<p align=\"JUSTIFY\"><span style=\"font-family: 'Calibri Light', serif;\">1. Ha a szem\u00e9lyes adatokat nem az \u00e9rintett\u0151l szerezt\u00e9k meg, az adatkezel\u0151 az \u00e9rintett rendelkez\u00e9s\u00e9re bocs\u00e1tja a k\u00f6vetkez\u0151 inform\u00e1ci\u00f3kat:<\/span><\/p>\r\n\r\n<ul>\r\n \t<li>\r\n<p align=\"JUSTIFY\"><span style=\"font-family: 'Calibri Light', serif;\">az adatkezel\u0151nek \u00e9s \u2013 ha van ilyen \u2013 az adatkezel\u0151 k\u00e9pvisel\u0151j\u00e9nek a kil\u00e9te \u00e9s el\u00e9rhet\u0151s\u00e9gei;<\/span><\/p>\r\n<\/li>\r\n \t<li>\r\n<p align=\"JUSTIFY\"><span style=\"font-family: 'Calibri Light', serif;\">az adatv\u00e9delmi tisztvisel\u0151 el\u00e9rhet\u0151s\u00e9gei, ha van ilyen;<\/span><\/p>\r\n<\/li>\r\n \t<li>\r\n<p align=\"JUSTIFY\"><span style=\"font-family: 'Calibri Light', serif;\">a szem\u00e9lyes adatok tervezett kezel\u00e9s\u00e9nek c\u00e9lja, valamint az adatkezel\u00e9s jogalapja;<\/span><\/p>\r\n<\/li>\r\n \t<li>\r\n<p align=\"JUSTIFY\"><span style=\"font-family: 'Calibri Light', serif;\">az \u00e9rintett szem\u00e9lyes adatok kateg\u00f3ri\u00e1i;<\/span><\/p>\r\n<\/li>\r\n \t<li>\r\n<p align=\"JUSTIFY\"><span style=\"font-family: 'Calibri Light', serif;\">a szem\u00e9lyes adatok c\u00edmzettjei, illetve a c\u00edmzettek kateg\u00f3ri\u00e1i, ha van ilyen;<\/span><\/p>\r\n<\/li>\r\n \t<li>\r\n<p align=\"JUSTIFY\"><span style=\"font-family: 'Calibri Light', serif;\">adott esetben annak t\u00e9nye, hogy az adatkezel\u0151 valamely harmadik orsz\u00e1gbeli c\u00edmzett vagy valamely nemzetk\u00f6zi Szervezet r\u00e9sz\u00e9re k\u00edv\u00e1nja tov\u00e1bb\u00edtani a szem\u00e9lyes adatokat, tov\u00e1bb\u00e1 a Bizotts\u00e1g megfelel\u0151s\u00e9gi hat\u00e1rozat\u00e1nak l\u00e9te vagy annak hi\u00e1nya, vagy a Rendelet 46. cikkben, a 47. cikkben vagy a 49. cikk (1) bekezd\u00e9s\u00e9nek m\u00e1sodik albekezd\u00e9s\u00e9ben eml\u00edtett adattov\u00e1bb\u00edt\u00e1s eset\u00e9n a megfelel\u0151 \u00e9s alkalmas garanci\u00e1k megjel\u00f6l\u00e9se, valamint az ezek m\u00e1solat\u00e1nak megszerz\u00e9s\u00e9re szolg\u00e1l\u00f3 m\u00f3dokra vagy az el\u00e9rhet\u0151s\u00e9g\u00fckre val\u00f3 hivatkoz\u00e1s.<\/span><\/p>\r\n<\/li>\r\n<\/ul>\r\n<p align=\"JUSTIFY\"><span style=\"font-family: 'Calibri Light', serif;\">2. Az 1. pontban eml\u00edtett inform\u00e1ci\u00f3k mellett az adatkezel\u0151 az \u00e9rintett rendelkez\u00e9s\u00e9re bocs\u00e1tja az \u00e9rintettre n\u00e9zve tisztess\u00e9ges \u00e9s \u00e1tl\u00e1that\u00f3 adatkezel\u00e9s biztos\u00edt\u00e1s\u00e1hoz sz\u00fcks\u00e9ges k\u00f6vetkez\u0151 kieg\u00e9sz\u00edt\u0151 inform\u00e1ci\u00f3kat:<\/span><\/p>\r\n\r\n<ul>\r\n \t<li>\r\n<p align=\"JUSTIFY\"><span style=\"font-family: 'Calibri Light', serif;\">a szem\u00e9lyes adatok t\u00e1rol\u00e1s\u00e1nak id\u0151tartama, vagy ha ez nem lehets\u00e9ges, ezen id\u0151tartam meghat\u00e1roz\u00e1s\u00e1nak szempontjai;<\/span><\/p>\r\n<\/li>\r\n \t<li>\r\n<p align=\"JUSTIFY\"><span style=\"font-family: 'Calibri Light', serif;\">ha az adatkezel\u00e9s a Rendelet 6. cikk (1) bekezd\u00e9s\u00e9nek f) pontj\u00e1n (jogos \u00e9rdek) alapul, az adatkezel\u0151 vagy harmadik f\u00e9l jogos \u00e9rdekeir\u0151l;<\/span><\/p>\r\n<\/li>\r\n \t<li>\r\n<p align=\"JUSTIFY\"><span style=\"font-family: 'Calibri Light', serif;\">az \u00e9rintett azon joga, hogy k\u00e9relmezheti az adatkezel\u0151t\u0151l a r\u00e1 vonatkoz\u00f3 szem\u00e9lyes adatokhoz val\u00f3 hozz\u00e1f\u00e9r\u00e9st, azok helyesb\u00edt\u00e9s\u00e9t, t\u00f6rl\u00e9s\u00e9t vagy kezel\u00e9s\u00e9nek korl\u00e1toz\u00e1s\u00e1t, \u00e9s tiltakozhat a szem\u00e9lyes adatok kezel\u00e9se ellen, valamint az \u00e9rintett adathordozhat\u00f3s\u00e1ghoz val\u00f3 joga;<\/span><\/p>\r\n<\/li>\r\n \t<li>\r\n<p align=\"JUSTIFY\"><span style=\"font-family: 'Calibri Light', serif;\">a Rendelet 6. cikk (1) bekezd\u00e9s\u00e9nek a) pontj\u00e1n (az \u00e9rintett hozz\u00e1j\u00e1rul\u00e1sa), vagy a 9. cikk (2) bekezd\u00e9s\u00e9nek a) pontj\u00e1n (az \u00e9rintett hozz\u00e1j\u00e1rul\u00e1sa) alapul\u00f3 adatkezel\u00e9s eset\u00e9n a hozz\u00e1j\u00e1rul\u00e1s b\u00e1rmely id\u0151pontban val\u00f3 visszavon\u00e1s\u00e1hoz val\u00f3 jog, amely nem \u00e9rinti a visszavon\u00e1s el\u0151tt a hozz\u00e1j\u00e1rul\u00e1s alapj\u00e1n v\u00e9grehajtott adatkezel\u00e9s jogszer\u0171s\u00e9g\u00e9t;<\/span><\/p>\r\n<\/li>\r\n \t<li>\r\n<p align=\"JUSTIFY\"><span style=\"font-family: 'Calibri Light', serif;\">a valamely fel\u00fcgyeleti hat\u00f3s\u00e1ghoz c\u00edmzett panasz beny\u00fajt\u00e1s\u00e1nak joga;<\/span><\/p>\r\n<\/li>\r\n \t<li>\r\n<p align=\"JUSTIFY\"><span style=\"font-family: 'Calibri Light', serif;\">a szem\u00e9lyes adatok forr\u00e1sa \u00e9s adott esetben az, hogy az adatok nyilv\u00e1nosan hozz\u00e1f\u00e9rhet\u0151 forr\u00e1sokb\u00f3l sz\u00e1rmaznak-e; \u00e9s<\/span><\/p>\r\n<\/li>\r\n \t<li>\r\n<p align=\"JUSTIFY\"><span style=\"font-family: 'Calibri Light', serif;\">a Rendelet 22. cikk (1) \u00e9s (4) bekezd\u00e9s\u00e9ben eml\u00edtett automatiz\u00e1lt d\u00f6nt\u00e9shozatal t\u00e9nye, ide\u00e9rtve a profilalkot\u00e1st is, valamint legal\u00e1bb ezekben az esetekben az alkalmazott logik\u00e1ra \u00e9s arra vonatkoz\u00f3 \u00e9rthet\u0151 inform\u00e1ci\u00f3k, hogy az ilyen adatkezel\u00e9s milyen jelent\u0151s\u00e9ggel, \u00e9s az \u00e9rintettre n\u00e9zve milyen v\u00e1rhat\u00f3 k\u00f6vetkezm\u00e9nyekkel b\u00edr.<\/span><\/p>\r\n<\/li>\r\n<\/ul>\r\n<p align=\"JUSTIFY\"><span style=\"font-family: 'Calibri Light', serif;\">3. Az adatkezel\u0151 az 1. \u00e9s 2. pont szerinti t\u00e1j\u00e9koztat\u00e1st az al\u00e1bbiak szerint adja meg:<\/span><\/p>\r\n\r\n<ul>\r\n \t<li>\r\n<p align=\"JUSTIFY\"><span style=\"font-family: 'Calibri Light', serif;\">a szem\u00e9lyes adatok kezel\u00e9s\u00e9nek konkr\u00e9t k\u00f6r\u00fclm\u00e9nyeit tekintetbe v\u00e9ve, a szem\u00e9lyes adatok megszerz\u00e9s\u00e9t\u0151l sz\u00e1m\u00edtott \u00e9szszer\u0171 hat\u00e1rid\u0151n, de legk\u00e9s\u0151bb egy h\u00f3napon bel\u00fcl;<\/span><\/p>\r\n<\/li>\r\n \t<li>\r\n<p align=\"JUSTIFY\"><span style=\"font-family: 'Calibri Light', serif;\">ha a szem\u00e9lyes adatokat az \u00e9rintettel val\u00f3 kapcsolattart\u00e1s c\u00e9lj\u00e1ra haszn\u00e1lj\u00e1k, legal\u00e1bb az \u00e9rintettel val\u00f3 els\u0151 kapcsolatfelv\u00e9tel alkalm\u00e1val; vagy<\/span><\/p>\r\n<\/li>\r\n \t<li>\r\n<p align=\"JUSTIFY\"><span style=\"font-family: 'Calibri Light', serif;\">ha v\u00e1rhat\u00f3an m\u00e1s c\u00edmzettel is k\u00f6zlik az adatokat, legk\u00e9s\u0151bb a szem\u00e9lyes adatok els\u0151 alkalommal val\u00f3 k\u00f6zl\u00e9sekor.<\/span><\/p>\r\n<\/li>\r\n<\/ul>\r\n<p align=\"JUSTIFY\"><span style=\"font-family: 'Calibri Light', serif;\">4. Ha az adatkezel\u0151 a szem\u00e9lyes adatokon a megszerz\u00e9s\u00fck c\u00e9lj\u00e1t\u00f3l elt\u00e9r\u0151 c\u00e9lb\u00f3l tov\u00e1bbi adatkezel\u00e9st k\u00edv\u00e1n v\u00e9gezni, a tov\u00e1bbi adatkezel\u00e9st megel\u0151z\u0151en t\u00e1j\u00e9koztatnia kell az \u00e9rintettet err\u0151l az elt\u00e9r\u0151 c\u00e9lr\u00f3l \u00e9s a 2. pontban eml\u00edtett minden relev\u00e1ns kieg\u00e9sz\u00edt\u0151 inform\u00e1ci\u00f3r\u00f3l.<\/span><\/p>\r\n<p align=\"JUSTIFY\"><span style=\"font-family: 'Calibri Light', serif;\">5. Az 1-5. pontot nem kell alkalmazni, ha \u00e9s amilyen m\u00e9rt\u00e9kben:<\/span><\/p>\r\n\r\n<ul>\r\n \t<li>\r\n<p align=\"JUSTIFY\"><span style=\"font-family: 'Calibri Light', serif;\">az \u00e9rintett m\u00e1r rendelkezik az inform\u00e1ci\u00f3kkal;<\/span><\/p>\r\n<\/li>\r\n \t<li>\r\n<p align=\"JUSTIFY\"><span style=\"font-family: 'Calibri Light', serif;\">a sz\u00f3ban forg\u00f3 inform\u00e1ci\u00f3k rendelkez\u00e9sre bocs\u00e1t\u00e1sa lehetetlennek bizonyul, vagy ar\u00e1nytalanul nagy er\u0151fesz\u00edt\u00e9st ig\u00e9nyelne, k\u00fcl\u00f6n\u00f6sen a k\u00f6z\u00e9rdek\u0171 archiv\u00e1l\u00e1s c\u00e9lj\u00e1b\u00f3l, tudom\u00e1nyos \u00e9s t\u00f6rt\u00e9nelmi kutat\u00e1si c\u00e9lb\u00f3l vagy statisztikai c\u00e9lb\u00f3l, a Rendelet 89. cikk (1) bekezd\u00e9s\u00e9ben foglalt felt\u00e9telek \u00e9s garanci\u00e1k figyelembev\u00e9tel\u00e9vel v\u00e9gzett adatkezel\u00e9s eset\u00e9ben, vagy amennyiben az e cikk (1) bekezd\u00e9s\u00e9ben eml\u00edtett k\u00f6telezetts\u00e9g val\u00f3sz\u00edn\u0171s\u00edthet\u0151en lehetetlenn\u00e9 tenn\u00e9 vagy komolyan vesz\u00e9lyeztetn\u00e9 ezen adatkezel\u00e9s c\u00e9ljainak el\u00e9r\u00e9s\u00e9t. Ilyen esetekben az adatkezel\u0151nek megfelel\u0151 int\u00e9zked\u00e9seket kell hoznia \u2013 az inform\u00e1ci\u00f3k nyilv\u00e1nosan el\u00e9rhet\u0151v\u00e9 t\u00e9tel\u00e9t is ide\u00e9rtve \u2013 az \u00e9rintett jogainak, szabads\u00e1gainak \u00e9s jogos \u00e9rdekeinek v\u00e9delme \u00e9rdek\u00e9ben;<\/span><\/p>\r\n<\/li>\r\n \t<li>\r\n<p align=\"JUSTIFY\"><span style=\"font-family: 'Calibri Light', serif;\">az adat megszerz\u00e9s\u00e9t vagy k\u00f6zl\u00e9s\u00e9t kifejezetten el\u0151\u00edrja az adatkezel\u0151re alkalmazand\u00f3 uni\u00f3s vagy tag\u00e1llami jog, amely az \u00e9rintett jogos \u00e9rdekeinek v\u00e9delm\u00e9t szolg\u00e1l\u00f3 megfelel\u0151 int\u00e9zked\u00e9sekr\u0151l rendelkezik; vagy<\/span><\/p>\r\n<\/li>\r\n \t<li>\r\n<p align=\"JUSTIFY\"><span style=\"font-family: 'Calibri Light', serif;\">a szem\u00e9lyes adatoknak valamely uni\u00f3s vagy tag\u00e1llami jogban el\u0151\u00edrt szakmai titoktart\u00e1si k\u00f6telezetts\u00e9g alapj\u00e1n, ide\u00e9rtve a jogszab\u00e1lyon alapul\u00f3 titoktart\u00e1si k\u00f6telezetts\u00e9get is, bizalmasnak kell maradnia. (<\/span><span style=\"font-family: 'Calibri Light', serif;\"><b>Rendelet 14. cikk)<\/b><\/span><\/p>\r\n<\/li>\r\n<\/ul>\r\n<p align=\"JUSTIFY\"><span style=\"font-family: 'Calibri Light', serif;\"><b>Az \u00e9rintett hozz\u00e1f\u00e9r\u00e9si joga<\/b><\/span><\/p>\r\n<p align=\"JUSTIFY\"><span style=\"font-family: 'Calibri Light', serif;\">1. Az \u00e9rintett jogosult arra, hogy az Adatkezel\u0151t\u0151l visszajelz\u00e9st kapjon arra vonatkoz\u00f3an, hogy szem\u00e9lyes adatainak kezel\u00e9se folyamatban van-e, \u00e9s ha ilyen adatkezel\u00e9s folyamatban van, jogosult arra, hogy a szem\u00e9lyes adatokhoz \u00e9s a k\u00f6vetkez\u0151 inform\u00e1ci\u00f3khoz hozz\u00e1f\u00e9r\u00e9st kapjon:<\/span><\/p>\r\n\r\n<ul>\r\n \t<li>\r\n<p align=\"JUSTIFY\"><span style=\"font-family: 'Calibri Light', serif;\">az adatkezel\u00e9s c\u00e9ljai;<\/span><\/p>\r\n<\/li>\r\n \t<li>\r\n<p align=\"JUSTIFY\"><span style=\"font-family: 'Calibri Light', serif;\">az \u00e9rintett szem\u00e9lyes adatok kateg\u00f3ri\u00e1i;<\/span><\/p>\r\n<\/li>\r\n \t<li>\r\n<p align=\"JUSTIFY\"><span style=\"font-family: 'Calibri Light', serif;\">azon c\u00edmzettek vagy c\u00edmzettek kateg\u00f3ri\u00e1i, akikkel, illetve amelyekkel a szem\u00e9lyes adatokat k\u00f6z\u00f6lt\u00e9k vagy k\u00f6z\u00f6lni fogj\u00e1k, ide\u00e9rtve k\u00fcl\u00f6n\u00f6sen a harmadik orsz\u00e1gbeli c\u00edmzetteket, illetve a nemzetk\u00f6zi Szervezeteket;<\/span><\/p>\r\n<\/li>\r\n \t<li>\r\n<p align=\"JUSTIFY\"><span style=\"font-family: 'Calibri Light', serif;\">adott esetben a szem\u00e9lyes adatok t\u00e1rol\u00e1s\u00e1nak tervezett id\u0151tartama, vagy ha ez nem lehets\u00e9ges, ezen id\u0151tartam meghat\u00e1roz\u00e1s\u00e1nak szempontjai;<\/span><\/p>\r\n<\/li>\r\n \t<li>\r\n<p align=\"JUSTIFY\"><span style=\"font-family: 'Calibri Light', serif;\">az \u00e9rintett azon joga, hogy k\u00e9relmezheti az Adatkezel\u0151t\u0151l a r\u00e1 vonatkoz\u00f3 szem\u00e9lyes adatok helyesb\u00edt\u00e9s\u00e9t, t\u00f6rl\u00e9s\u00e9t vagy kezel\u00e9s\u00e9nek korl\u00e1toz\u00e1s\u00e1t, \u00e9s tiltakozhat az ilyen szem\u00e9lyes adatok kezel\u00e9se ellen;<\/span><\/p>\r\n<\/li>\r\n \t<li>\r\n<p align=\"JUSTIFY\"><span style=\"font-family: 'Calibri Light', serif;\">a valamely fel\u00fcgyeleti hat\u00f3s\u00e1ghoz c\u00edmzett panasz beny\u00fajt\u00e1s\u00e1nak joga;<\/span><\/p>\r\n<\/li>\r\n \t<li>\r\n<p align=\"JUSTIFY\"><span style=\"font-family: 'Calibri Light', serif;\">ha az adatokat nem az \u00e9rintett\u0151l gy\u0171jt\u00f6tt\u00e9k, a forr\u00e1sukra vonatkoz\u00f3 minden el\u00e9rhet\u0151 inform\u00e1ci\u00f3;<\/span><\/p>\r\n<\/li>\r\n \t<li>\r\n<p align=\"JUSTIFY\"><span style=\"font-family: 'Calibri Light', serif;\">a Rendelet 22. cikk (1) \u00e9s (4) bekezd\u00e9s\u00e9ben eml\u00edtett automatiz\u00e1lt d\u00f6nt\u00e9shozatal t\u00e9nye, ide\u00e9rtve a profilalkot\u00e1st is, valamint legal\u00e1bb ezekben az esetekben az alkalmazott logik\u00e1ra \u00e9s arra vonatkoz\u00f3 \u00e9rthet\u0151 inform\u00e1ci\u00f3k, hogy az ilyen adatkezel\u00e9s milyen jelent\u0151s\u00e9ggel b\u00edr, \u00e9s az \u00e9rintettre n\u00e9zve milyen v\u00e1rhat\u00f3 k\u00f6vetkezm\u00e9nyekkel j\u00e1r.<\/span><\/p>\r\n<\/li>\r\n<\/ul>\r\n<p align=\"JUSTIFY\"><span style=\"font-family: 'Calibri Light', serif;\">2. Ha szem\u00e9lyes adatoknak harmadik orsz\u00e1gba vagy nemzetk\u00f6zi Szervezet r\u00e9sz\u00e9re t\u00f6rt\u00e9n\u0151 tov\u00e1bb\u00edt\u00e1s\u00e1ra ker\u00fcl sor, az \u00e9rintett jogosult arra, hogy t\u00e1j\u00e9koztat\u00e1st kapjon a tov\u00e1bb\u00edt\u00e1sra vonatkoz\u00f3an a Rendelet 46. cikk szerinti megfelel\u0151 garanci\u00e1kr\u00f3l.<\/span><\/p>\r\n<p align=\"JUSTIFY\"><span style=\"font-family: 'Calibri Light', serif;\">3. Az Adatkezel\u0151 az adatkezel\u00e9s t\u00e1rgy\u00e1t k\u00e9pez\u0151 szem\u00e9lyes adatok m\u00e1solat\u00e1t az \u00e9rintett rendelkez\u00e9s\u00e9re bocs\u00e1tja. Az \u00e9rintett \u00e1ltal k\u00e9rt tov\u00e1bbi m\u00e1solatok\u00e9rt az Adatkezel\u0151 az adminisztrat\u00edv k\u00f6lts\u00e9geken alapul\u00f3, \u00e9szszer\u0171 m\u00e9rt\u00e9k\u0171 d\u00edjat sz\u00e1m\u00edthat fel. Ha az \u00e9rintett elektronikus \u00faton ny\u00fajtotta be a k\u00e9relmet, az inform\u00e1ci\u00f3kat sz\u00e9les k\u00f6rben haszn\u00e1lt elektronikus form\u00e1tumban kell rendelkez\u00e9sre bocs\u00e1tani, kiv\u00e9ve, ha az \u00e9rintett m\u00e1sk\u00e9nt k\u00e9ri. A m\u00e1solat ig\u00e9nyl\u00e9s\u00e9re vonatkoz\u00f3 jog nem \u00e9rintheti h\u00e1tr\u00e1nyosan m\u00e1sok jogait \u00e9s szabads\u00e1gait.<\/span><\/p>\r\n<p align=\"JUSTIFY\"><span style=\"font-family: 'Calibri Light', serif;\"><b>(Rendelet 15. cikk)<\/b><\/span><\/p>\r\n<p align=\"JUSTIFY\"><span style=\"font-family: 'Calibri Light', serif;\"><b>A t\u00f6rl\u00e9shez val\u00f3 jog (\u201eaz elfeledtet\u00e9shez val\u00f3 jog\u201d)<\/b><\/span><\/p>\r\n<p align=\"JUSTIFY\"><span style=\"font-family: 'Calibri Light', serif;\">1. Az \u00e9rintett jogosult arra, hogy k\u00e9r\u00e9s\u00e9re az Adatkezel\u0151 indokolatlan k\u00e9sedelem n\u00e9lk\u00fcl t\u00f6r\u00f6lje a r\u00e1 vonatkoz\u00f3 szem\u00e9lyes adatokat, az Adatkezel\u0151 pedig k\u00f6teles arra, hogy az \u00e9rintettre vonatkoz\u00f3 szem\u00e9lyes adatokat indokolatlan k\u00e9sedelem n\u00e9lk\u00fcl t\u00f6r\u00f6lje, ha az al\u00e1bbi indokok valamelyike fenn\u00e1ll:<\/span><\/p>\r\n\r\n<ul>\r\n \t<li>\r\n<p align=\"JUSTIFY\"><span style=\"font-family: 'Calibri Light', serif;\">a szem\u00e9lyes adatokra m\u00e1r nincs sz\u00fcks\u00e9g abb\u00f3l a c\u00e9lb\u00f3l, amelyb\u0151l azokat gy\u0171jt\u00f6tt\u00e9k vagy m\u00e1s m\u00f3don kezelt\u00e9k;<\/span><\/p>\r\n<\/li>\r\n \t<li>\r\n<p align=\"JUSTIFY\"><span style=\"font-family: 'Calibri Light', serif;\">az \u00e9rintett visszavonja a Rendelet 6. cikk (1) bekezd\u00e9s\u00e9nek a) pontja vagy a 9. cikk (2) bekezd\u00e9s\u00e9nek a) pontja \u00e9rtelm\u00e9ben az adatkezel\u00e9s alapj\u00e1t k\u00e9pez\u0151 hozz\u00e1j\u00e1rul\u00e1s\u00e1t, \u00e9s az adatkezel\u00e9snek nincs m\u00e1s jogalapja;<\/span><\/p>\r\n<\/li>\r\n \t<li>\r\n<p align=\"JUSTIFY\"><span style=\"font-family: 'Calibri Light', serif;\">az \u00e9rintett a Rendelet 21. cikk (1) bekezd\u00e9se alapj\u00e1n tiltakozik az adatkezel\u00e9se ellen, \u00e9s nincs els\u0151bbs\u00e9get \u00e9lvez\u0151 jogszer\u0171 ok az adatkezel\u00e9sre, vagy az \u00e9rintett a 21. cikk (2) bekezd\u00e9se alapj\u00e1n tiltakozik az adatkezel\u00e9s ellen;<\/span><\/p>\r\n<\/li>\r\n \t<li>\r\n<p align=\"JUSTIFY\"><span style=\"font-family: 'Calibri Light', serif;\">a szem\u00e9lyes adatokat jogellenesen kezelt\u00e9k;<\/span><\/p>\r\n<\/li>\r\n \t<li>\r\n<p align=\"JUSTIFY\"><span style=\"font-family: 'Calibri Light', serif;\">a szem\u00e9lyes adatokat az Adatkezel\u0151re alkalmazand\u00f3 uni\u00f3s vagy tag\u00e1llami jogban el\u0151\u00edrt jogi k\u00f6telezetts\u00e9g teljes\u00edt\u00e9s\u00e9hez t\u00f6r\u00f6lni kell;<\/span><\/p>\r\n<\/li>\r\n \t<li>\r\n<p align=\"JUSTIFY\"><span style=\"font-family: 'Calibri Light', serif;\">a szem\u00e9lyes adatok gy\u0171jt\u00e9s\u00e9re a Rendelet 8. cikk (1) bekezd\u00e9s\u00e9ben eml\u00edtett, inform\u00e1ci\u00f3s t\u00e1rsadalommal \u00f6sszef\u00fcgg\u0151 szolg\u00e1ltat\u00e1sok k\u00edn\u00e1l\u00e1s\u00e1val kapcsolatosan ker\u00fclt sor.<\/span><\/p>\r\n<\/li>\r\n<\/ul>\r\n<p align=\"JUSTIFY\"><span style=\"font-family: 'Calibri Light', serif;\">2. Ha az Adatkezel\u0151 nyilv\u00e1noss\u00e1gra hozta a szem\u00e9lyes adatot, \u00e9s az el\u0151bbi 1. pont \u00e9rtelm\u00e9ben azt t\u00f6r\u00f6lni k\u00f6teles, az el\u00e9rhet\u0151 technol\u00f3gia \u00e9s a megval\u00f3s\u00edt\u00e1s k\u00f6lts\u00e9geinek figyelembev\u00e9tel\u00e9vel megteszi az \u00e9szszer\u0171en elv\u00e1rhat\u00f3 l\u00e9p\u00e9seket \u2013 ide\u00e9rtve technikai int\u00e9zked\u00e9seket \u2013 annak \u00e9rdek\u00e9ben,<\/span><\/p>\r\n<p align=\"JUSTIFY\"><span style=\"font-family: 'Calibri Light', serif;\">hogy t\u00e1j\u00e9koztassa az adatokat kezel\u0151 Adatkezel\u0151ket, hogy az \u00e9rintett k\u00e9relmezte t\u0151l\u00fck a sz\u00f3ban forg\u00f3 szem\u00e9lyes adatokra mutat\u00f3 linkek vagy e szem\u00e9lyes adatok m\u00e1solat\u00e1nak, illetve m\u00e1sodp\u00e9ld\u00e1ny\u00e1nak t\u00f6rl\u00e9s\u00e9t.<\/span><\/p>\r\n<p align=\"JUSTIFY\"><span style=\"font-family: 'Calibri Light', serif;\">3. Az 1. \u00e9s 2. pont nem alkalmazand\u00f3, amennyiben az adatkezel\u00e9s sz\u00fcks\u00e9ges:<\/span><\/p>\r\n\r\n<ul>\r\n \t<li>\r\n<p align=\"JUSTIFY\"><span style=\"font-family: 'Calibri Light', serif;\">a v\u00e9lem\u00e9nynyilv\u00e1n\u00edt\u00e1s szabads\u00e1g\u00e1hoz \u00e9s a t\u00e1j\u00e9koz\u00f3d\u00e1shoz val\u00f3 jog gyakorl\u00e1sa c\u00e9lj\u00e1b\u00f3l;<\/span><\/p>\r\n<\/li>\r\n \t<li>\r\n<p align=\"JUSTIFY\"><span style=\"font-family: 'Calibri Light', serif;\">a szem\u00e9lyes adatok kezel\u00e9s\u00e9t el\u0151\u00edr\u00f3, az Adatkezel\u0151re alkalmazand\u00f3 uni\u00f3s vagy tag\u00e1llami jog szerinti k\u00f6telezetts\u00e9g teljes\u00edt\u00e9se, illetve k\u00f6z\u00e9rdekb\u0151l, vagy az Adatkezel\u0151re ruh\u00e1zott k\u00f6zhatalmi jogos\u00edtv\u00e1ny gyakorl\u00e1sa keret\u00e9ben v\u00e9gzett feladat v\u00e9grehajt\u00e1sa c\u00e9lj\u00e1b\u00f3l;<\/span><\/p>\r\n<\/li>\r\n \t<li>\r\n<p align=\"JUSTIFY\"><span style=\"font-family: 'Calibri Light', serif;\">a Rendelet 9. cikk (2) bekezd\u00e9se h) \u00e9s i) pontj\u00e1nak, valamint a 9. cikk (3) bekezd\u00e9s\u00e9nek megfelel\u0151en a n\u00e9peg\u00e9szs\u00e9g\u00fcgy ter\u00fclet\u00e9t \u00e9rint\u0151 k\u00f6z\u00e9rdek alapj\u00e1n;<\/span><\/p>\r\n<\/li>\r\n \t<li>\r\n<p align=\"JUSTIFY\"><span style=\"font-family: 'Calibri Light', serif;\">a Rendelet 89. cikk (1) bekezd\u00e9s\u00e9vel \u00f6sszhangban a k\u00f6z\u00e9rdek\u0171 archiv\u00e1l\u00e1s c\u00e9lj\u00e1b\u00f3l, tudom\u00e1nyos \u00e9s t\u00f6rt\u00e9nelmi kutat\u00e1si c\u00e9lb\u00f3l, vagy statisztikai c\u00e9lb\u00f3l, amennyiben az 1. pontban eml\u00edtett jog val\u00f3sz\u00edn\u0171s\u00edthet\u0151en lehetetlenn\u00e9 tenn\u00e9 vagy komolyan vesz\u00e9lyeztetn\u00e9 ezt az adatkezel\u00e9st; vagy<\/span><\/p>\r\n<\/li>\r\n \t<li>\r\n<p align=\"JUSTIFY\"><span style=\"font-family: 'Calibri Light', serif;\">jogi ig\u00e9nyek el\u0151terjeszt\u00e9s\u00e9hez, \u00e9rv\u00e9nyes\u00edt\u00e9s\u00e9hez, illetve v\u00e9delm\u00e9hez.<\/span><\/p>\r\n<\/li>\r\n \t<li>\r\n<p align=\"JUSTIFY\"><span style=\"font-family: 'Calibri Light', serif;\"><b>(Rendelet 17. cikk)<\/b><\/span><\/p>\r\n<\/li>\r\n<\/ul>\r\n<p align=\"JUSTIFY\"><span style=\"font-family: 'Calibri Light', serif;\"><b>Az adatkezel\u00e9s korl\u00e1toz\u00e1s\u00e1hoz val\u00f3 jog<\/b><\/span><\/p>\r\n<p align=\"JUSTIFY\"><span style=\"font-family: 'Calibri Light', serif;\">1. Az \u00e9rintett jogosult arra, hogy k\u00e9r\u00e9s\u00e9re az Adatkezel\u0151 korl\u00e1tozza az adatkezel\u00e9st, ha az al\u00e1bbiak valamelyike teljes\u00fcl:<\/span><\/p>\r\n\r\n<ul>\r\n \t<li>\r\n<p align=\"JUSTIFY\"><span style=\"font-family: 'Calibri Light', serif;\">az \u00e9rintett vitatja a szem\u00e9lyes adatok pontoss\u00e1g\u00e1t, ez esetben a korl\u00e1toz\u00e1s arra az id\u0151tartamra vonatkozik, amely lehet\u0151v\u00e9 teszi, hogy az Adatkezel\u0151 ellen\u0151rizze a szem\u00e9lyes adatok pontoss\u00e1g\u00e1t;<\/span><\/p>\r\n<\/li>\r\n \t<li>\r\n<p align=\"JUSTIFY\"><span style=\"font-family: 'Calibri Light', serif;\">az adatkezel\u00e9s jogellenes, \u00e9s az \u00e9rintett ellenzi az adatok t\u00f6rl\u00e9s\u00e9t, \u00e9s ehelyett k\u00e9ri azok felhaszn\u00e1l\u00e1s\u00e1nak korl\u00e1toz\u00e1s\u00e1t;<\/span><\/p>\r\n<\/li>\r\n \t<li>\r\n<p align=\"JUSTIFY\"><span style=\"font-family: 'Calibri Light', serif;\">az Adatkezel\u0151nek m\u00e1r nincs sz\u00fcks\u00e9ge a szem\u00e9lyes adatokra adatkezel\u00e9s c\u00e9lj\u00e1b\u00f3l, de az \u00e9rintett ig\u00e9nyli azokat jogi ig\u00e9nyek el\u0151terjeszt\u00e9s\u00e9hez, \u00e9rv\u00e9nyes\u00edt\u00e9s\u00e9hez vagy v\u00e9delm\u00e9hez; vagy<\/span><\/p>\r\n<\/li>\r\n \t<li>\r\n<p align=\"JUSTIFY\"><span style=\"font-family: 'Calibri Light', serif;\">az \u00e9rintett a Rendelet 21. cikk (1) bekezd\u00e9se szerint tiltakozott az adatkezel\u00e9s ellen; ez esetben a korl\u00e1toz\u00e1s arra az id\u0151tartamra vonatkozik, am\u00edg meg\u00e1llap\u00edt\u00e1sra nem ker\u00fcl, hogy az Adatkezel\u0151 jogos indokai els\u0151bbs\u00e9get \u00e9lveznek-e az \u00e9rintett jogos indokaival szemben.<\/span><\/p>\r\n<\/li>\r\n<\/ul>\r\n<p align=\"JUSTIFY\"><span style=\"font-family: 'Calibri Light', serif;\">2. Ha az adatkezel\u00e9s az 1. pont alapj\u00e1n korl\u00e1toz\u00e1s al\u00e1 esik, az ilyen szem\u00e9lyes adatokat a t\u00e1rol\u00e1s kiv\u00e9tel\u00e9vel csak az \u00e9rintett hozz\u00e1j\u00e1rul\u00e1s\u00e1val, vagy jogi ig\u00e9nyek el\u0151terjeszt\u00e9s\u00e9hez, \u00e9rv\u00e9nyes\u00edt\u00e9s\u00e9hez, vagy v\u00e9delm\u00e9hez, vagy m\u00e1s term\u00e9szetes vagy jogi szem\u00e9ly jogainak v\u00e9delme \u00e9rdek\u00e9ben, vagy az Uni\u00f3, illetve valamely tag\u00e1llam fontos k\u00f6z\u00e9rdek\u00e9b\u0151l lehet kezelni.<\/span><\/p>\r\n<p align=\"JUSTIFY\"><span style=\"font-family: 'Calibri Light', serif;\">3. Az Adatkezel\u0151 az \u00e9rintettet, akinek a k\u00e9r\u00e9s\u00e9re az 1. pont alapj\u00e1n korl\u00e1tozt\u00e1k az adatkezel\u00e9st, az adatkezel\u00e9s korl\u00e1toz\u00e1s\u00e1nak felold\u00e1s\u00e1r\u00f3l el\u0151zetesen t\u00e1j\u00e9koztatja.\u00a0<\/span><span style=\"font-family: 'Calibri Light', serif;\"><b>(Rendelet 18. cikk)<\/b><\/span><\/p>\r\n<p align=\"JUSTIFY\"><span style=\"font-family: 'Calibri Light', serif;\"><b>Az adathordozhat\u00f3s\u00e1ghoz val\u00f3 jog<\/b><\/span><\/p>\r\n\r\n<ol>\r\n \t<li>\r\n<p align=\"JUSTIFY\"><span style=\"font-family: 'Calibri Light', serif;\">Az \u00e9rintett jogosult arra, hogy a r\u00e1 vonatkoz\u00f3, \u00e1ltala egy Adatkezel\u0151 rendelkez\u00e9s\u00e9re bocs\u00e1tott szem\u00e9lyes adatokat tagolt, sz\u00e9les k\u00f6rben haszn\u00e1lt, g\u00e9ppel olvashat\u00f3 form\u00e1tumban megkapja, tov\u00e1bb\u00e1 jogosult arra, hogy ezeket az adatokat egy m\u00e1sik Adatkezel\u0151nek tov\u00e1bb\u00edtsa an\u00e9lk\u00fcl, hogy ezt akad\u00e1lyozn\u00e1 az az Adatkezel\u0151, amelynek a szem\u00e9lyes adatokat a rendelkez\u00e9s\u00e9re bocs\u00e1totta, ha:<\/span><\/p>\r\n<\/li>\r\n<\/ol>\r\n<ul>\r\n \t<li>\r\n<p align=\"JUSTIFY\"><span style=\"font-family: 'Calibri Light', serif;\">az adatkezel\u00e9s a Rendelet 6. cikk (1) bekezd\u00e9s\u00e9nek a) pontja vagy a 9. cikk (2) bekezd\u00e9s\u00e9nek a) pontja szerinti hozz\u00e1j\u00e1rul\u00e1son, vagy a 6. cikk (1) bekezd\u00e9s\u00e9nek b) pontja szerinti szerz\u0151d\u00e9sen alapul; \u00e9s<\/span><\/p>\r\n<\/li>\r\n \t<li>\r\n<p align=\"JUSTIFY\"><span style=\"font-family: 'Calibri Light', serif;\">az adatkezel\u00e9s automatiz\u00e1lt m\u00f3don t\u00f6rt\u00e9nik.<\/span><\/p>\r\n<\/li>\r\n<\/ul>\r\n<p align=\"JUSTIFY\"><span style=\"font-family: 'Calibri Light', serif;\">2. Az adatok hordozhat\u00f3s\u00e1g\u00e1hoz val\u00f3 jog 1. pont szerinti gyakorl\u00e1sa sor\u00e1n az \u00e9rintett jogosult arra, hogy \u2013 ha ez technikailag megval\u00f3s\u00edthat\u00f3 \u2013 k\u00e9rje a szem\u00e9lyes adatok Adatkezel\u0151k k\u00f6z\u00f6tti k\u00f6zvetlen tov\u00e1bb\u00edt\u00e1s\u00e1t.<\/span><\/p>\r\n<p align=\"JUSTIFY\"><span style=\"font-family: 'Calibri Light', serif;\">3. E jog gyakorl\u00e1sa nem s\u00e9rtheti a Rendelet 17. cikk\u00e9t. Az eml\u00edtett jog nem alkalmazand\u00f3 abban az esetben, ha az adatkezel\u00e9s k\u00f6z\u00e9rdek\u0171, vagy az Adatkezel\u0151re ruh\u00e1zott k\u00f6zhatalmi jogos\u00edtv\u00e1nyai gyakorl\u00e1s\u00e1nak keret\u00e9ben v\u00e9gzett feladat v\u00e9grehajt\u00e1s\u00e1hoz sz\u00fcks\u00e9ges.<\/span><\/p>\r\n<p align=\"JUSTIFY\"><span style=\"font-family: 'Calibri Light', serif;\">4. Az 1. pontban eml\u00edtett jog nem \u00e9rintheti h\u00e1tr\u00e1nyosan m\u00e1sok jogait \u00e9s szabads\u00e1gait.\u00a0<\/span><span style=\"font-family: 'Calibri Light', serif;\"><b>(Rendelet 20. cikk)<\/b><\/span><\/p>\r\n<p align=\"JUSTIFY\"><span style=\"font-family: 'Calibri Light', serif;\"><b>A tiltakoz\u00e1shoz val\u00f3 jog<\/b><\/span><\/p>\r\n<p align=\"JUSTIFY\"><span style=\"font-family: 'Calibri Light', serif;\">1. Az \u00e9rintett jogosult arra, hogy a saj\u00e1t helyzet\u00e9vel kapcsolatos okokb\u00f3l b\u00e1rmikor tiltakozzon szem\u00e9lyes adatainak a Rendelet 6. cikk (1) bekezd\u00e9s\u00e9nek e) pontj\u00e1n (az adatkezel\u00e9s k\u00f6z\u00e9rdek\u0171 vagy az Adatkezel\u0151re ruh\u00e1zott k\u00f6zhatalmi jogos\u00edtv\u00e1ny gyakorl\u00e1s\u00e1nak keret\u00e9ben v\u00e9gzett feladat v\u00e9grehajt\u00e1s\u00e1hoz sz\u00fcks\u00e9ges) vagy f) pontj\u00e1n (az adatkezel\u00e9s az Adatkezel\u0151 vagy egy harmadik f\u00e9l jogos \u00e9rdekeinek \u00e9rv\u00e9nyes\u00edt\u00e9s\u00e9hez sz\u00fcks\u00e9ges) alapul\u00f3 kezel\u00e9se ellen, ide\u00e9rtve az eml\u00edtett rendelkez\u00e9seken alapul\u00f3 profilalkot\u00e1st is. Ebben az esetben az Adatkezel\u0151 a szem\u00e9lyes adatokat nem kezelheti tov\u00e1bb, kiv\u00e9ve, ha az Adatkezel\u0151 bizony\u00edtja, hogy az adatkezel\u00e9st olyan k\u00e9nyszer\u00edt\u0151 erej\u0171 jogos okok indokolj\u00e1k, amelyek els\u0151bbs\u00e9get \u00e9lveznek az \u00e9rintett \u00e9rdekeivel, jogaival \u00e9s szabads\u00e1gaival szemben, vagy amelyek jogi ig\u00e9nyek el\u0151terjeszt\u00e9s\u00e9hez, \u00e9rv\u00e9nyes\u00edt\u00e9s\u00e9hez vagy v\u00e9delm\u00e9hez kapcsol\u00f3dnak.<\/span><\/p>\r\n<p align=\"JUSTIFY\"><span style=\"font-family: 'Calibri Light', serif;\">2. Ha a szem\u00e9lyes adatok kezel\u00e9se k\u00f6zvetlen \u00fczletszerz\u00e9s \u00e9rdek\u00e9ben t\u00f6rt\u00e9nik, az \u00e9rintett jogosult arra, hogy b\u00e1rmikor tiltakozzon a r\u00e1 vonatkoz\u00f3 szem\u00e9lyes adatok e c\u00e9lb\u00f3l t\u00f6rt\u00e9n\u0151 kezel\u00e9se ellen, ide\u00e9rtve a profilalkot\u00e1st is, amennyiben az a k\u00f6zvetlen \u00fczletszerz\u00e9shez kapcsol\u00f3dik.<\/span><\/p>\r\n<p align=\"JUSTIFY\"><span style=\"font-family: 'Calibri Light', serif;\">3. Ha az \u00e9rintett tiltakozik a szem\u00e9lyes adatok k\u00f6zvetlen \u00fczletszerz\u00e9s \u00e9rdek\u00e9ben t\u00f6rt\u00e9n\u0151 kezel\u00e9se ellen, akkor a szem\u00e9lyes adatok a tov\u00e1bbiakban e c\u00e9lb\u00f3l nem kezelhet\u0151k.<\/span><\/p>\r\n<p align=\"JUSTIFY\"><span style=\"font-family: 'Calibri Light', serif;\">4. Az 1. \u00e9s 2. pontokban eml\u00edtett jogra legk\u00e9s\u0151bb az \u00e9rintettel val\u00f3 els\u0151 kapcsolatfelv\u00e9tel sor\u00e1n kifejezetten fel kell h\u00edvni annak figyelm\u00e9t, \u00e9s az erre vonatkoz\u00f3 t\u00e1j\u00e9koztat\u00e1st egy\u00e9rtelm\u0171en \u00e9s minden m\u00e1s inform\u00e1ci\u00f3t\u00f3l elk\u00fcl\u00f6n\u00edtve kell megjelen\u00edteni.<\/span><\/p>\r\n<p align=\"JUSTIFY\"><span style=\"font-family: 'Calibri Light', serif;\">5. Az inform\u00e1ci\u00f3s t\u00e1rsadalommal \u00f6sszef\u00fcgg\u0151 szolg\u00e1ltat\u00e1sok ig\u00e9nybev\u00e9tel\u00e9hez kapcsol\u00f3d\u00f3an \u00e9s a 2002\/58\/EK ir\u00e1nyelvt\u0151l elt\u00e9rve az \u00e9rintett a tiltakoz\u00e1shoz val\u00f3 jogot m\u0171szaki el\u0151\u00edr\u00e1sokon alapul\u00f3 automatiz\u00e1lt eszk\u00f6z\u00f6kkel is gyakorolhatja.<\/span><\/p>\r\n<p align=\"JUSTIFY\"><span style=\"font-family: 'Calibri Light', serif;\">6. Ha a szem\u00e9lyes adatok kezel\u00e9s\u00e9re a Rendelet 89. cikk (1) bekezd\u00e9s\u00e9nek megfelel\u0151en tudom\u00e1nyos \u00e9s t\u00f6rt\u00e9nelmi kutat\u00e1si c\u00e9lb\u00f3l vagy statisztikai c\u00e9lb\u00f3l ker\u00fcl sor, az \u00e9rintett jogosult arra, hogy a saj\u00e1t helyzet\u00e9vel kapcsolatos okokb\u00f3l tiltakozhasson a r\u00e1 vonatkoz\u00f3 szem\u00e9lyes adatok kezel\u00e9se ellen, kiv\u00e9ve, ha az adatkezel\u00e9sre k\u00f6z\u00e9rdek\u0171 okb\u00f3l v\u00e9gzett feladat v\u00e9grehajt\u00e1sa \u00e9rdek\u00e9ben van sz\u00fcks\u00e9g.<\/span><\/p>\r\n<p align=\"JUSTIFY\"><span style=\"font-family: 'Calibri Light', serif;\">(<\/span><span style=\"font-family: 'Calibri Light', serif;\"><b>Rendelet 21. cikk)<\/b><\/span><\/p>\r\n<p align=\"JUSTIFY\"><span style=\"font-family: 'Calibri Light', serif;\"><b>Automatiz\u00e1lt d\u00f6nt\u00e9shozatal egyedi \u00fcgyekben, bele\u00e9rtve a profilalkot\u00e1st<\/b><\/span><\/p>\r\n<p align=\"JUSTIFY\"><span style=\"font-family: 'Calibri Light', serif;\">1. Az \u00e9rintett jogosult arra, hogy ne terjedjen ki r\u00e1 az olyan, kiz\u00e1r\u00f3lag automatiz\u00e1lt adatkezel\u00e9sen \u2013 ide\u00e9rtve a profilalkot\u00e1st is \u2013 alapul\u00f3 d\u00f6nt\u00e9s hat\u00e1lya, amely r\u00e1 n\u00e9zve joghat\u00e1ssal j\u00e1rna vagy \u0151t hasonl\u00f3k\u00e9ppen jelent\u0151s m\u00e9rt\u00e9kben \u00e9rinten\u00e9.<\/span><\/p>\r\n<p align=\"JUSTIFY\"><span style=\"font-family: 'Calibri Light', serif;\">2. Az 1. pont nem alkalmazand\u00f3 abban az esetben, ha a d\u00f6nt\u00e9s:<\/span><\/p>\r\n\r\n<ul>\r\n \t<li style=\"list-style-type: none;\">\r\n<ul>\r\n \t<li>\r\n<p align=\"JUSTIFY\"><span style=\"font-family: 'Calibri Light', serif;\">az \u00e9rintett \u00e9s az Adatkezel\u0151 k\u00f6z\u00f6tti szerz\u0151d\u00e9s megk\u00f6t\u00e9se vagy teljes\u00edt\u00e9se \u00e9rdek\u00e9ben sz\u00fcks\u00e9ges;<\/span><\/p>\r\n<\/li>\r\n \t<li>\r\n<p align=\"JUSTIFY\"><span style=\"font-family: 'Calibri Light', serif;\">meghozatal\u00e1t az Adatkezel\u0151re alkalmazand\u00f3 olyan uni\u00f3s vagy tag\u00e1llami jog teszi lehet\u0151v\u00e9, amely az \u00e9rintett jogainak \u00e9s szabads\u00e1gainak, valamint jogos \u00e9rdekeinek v\u00e9delm\u00e9t szolg\u00e1l\u00f3 megfelel\u0151 int\u00e9zked\u00e9seket is meg\u00e1llap\u00edt; vagy<\/span><\/p>\r\n<\/li>\r\n \t<li>\r\n<p align=\"JUSTIFY\"><span style=\"font-family: 'Calibri Light', serif;\">az \u00e9rintett kifejezett hozz\u00e1j\u00e1rul\u00e1s\u00e1n alapul.<\/span><\/p>\r\n<\/li>\r\n<\/ul>\r\n<\/li>\r\n<\/ul>\r\n<p align=\"JUSTIFY\"><span style=\"font-family: 'Calibri Light', serif;\">3. A 2. pont a) \u00e9s c) pontj\u00e1ban eml\u00edtett esetekben az Adatkezel\u0151 k\u00f6teles megfelel\u0151 int\u00e9zked\u00e9seket tenni az \u00e9rintett jogainak, szabads\u00e1gainak \u00e9s jogos \u00e9rdekeinek v\u00e9delme \u00e9rdek\u00e9ben, ide\u00e9rtve az \u00e9rintettnek legal\u00e1bb azt a jog\u00e1t, hogy az Adatkezel\u0151 r\u00e9sz\u00e9r\u0151l emberi beavatkoz\u00e1st k\u00e9rjen, \u00e1ll\u00e1spontj\u00e1t kifejezze, \u00e9s a d\u00f6nt\u00e9ssel szemben kifog\u00e1st ny\u00fajtson be.<\/span><\/p>\r\n<p align=\"JUSTIFY\"><span style=\"font-family: 'Calibri Light', serif;\">4. A 2. pontban eml\u00edtett d\u00f6nt\u00e9sek nem alapulhatnak a szem\u00e9lyes adatoknak a Rendelet 9. cikk (1) bekezd\u00e9s\u00e9ben eml\u00edtett k\u00fcl\u00f6nleges kateg\u00f3ri\u00e1in, kiv\u00e9ve, ha a 9. cikk (2) bekezd\u00e9s\u00e9nek a) vagy g) pontja alkalmazand\u00f3, \u00e9s az \u00e9rintett jogainak, szabads\u00e1gainak \u00e9s jogos \u00e9rdekeinek v\u00e9delme \u00e9rdek\u00e9ben megfelel\u0151 int\u00e9zked\u00e9sek megt\u00e9tel\u00e9re ker\u00fclt sor.<\/span><\/p>\r\n<p align=\"JUSTIFY\"><span style=\"font-family: 'Calibri Light', serif;\">(<\/span><span style=\"font-family: 'Calibri Light', serif;\"><b>Rendelet 22. cikk)<\/b><\/span><\/p>\r\n<p align=\"JUSTIFY\"><span style=\"font-family: 'Calibri Light', serif;\"><b>Korl\u00e1toz\u00e1sok<\/b><\/span><\/p>\r\n<p align=\"JUSTIFY\"><span style=\"font-family: 'Calibri Light', serif;\">1. Az Adatkezel\u0151re vagy adatfeldolgoz\u00f3ra alkalmazand\u00f3 uni\u00f3s vagy tag\u00e1llami jog jogalkot\u00e1si int\u00e9zked\u00e9sekkel korl\u00e1tozhatja a Rendelet 12\u201322. cikkben \u00e9s a 34. cikkben foglalt, valamint a 12\u201322. cikkben meghat\u00e1rozott jogokkal \u00e9s k\u00f6telezetts\u00e9gekkel \u00f6sszhangban l\u00e9v\u0151 rendelkez\u00e9sei tekintet\u00e9ben az 5. cikkben foglalt jogok \u00e9s k\u00f6telezetts\u00e9gek hat\u00e1ly\u00e1t, ha a korl\u00e1toz\u00e1s tiszteletben tartja az alapvet\u0151 jogok \u00e9s szabads\u00e1gok l\u00e9nyeges tartalm\u00e1t, valamint az al\u00e1bbiak v\u00e9delm\u00e9hez sz\u00fcks\u00e9ges \u00e9s ar\u00e1nyos int\u00e9zked\u00e9s egy demokratikus t\u00e1rsadalomban:<\/span><\/p>\r\n\r\n<ul>\r\n \t<li style=\"list-style-type: none;\">\r\n<ul>\r\n \t<li>\r\n<p align=\"JUSTIFY\"><span style=\"font-family: 'Calibri Light', serif;\">nemzetbiztons\u00e1g;<\/span><\/p>\r\n<\/li>\r\n \t<li>\r\n<p align=\"JUSTIFY\"><span style=\"font-family: 'Calibri Light', serif;\">honv\u00e9delem;<\/span><\/p>\r\n<\/li>\r\n \t<li>\r\n<p align=\"JUSTIFY\"><span style=\"font-family: 'Calibri Light', serif;\">k\u00f6zbiztons\u00e1g;<\/span><\/p>\r\n<\/li>\r\n \t<li>\r\n<p align=\"JUSTIFY\"><span style=\"font-family: 'Calibri Light', serif;\">b\u0171ncselekm\u00e9nyek megel\u0151z\u00e9se, nyomoz\u00e1sa, felder\u00edt\u00e9se vagy a v\u00e1delj\u00e1r\u00e1s lefolytat\u00e1sa, illetve b\u00fcntet\u0151jogi szankci\u00f3k v\u00e9grehajt\u00e1sa, bele\u00e9rtve a k\u00f6zbiztons\u00e1got fenyeget\u0151 vesz\u00e9lyekkel szembeni v\u00e9delmet \u00e9s e vesz\u00e9lyek megel\u0151z\u00e9s\u00e9t;<\/span><\/p>\r\n<\/li>\r\n \t<li>\r\n<p align=\"JUSTIFY\"><span style=\"font-family: 'Calibri Light', serif;\">az Uni\u00f3 vagy valamely tag\u00e1llam egy\u00e9b fontos, \u00e1ltal\u00e1nos k\u00f6z\u00e9rdek\u0171 c\u00e9lkit\u0171z\u00e9sei, k\u00fcl\u00f6n\u00f6sen az Uni\u00f3 vagy valamely tag\u00e1llam fontos gazdas\u00e1gi vagy p\u00e9nz\u00fcgyi \u00e9rdeke, bele\u00e9rtve a monet\u00e1ris, a k\u00f6lts\u00e9gvet\u00e9si \u00e9s az ad\u00f3z\u00e1si k\u00e9rd\u00e9seket, a n\u00e9peg\u00e9szs\u00e9g\u00fcgyet \u00e9s a szoci\u00e1lis biztons\u00e1got;<\/span><\/p>\r\n<\/li>\r\n \t<li>\r\n<p align=\"JUSTIFY\"><span style=\"font-family: 'Calibri Light', serif;\">a b\u00edr\u00f3i f\u00fcggetlens\u00e9g \u00e9s a b\u00edr\u00f3s\u00e1gi elj\u00e1r\u00e1sok v\u00e9delme;<\/span><\/p>\r\n<\/li>\r\n \t<li>\r\n<p align=\"JUSTIFY\"><span style=\"font-family: 'Calibri Light', serif;\">a szab\u00e1lyozott foglalkoz\u00e1sok eset\u00e9ben az etikai v\u00e9ts\u00e9gek megel\u0151z\u00e9se, kivizsg\u00e1l\u00e1sa, felder\u00edt\u00e9se \u00e9s az ezekkel kapcsolatos elj\u00e1r\u00e1sok lefolytat\u00e1sa;<\/span><\/p>\r\n<\/li>\r\n \t<li>\r\n<p align=\"JUSTIFY\"><span style=\"font-family: 'Calibri Light', serif;\">h) az a) \u2013 e) \u00e9s a g) pontban eml\u00edtett esetekben \u2013 ak\u00e1r alkalmank\u00e9nt \u2013 a k\u00f6zhatalmi feladatok ell\u00e1t\u00e1s\u00e1hoz kapcsol\u00f3d\u00f3 ellen\u0151rz\u00e9si, vizsg\u00e1lati vagy szab\u00e1lyoz\u00e1si tev\u00e9kenys\u00e9g;<\/span><\/p>\r\n<\/li>\r\n \t<li>\r\n<p align=\"JUSTIFY\"><span style=\"font-family: 'Calibri Light', serif;\">az \u00e9rintett v\u00e9delme vagy m\u00e1sok jogainak \u00e9s szabads\u00e1gainak v\u00e9delme;<\/span><\/p>\r\n<\/li>\r\n \t<li>\r\n<p align=\"JUSTIFY\"><span style=\"font-family: 'Calibri Light', serif;\">polg\u00e1ri jogi k\u00f6vetel\u00e9sek \u00e9rv\u00e9nyes\u00edt\u00e9se.<\/span><\/p>\r\n<\/li>\r\n<\/ul>\r\n<\/li>\r\n<\/ul>\r\n<p align=\"JUSTIFY\"><span style=\"font-family: 'Calibri Light', serif;\">2. Az 1. pontban eml\u00edtett jogalkot\u00e1si int\u00e9zked\u00e9sek adott esetben r\u00e9szletes rendelkez\u00e9seket tartalmaznak legal\u00e1bb:<\/span><\/p>\r\n\r\n<ul>\r\n \t<li style=\"list-style-type: none;\">\r\n<ul>\r\n \t<li>\r\n<p align=\"JUSTIFY\"><span style=\"font-family: 'Calibri Light', serif;\">az adatkezel\u00e9s c\u00e9ljaira vagy az adatkezel\u00e9s kateg\u00f3ri\u00e1ira,<\/span><\/p>\r\n<\/li>\r\n \t<li>\r\n<p align=\"JUSTIFY\"><span style=\"font-family: 'Calibri Light', serif;\">a szem\u00e9lyes adatok kateg\u00f3ri\u00e1ira,<\/span><\/p>\r\n<\/li>\r\n \t<li>\r\n<p align=\"JUSTIFY\"><span style=\"font-family: 'Calibri Light', serif;\">a bevezetett korl\u00e1toz\u00e1sok hat\u00e1ly\u00e1ra,<\/span><\/p>\r\n<\/li>\r\n \t<li>\r\n<p align=\"JUSTIFY\"><span style=\"font-family: 'Calibri Light', serif;\">a vissza\u00e9l\u00e9sre, illetve a jogosulatlan hozz\u00e1f\u00e9r\u00e9sre vagy tov\u00e1bb\u00edt\u00e1s megakad\u00e1lyoz\u00e1s\u00e1t c\u00e9lz\u00f3 garanci\u00e1kra,<\/span><\/p>\r\n<\/li>\r\n \t<li>\r\n<p align=\"JUSTIFY\"><span style=\"font-family: 'Calibri Light', serif;\">az Adatkezel\u0151 meghat\u00e1roz\u00e1s\u00e1ra vagy az Adatkezel\u0151k kateg\u00f3ri\u00e1inak meghat\u00e1roz\u00e1s\u00e1ra,<\/span><\/p>\r\n<\/li>\r\n \t<li>\r\n<p align=\"JUSTIFY\"><span style=\"font-family: 'Calibri Light', serif;\">az adatt\u00e1rol\u00e1s id\u0151tartam\u00e1ra, valamint az alkalmazand\u00f3 garanci\u00e1kra, figyelembe v\u00e9ve az adatkezel\u00e9s vagy az adatkezel\u00e9si kateg\u00f3ri\u00e1k jelleg\u00e9t, hat\u00e1ly\u00e1t \u00e9s c\u00e9ljait,<\/span><\/p>\r\n<\/li>\r\n \t<li>\r\n<p align=\"JUSTIFY\"><span style=\"font-family: 'Calibri Light', serif;\">az \u00e9rintettek jogait \u00e9s szabads\u00e1gait \u00e9rint\u0151 kock\u00e1zatokra, \u00e9s<\/span><\/p>\r\n<\/li>\r\n \t<li>\r\n<p align=\"JUSTIFY\"><span style=\"font-family: 'Calibri Light', serif;\">az \u00e9rintettek arra vonatkoz\u00f3 jog\u00e1ra, hogy t\u00e1j\u00e9koztat\u00e1st kapjanak a korl\u00e1toz\u00e1sr\u00f3l, kiv\u00e9ve, ha ez h\u00e1tr\u00e1nyosan befoly\u00e1solhatja a korl\u00e1toz\u00e1s c\u00e9lj\u00e1t.<\/span><\/p>\r\n<\/li>\r\n<\/ul>\r\n<\/li>\r\n<\/ul>\r\n<p align=\"JUSTIFY\"><span style=\"font-family: 'Calibri Light', serif;\">(<\/span><span style=\"font-family: 'Calibri Light', serif;\"><b>Rendelet 23. cikk)<\/b><\/span><\/p>\r\n<p align=\"JUSTIFY\"><span style=\"font-family: 'Calibri Light', serif;\"><b>Az \u00e9rintett t\u00e1j\u00e9koztat\u00e1sa az adatv\u00e9delmi incidensr\u0151l<\/b><\/span><\/p>\r\n<p align=\"JUSTIFY\"><span style=\"font-family: 'Calibri Light', serif;\">1. Ha az adatv\u00e9delmi incidens val\u00f3sz\u00edn\u0171s\u00edthet\u0151en magas kock\u00e1zattal j\u00e1r a term\u00e9szetes szem\u00e9lyek jogaira \u00e9s szabads\u00e1gaira n\u00e9zve, az Adatkezel\u0151 indokolatlan k\u00e9sedelem n\u00e9lk\u00fcl t\u00e1j\u00e9koztatja az \u00e9rintettet az adatv\u00e9delmi incidensr\u0151l.<\/span><\/p>\r\n<p align=\"JUSTIFY\"><span style=\"font-family: 'Calibri Light', serif;\">2. Az 1. pontban eml\u00edtett, az \u00e9rintett r\u00e9sz\u00e9re adott t\u00e1j\u00e9koztat\u00e1sban vil\u00e1gosan \u00e9s k\u00f6z\u00e9rthet\u0151en ismertetni kell az adatv\u00e9delmi incidens jelleg\u00e9t, \u00e9s k\u00f6z\u00f6lni kell legal\u00e1bb a Rendelet 33. cikk (3) bekezd\u00e9s\u00e9nek b), c) \u00e9s d) pontj\u00e1ban eml\u00edtett inform\u00e1ci\u00f3kat \u00e9s int\u00e9zked\u00e9seket.<\/span><\/p>\r\n<p align=\"JUSTIFY\"><span style=\"font-family: 'Calibri Light', serif;\">3. Az \u00e9rintettet nem kell az 1. pontban eml\u00edtettek szerint t\u00e1j\u00e9koztatni, ha k\u00f6vetkez\u0151 felt\u00e9telek b\u00e1rmelyike teljes\u00fcl:<\/span><\/p>\r\n\r\n<ul>\r\n \t<li style=\"list-style-type: none;\">\r\n<ul>\r\n \t<li>\r\n<p align=\"JUSTIFY\"><span style=\"font-family: 'Calibri Light', serif;\">az Adatkezel\u0151 megfelel\u0151 technikai \u00e9s szervez\u00e9si v\u00e9delmi int\u00e9zked\u00e9seket hajtott v\u00e9gre, \u00e9s ezeket az int\u00e9zked\u00e9seket az adatv\u00e9delmi incidens \u00e1ltal \u00e9rintett adatok tekintet\u00e9ben alkalmazt\u00e1k, k\u00fcl\u00f6n\u00f6sen azokat az int\u00e9zked\u00e9seket \u2013 mint p\u00e9ld\u00e1ul a titkos\u00edt\u00e1s alkalmaz\u00e1sa \u2013, amelyek a szem\u00e9lyes adatokhoz val\u00f3 hozz\u00e1f\u00e9r\u00e9sre fel nem jogos\u00edtott szem\u00e9lyek sz\u00e1m\u00e1ra \u00e9rtelmezhetetlenn\u00e9 teszik az adatokat;<\/span><\/p>\r\n<\/li>\r\n \t<li>\r\n<p align=\"JUSTIFY\"><span style=\"font-family: 'Calibri Light', serif;\">az Adatkezel\u0151 az adatv\u00e9delmi incidenst k\u00f6vet\u0151en olyan tov\u00e1bbi int\u00e9zked\u00e9seket tett, amelyek biztos\u00edtj\u00e1k, hogy az \u00e9rintett jogaira \u00e9s szabads\u00e1gaira jelentett, az 1. pontban eml\u00edtett magas kock\u00e1zat a tov\u00e1bbiakban val\u00f3sz\u00edn\u0171s\u00edthet\u0151en nem val\u00f3sul meg;<\/span><\/p>\r\n<\/li>\r\n \t<li>\r\n<p align=\"JUSTIFY\"><span style=\"font-family: 'Calibri Light', serif;\">a t\u00e1j\u00e9koztat\u00e1s ar\u00e1nytalan er\u0151fesz\u00edt\u00e9st tenne sz\u00fcks\u00e9gess\u00e9. Ilyen esetekben az \u00e9rintetteket nyilv\u00e1nosan k\u00f6zz\u00e9tett inform\u00e1ci\u00f3k \u00fatj\u00e1n kell t\u00e1j\u00e9koztatni, vagy olyan hasonl\u00f3 int\u00e9zked\u00e9st kell hozni, amely biztos\u00edtja az \u00e9rintettek hasonl\u00f3an hat\u00e9kony t\u00e1j\u00e9koztat\u00e1s\u00e1t.<\/span><\/p>\r\n<\/li>\r\n<\/ul>\r\n<\/li>\r\n<\/ul>\r\n<p align=\"JUSTIFY\"><span style=\"font-family: 'Calibri Light', serif;\">4. Ha az Adatkezel\u0151 m\u00e9g nem \u00e9rtes\u00edtette az \u00e9rintettet az adatv\u00e9delmi incidensr\u0151l, a fel\u00fcgyeleti hat\u00f3s\u00e1g, miut\u00e1n m\u00e9rlegelte, hogy az adatv\u00e9delmi incidens val\u00f3sz\u00edn\u0171s\u00edthet\u0151en magas kock\u00e1zattal j\u00e1r-e, elrendelheti az \u00e9rintett t\u00e1j\u00e9koztat\u00e1s\u00e1t, vagy meg\u00e1llap\u00edthatja a 3. pontban eml\u00edtett felt\u00e9telek valamelyik\u00e9nek teljes\u00fcl\u00e9s\u00e9t.<\/span><\/p>\r\n<p align=\"JUSTIFY\"><span style=\"font-family: 'Calibri Light', serif;\">(<\/span><span style=\"font-family: 'Calibri Light', serif;\"><b>Rendelet 34. cikk)<\/b><\/span><\/p>\r\n<span style=\"font-family: 'Calibri Light', serif;\"><b>A fel\u00fcgyeleti hat\u00f3s\u00e1gn\u00e1l t\u00f6rt\u00e9n\u0151 panaszt\u00e9telhez val\u00f3 jog<\/b><\/span>\r\n\r\n<span style=\"font-family: 'Calibri Light', serif;\">1. Az egy\u00e9b k\u00f6zigazgat\u00e1si vagy b\u00edr\u00f3s\u00e1gi jogorvoslatok s\u00e9relme n\u00e9lk\u00fcl, minden \u00e9rintett jogosult arra, hogy panaszt tegyen egy fel\u00fcgyeleti hat\u00f3s\u00e1gn\u00e1l \u2013 k\u00fcl\u00f6n\u00f6sen a szok\u00e1sos tart\u00f3zkod\u00e1si helye, a munkahelye vagy a felt\u00e9telezett jogs\u00e9rt\u00e9s helye szerinti tag\u00e1llamban \u2013, ha az \u00e9rintett meg\u00edt\u00e9l\u00e9se szerint a r\u00e1 vonatkoz\u00f3 szem\u00e9lyes adatok kezel\u00e9se megs\u00e9rti e rendeletet.<\/span>\r\n\r\n<span style=\"font-family: 'Calibri Light', serif;\">2. Az a fel\u00fcgyeleti hat\u00f3s\u00e1g, amelyhez a panaszt beny\u00fajtott\u00e1k, k\u00f6teles t\u00e1j\u00e9koztatni az \u00fcgyfelet a panasszal kapcsolatos elj\u00e1r\u00e1si fejlem\u00e9nyekr\u0151l \u00e9s annak eredm\u00e9ny\u00e9r\u0151l, ide\u00e9rtve azt is, hogy a Rendelet 78. cikk alapj\u00e1n az partner jogosult b\u00edr\u00f3s\u00e1gi jogorvoslattal \u00e9lni.\u00a0<\/span><span style=\"font-family: 'Calibri Light', serif;\"><b>(Rendelet 77. cikk)<\/b><\/span>\r\n\r\n<span style=\"font-family: 'Calibri Light', serif;\"><b>A fel\u00fcgyeleti hat\u00f3s\u00e1ggal szembeni hat\u00e9kony b\u00edr\u00f3s\u00e1gi jogorvoslathoz val\u00f3 jog<\/b><\/span>\r\n\r\n<span style=\"font-family: 'Calibri Light', serif;\">1. Az egy\u00e9b k\u00f6zigazgat\u00e1si vagy nem b\u00edr\u00f3s\u00e1gi \u00fatra tartoz\u00f3 jogorvoslatok s\u00e9relme n\u00e9lk\u00fcl, minden term\u00e9szetes \u00e9s jogi szem\u00e9ly jogosult a hat\u00e9kony b\u00edr\u00f3s\u00e1gi jogorvoslatra a fel\u00fcgyeleti hat\u00f3s\u00e1g r\u00e1 vonatkoz\u00f3, jogilag k\u00f6telez\u0151 erej\u0171 d\u00f6nt\u00e9s\u00e9vel szemben.<\/span>\r\n\r\n<span style=\"font-family: 'Calibri Light', serif;\">2. Az egy\u00e9b k\u00f6zigazgat\u00e1si vagy nem b\u00edr\u00f3s\u00e1gi \u00fatra tartoz\u00f3 jogorvoslatok s\u00e9relme n\u00e9lk\u00fcl, minden \u00e9rintett jogosult a hat\u00e9kony b\u00edr\u00f3s\u00e1gi jogorvoslatra, ha a Rendelet 55. vagy 56. cikk alapj\u00e1n illet\u00e9kes fel\u00fcgyeleti hat\u00f3s\u00e1g nem foglalkozik a panasszal, vagy h\u00e1rom h\u00f3napon bel\u00fcl nem t\u00e1j\u00e9koztatja az \u00e9rintettet a 77. cikk alapj\u00e1n beny\u00fajtott panasszal kapcsolatos elj\u00e1r\u00e1si fejlem\u00e9nyekr\u0151l vagy annak eredm\u00e9ny\u00e9r\u0151l.<\/span>\r\n\r\n<span style=\"font-family: 'Calibri Light', serif;\">3. A fel\u00fcgyeleti hat\u00f3s\u00e1ggal szembeni elj\u00e1r\u00e1st a fel\u00fcgyeleti hat\u00f3s\u00e1g sz\u00e9khelye szerinti tag\u00e1llam b\u00edr\u00f3s\u00e1ga el\u0151tt kell megind\u00edtani.<\/span>\r\n\r\n<span style=\"font-family: 'Calibri Light', serif;\">4. Ha a fel\u00fcgyeleti hat\u00f3s\u00e1g olyan d\u00f6nt\u00e9se ellen ind\u00edtanak elj\u00e1r\u00e1st, amellyel kapcsolatban az egys\u00e9gess\u00e9gi mechanizmus keret\u00e9ben a Test\u00fclet el\u0151z\u0151leg v\u00e9lem\u00e9nyt bocs\u00e1tott ki vagy d\u00f6nt\u00e9st hozott, a fel\u00fcgyeleti hat\u00f3s\u00e1g k\u00f6teles ezt a v\u00e9lem\u00e9nyt vagy d\u00f6nt\u00e9st a b\u00edr\u00f3s\u00e1gnak megk\u00fcldeni.<\/span>\r\n\r\n<span style=\"font-family: 'Calibri Light', serif;\">(<\/span><span style=\"font-family: 'Calibri Light', serif;\"><b>Rendelet 78. cikk)<\/b><\/span>\r\n\r\n<span style=\"font-family: 'Calibri Light', serif;\"><b>Az adatkezel\u0151vel vagy az adatfeldolgoz\u00f3val szembeni hat\u00e9kony b\u00edr\u00f3s\u00e1gi jogorvoslathoz val\u00f3 jog<\/b><\/span>\r\n\r\n<span style=\"font-family: 'Calibri Light', serif;\">1. A rendelkez\u00e9sre \u00e1ll\u00f3 k\u00f6zigazgat\u00e1si vagy nem b\u00edr\u00f3s\u00e1gi \u00fatra tartoz\u00f3 jogorvoslatok \u2013 k\u00f6zt\u00fck a fel\u00fcgyeleti hat\u00f3s\u00e1gn\u00e1l t\u00f6rt\u00e9n\u0151 panaszt\u00e9telhez val\u00f3, Rendelet 77. cikk szerinti jog \u2013 s\u00e9relme n\u00e9lk\u00fcl, minden \u00e9rintett hat\u00e9kony b\u00edr\u00f3s\u00e1gi jogorvoslatra jogosult, ha meg\u00edt\u00e9l\u00e9se szerint a szem\u00e9lyes adatainak e rendeletnek nem megfelel\u0151 kezel\u00e9se k\u00f6vetkezt\u00e9ben megs\u00e9rtett\u00e9k az e rendelet szerinti jogait.<\/span>\r\n\r\n<span style=\"font-family: 'Calibri Light', serif;\">2. Az adatkezel\u0151vel vagy az adatfeldolgoz\u00f3val szembeni elj\u00e1r\u00e1st az adatkezel\u0151 vagy az adatfeldolgoz\u00f3 tev\u00e9kenys\u00e9gi helye szerinti tag\u00e1llam b\u00edr\u00f3s\u00e1ga el\u0151tt kell megind\u00edtani. Az ilyen elj\u00e1r\u00e1s megind\u00edthat\u00f3 az \u00e9rintett szok\u00e1sos tart\u00f3zkod\u00e1si helye szerinti tag\u00e1llam b\u00edr\u00f3s\u00e1ga el\u0151tt is, kiv\u00e9ve, ha az adatkezel\u0151 vagy az adatfeldolgoz\u00f3 valamely tag\u00e1llamnak a k\u00f6zhatalmi jogk\u00f6r\u00e9ben elj\u00e1r\u00f3 k\u00f6zhatalmi szerve.<\/span>\r\n\r\n<span style=\"font-family: 'Calibri Light', serif;\"><b>(Rendelet 79. cikk)<\/b><\/span>\r\n\r\n&nbsp;\r\n\r\n&nbsp;\r\n\r\n&nbsp;\r\n<p align=\"CENTER\"><span style=\"font-family: 'Calibri Light', serif;\"><span style=\"font-size: large;\"><b>VIII. fejezet<\/b><\/span><\/span><\/p>\r\n<p align=\"CENTER\"><span style=\"color: #000000;\"><span style=\"font-family: 'Calibri Light', serif;\"><span style=\"font-size: large;\"><b>Az \u00e9rintett k\u00e9relm\u00e9nek el\u0151terjeszt\u00e9se,<\/b><\/span><\/span><\/span><\/p>\r\n<p align=\"CENTER\"><span style=\"color: #000000;\"><span style=\"font-family: 'Calibri Light', serif;\"><span style=\"font-size: large;\"><b>az adatkezel\u0151 int\u00e9zked\u00e9sei<\/b><\/span><\/span><\/span><\/p>\r\n<p align=\"JUSTIFY\"><span style=\"font-family: 'Calibri Light', serif;\">1. Az Adatkezel\u0151 indokolatlan k\u00e9sedelem n\u00e9lk\u00fcl, de mindenf\u00e9lek\u00e9ppen a k\u00e9relem be\u00e9rkez\u00e9s\u00e9t\u0151l sz\u00e1m\u00edtott egy h\u00f3napon bel\u00fcl t\u00e1j\u00e9koztatja az \u00e9rintettet a jogai gyakorl\u00e1s\u00e1ra ir\u00e1nyul\u00f3 k\u00e9relme nyom\u00e1n hozott int\u00e9zked\u00e9sekr\u0151l.<\/span><\/p>\r\n<p align=\"JUSTIFY\"><span style=\"font-family: 'Calibri Light', serif;\">2. Sz\u00fcks\u00e9g eset\u00e9n, figyelembe v\u00e9ve a k\u00e9relem \u00f6sszetetts\u00e9g\u00e9t \u00e9s a k\u00e9relmek sz\u00e1m\u00e1t, ez a hat\u00e1rid\u0151 tov\u00e1bbi k\u00e9t h\u00f3nappal meghosszabb\u00edthat\u00f3. A hat\u00e1rid\u0151 meghosszabb\u00edt\u00e1s\u00e1r\u00f3l az Adatkezel\u0151 a k\u00e9sedelem okainak megjel\u00f6l\u00e9s\u00e9vel a k\u00e9relem k\u00e9zhezv\u00e9tel\u00e9t\u0151l sz\u00e1m\u00edtott egy h\u00f3napon bel\u00fcl t\u00e1j\u00e9koztatja az \u00e9rintettet.<\/span><\/p>\r\n<p align=\"JUSTIFY\"><span style=\"font-family: 'Calibri Light', serif;\">3. Ha az \u00e9rintett elektronikus \u00faton ny\u00fajtotta be a k\u00e9relmet, a t\u00e1j\u00e9koztat\u00e1st lehet\u0151s\u00e9g szerint elektronikus \u00faton kell megadni, kiv\u00e9ve, ha az \u00e9rintett azt m\u00e1sk\u00e9nt k\u00e9ri.<\/span><\/p>\r\n<p align=\"JUSTIFY\"><span style=\"font-family: 'Calibri Light', serif;\">4. Ha az Adatkezel\u0151 nem tesz int\u00e9zked\u00e9seket az \u00e9rintett k\u00e9relme nyom\u00e1n, k\u00e9sedelem n\u00e9lk\u00fcl, de legk\u00e9s\u0151bb a k\u00e9relem be\u00e9rkez\u00e9s\u00e9t\u0151l sz\u00e1m\u00edtott egy h\u00f3napon bel\u00fcl t\u00e1j\u00e9koztatja az \u00e9rintettet az int\u00e9zked\u00e9s elmarad\u00e1s\u00e1nak okair\u00f3l, valamint arr\u00f3l, hogy az \u00e9rintett panaszt ny\u00fajthat be valamely fel\u00fcgyeleti hat\u00f3s\u00e1gn\u00e1l, \u00e9s \u00e9lhet b\u00edr\u00f3s\u00e1gi jogorvoslati jog\u00e1val.<\/span><\/p>\r\n<p align=\"JUSTIFY\"><span style=\"font-family: 'Calibri Light', serif;\">5. Az Adatkezel\u0151 a Rendelet 13. \u00e9s 14. cikk szerinti inform\u00e1ci\u00f3kat \u00e9s az \u00e9rintett jogair\u00f3l sz\u00f3l\u00f3 t\u00e1j\u00e9koztat\u00e1st (Rendelt 15-22. \u00e9s 34. cikk) \u00e9s int\u00e9zked\u00e9st d\u00edjmentesen biztos\u00edtja. Ha az \u00e9rintett k\u00e9relme egy\u00e9rtelm\u0171en megalapozatlan vagy \u2013 k\u00fcl\u00f6n\u00f6sen ism\u00e9tl\u0151d\u0151 jellege miatt \u2013 t\u00falz\u00f3, az Adatkezel\u0151, figyelemmel a k\u00e9rt inform\u00e1ci\u00f3, vagy t\u00e1j\u00e9koztat\u00e1s ny\u00fajt\u00e1s\u00e1val, vagy a k\u00e9rt int\u00e9zked\u00e9s meghozatal\u00e1val j\u00e1r\u00f3 adminisztrat\u00edv k\u00f6lts\u00e9gekre:<\/span><\/p>\r\n\r\n<ul>\r\n \t<li>\r\n<p align=\"JUSTIFY\"><span style=\"font-family: 'Calibri Light', serif;\">100.000, -Ft \u00f6sszeg\u0171 d\u00edjat sz\u00e1m\u00edthat fel, vagy<\/span><\/p>\r\n<\/li>\r\n \t<li>\r\n<p align=\"JUSTIFY\"><span style=\"font-family: 'Calibri Light', serif;\">megtagadhatja a k\u00e9relem alapj\u00e1n t\u00f6rt\u00e9n\u0151 int\u00e9zked\u00e9st.<\/span><\/p>\r\n<\/li>\r\n<\/ul>\r\n<p align=\"JUSTIFY\"><span style=\"font-family: 'Calibri Light', serif;\">A k\u00e9relem egy\u00e9rtelm\u0171en megalapozatlan, vagy t\u00falz\u00f3 jelleg\u00e9nek bizony\u00edt\u00e1sa az Adatkezel\u0151t terheli.<\/span><\/p>\r\n<p align=\"JUSTIFY\"><span style=\"font-family: 'Calibri Light', serif;\">6. Ha az Adatkezel\u0151nek megalapozott k\u00e9ts\u00e9gei vannak a k\u00e9relmet beny\u00fajt\u00f3 term\u00e9szetes szem\u00e9ly kil\u00e9t\u00e9vel kapcsolatban, tov\u00e1bbi, az \u00e9rintett szem\u00e9lyazonoss\u00e1g\u00e1nak meger\u0151s\u00edt\u00e9s\u00e9hez sz\u00fcks\u00e9ges inform\u00e1ci\u00f3k ny\u00fajt\u00e1s\u00e1t k\u00e9rheti.<\/span><\/p>\r\n<span style=\"color: #808080;\"><span style=\"font-family: 'Calibri Light', serif;\"><span style=\"font-size: small;\"><i>E kiadv\u00e1ny a Zirci Ap\u00e1ts\u00e1gi Manufakt\u00fara Kft. r\u00e9sz\u00e9re k\u00e9sz\u00fclt. Felhaszn\u00e1l\u00f3 csak a saj\u00e1t tev\u00e9kenys\u00e9ge keret\u00e9ben haszn\u00e1lhatja!<\/i><\/span><\/span><\/span>\r\n<div>\r\n<p align=\"CENTER\"><a name=\"_Hlk19266387\"><\/a><span style=\"font-family: 'Calibri Light', serif;\"><b>Zirci Ap\u00e1ts\u00e1g Manufakt\u00fara Kft \/ Adatkezel\u00e9si t\u00e1j\u00e9koztat\u00f3<\/b><\/span><\/p>\r\n<p align=\"RIGHT\"><span style=\"color: #ffffff;\">39<\/span><\/p>\r\n\r\n<\/div>\r\n[\/vc_column_text][\/vc_column][\/vc_row]","protected":false},"excerpt":{"rendered":"<p>[vc_row full_width=&#8221;stretch_row&#8221; el_id=&#8221;adatkezelesi&#8221;][vc_column][vc_empty_space height=&#8221;100px&#8221;][vc_column_text] Adatkezel\u00e9si t\u00e1j\u00e9koztat\u00f3 Az \u00e9rintett term\u00e9szetes szem\u00e9ly jogair\u00f3l szem\u00e9lyes adatai kezel\u00e9se vonatkoz\u00e1s\u00e1ban Tartalomjegyz\u00e9k Bevezet\u00e9s I. fejezet &#8211; Az adatkezel\u0151 megnevez\u00e9se II. fejezet &#8211; Adatfeldolgoz\u00f3k megnevez\u00e9se 1. Szervezet\u00fcnk IT szolg\u00e1ltat\u00f3ja 2. Szervezet\u00fcnk k\u00f6nyvviteli szolg\u00e1ltat\u00f3ja 3. Postai szolg\u00e1ltat\u00e1sok, k\u00e9zbes\u00edt\u00e9s, csomagk\u00fcld\u00e9s 4. Szervezet foglalkoztat\u00e1s eg\u00e9szs\u00e9g\u00fcgyi megb\u00edzottja 5. Szervezet\u00fcnk vagyonv\u00e9delmi felel\u0151se [&hellip;]<\/p>\n","protected":false},"author":4,"featured_media":0,"parent":0,"menu_order":0,"comment_status":"closed","ping_status":"closed","template":"","meta":{"footnotes":""},"_links":{"self":[{"href":"https:\/\/zircimanufaktura.hu\/index.php\/wp-json\/wp\/v2\/pages\/2892"}],"collection":[{"href":"https:\/\/zircimanufaktura.hu\/index.php\/wp-json\/wp\/v2\/pages"}],"about":[{"href":"https:\/\/zircimanufaktura.hu\/index.php\/wp-json\/wp\/v2\/types\/page"}],"author":[{"embeddable":true,"href":"https:\/\/zircimanufaktura.hu\/index.php\/wp-json\/wp\/v2\/users\/4"}],"replies":[{"embeddable":true,"href":"https:\/\/zircimanufaktura.hu\/index.php\/wp-json\/wp\/v2\/comments?post=2892"}],"version-history":[{"count":13,"href":"https:\/\/zircimanufaktura.hu\/index.php\/wp-json\/wp\/v2\/pages\/2892\/revisions"}],"predecessor-version":[{"id":3034,"href":"https:\/\/zircimanufaktura.hu\/index.php\/wp-json\/wp\/v2\/pages\/2892\/revisions\/3034"}],"wp:attachment":[{"href":"https:\/\/zircimanufaktura.hu\/index.php\/wp-json\/wp\/v2\/media?parent=2892"}],"curies":[{"name":"wp","href":"https:\/\/api.w.org\/{rel}","templated":true}]}}